{"id":12640,"date":"2026-07-12T20:35:52","date_gmt":"2026-07-12T18:35:52","guid":{"rendered":"https:\/\/radreise.dosiek.de\/?page_id=12640"},"modified":"2026-08-28T19:44:17","modified_gmt":"2026-08-28T17:44:17","slug":"2026-daenemark","status":"publish","type":"page","link":"https:\/\/radreise.dosiek.de\/?page_id=12640","title":{"rendered":"2026, D\u00e4nemark"},"content":{"rendered":"<p>\n<a href=\"#2026\/07\/28\">2026\/07\/28 Hiltrup &#8211; Lingen<\/a><br \/>\n<a href=\"#2026\/07\/30\">2026\/07\/30 Lingen &#8211; Leer<\/a><br \/>\n<a href=\"#2026\/08\/01\">2026\/08\/01 Leer &#8211; Ovelg\u00f6nne<\/a><br \/>\n<a href=\"#2026\/08\/03\">2026\/08\/03 Ovelg\u00f6nne &#8211; Hechthausen<\/a><br \/>\n<a href=\"#2026\/08\/05\">2026\/08\/05 Hechthausen &#8211; Hademarschen<\/a><br \/>\n<a href=\"#2026\/08\/07\">2026\/08\/07 Hademarschen &#8211; Ulsnis<\/a><br \/>\n<a href=\"#2026\/08\/09\">2026\/08\/09 Ulsnis &#8211; S\u00fcderl\u00fcgum<\/a><br \/>\n<a href=\"#2026\/08\/11\">2026\/08\/11 S\u00fcderl\u00fcgum &#8211; Store Darum<\/a><br \/>\n<a href=\"#2026\/08\/13\">2026\/08\/13 Store Darum &#8211; Ringk\u00f8bing<\/a><br \/>\n<a href=\"#2026\/08\/15\">2026\/08\/15 Ringk\u00f8bing &#8211; Lemvig<\/a><br \/>\n<a href=\"#2026\/08\/17\">2026\/08\/17 Lemvig &#8211; Thisted<\/a><br \/>\n<a href=\"#2026\/08\/20\">2026\/08\/20 Thisted &#8211; L\u00f8kken<\/a><br \/>\n<a href=\"#2026\/08\/22\">2026\/08\/22 L\u00f8kken &#8211; Skagen<\/a><br \/>\n<a href=\"#2026\/08\/25\">2026\/08\/25 Skagen &#8211; Asaa<\/a><br \/>\n<a href=\"#2026\/08\/26\">2026\/08\/26 Asaa &#8211; Randers<\/a><br \/>\n<a href=\"#2026\/08\/27\">2026\/08\/27 Randers &#8211; Horsens<\/a>\n<\/p>\n<h3 id=\"2026\/07\/28\">2026\/07\/28,&nbsp;Tag&nbsp;1 (1d),<br \/>Teilstrecke: 82,3&nbsp;km,<br \/>Gesamtstrecke: 82,3&nbsp;km<\/h3>\n<p>Wir hatten im Beitrag vom <a href=\"https:\/\/radreise.dosiek.de\/?p=12579\">2025\/08\/12<\/a>, Teil \u201eRadreise\u201c, bis zum Einzug in unsere neue Wohnung in M\u00fcnster Hiltrup und anschlie\u00dfend \u00fcber unseren <a href=\"https:\/\/radreise.dosiek.de\/?page_id=12601\">Aufenthalt in Goa<\/a> berichtet. Zwischenzeitlich haben wir die Wohnung weiter eingerichtet und nachdem keine dringlichen Arbeiten mehr anliegen, treibt es uns wieder aufs Rad. Diesmal haben wir uns vorgenommen, D\u00e4nemark zu umrunden. Die Vorbereitungen haben wir seit einiger Zeit abgeschlossen, doch das Wetter hatte uns bisher vom Start abgehalten. Entweder herrschte unbest\u00e4ndiges Wetter oder es war schlicht zu kalt. Wir wollen oder besser gesagt, m\u00fcssen wohl vorwiegend im Zelt schlafen. Vielleicht liegt es an der Urlaubszeit, dass die meisten festen Unterk\u00fcnfte auf der Strecke ausgebucht sind und die noch verf\u00fcgbaren Hotels Preise aufrufen, die wir nicht bereit sind zu zahlen. Vielleicht sind wir auch zu verw\u00f6hnt. Nicht nur, dass wir uns in S\u00fcd- und S\u00fcdost-Asien oft \u00fcber Monate darauf verlassen konnten, dass es trocken war. Dass Unterk\u00fcnfte ausgebucht waren, haben wir so selten erlebt, dass wir nur in Ausnahmef\u00e4llen vorab reservieren mussten. Zus\u00e4tzlich hatten wir meist die freie Auswahl, denn selbst gehobene Hotels vermieten zu Preisen, zu denen in Europa nicht einmal eine Monteursunterkunft angeboten wird. Es ist nicht ausgeschlossen, dass wir, wenn uns das Wetter, die Belegungssituation oder die Preise zu sehr \u00e4rgern, die Tour auf einem anderen Kontinent fortsetzen. Preislich d\u00fcrfte das trotz der Flugkosten ohnehin billiger sein.<\/p>\n<p>F\u00fcr einen Aufbruch am gestrigen Montag hatten wir alles vorbereitet. Der Blick in den Himmel lie\u00dfen uns den Plan jedoch \u00fcberdenken und wir waren froh, doch noch einen Tag gewartet zu haben. Mehrmals hatte es anschlie\u00dfend geregnet und auch die Temperatur hatte nicht wirklich zum Radfahren eingeladen. Erst heute wagten wir es, zu starten. Erstmalig fuhren wir mit dem Fahrrad durch M\u00fcnster. Wir hatten es in dem einen Jahr, das wir in Hiltrup verbrachten, nicht gewagt, unsere R\u00e4der irgendwo in der Stadt abzustellen. Die Gefahr, dass sie gestohlen oder demoliert w\u00fcrden, erschien uns zu hoch. Vielleicht ist diese Sorge jedoch auch unbegr\u00fcndet, m\u00f6glicherweise gibt es nur noch f\u00fcr <a target=\"_blank\" href=\"https:\/\/de.wikipedia.org\/wiki\/E-Bike\" class=\"myAMap01\"><span class=\"mySpanLinkInText\">E-Bikes<\/span><\/a>, wie die Pedelecs f\u00e4lschlicherweise in Deutschland meist genannt werden, einen Markt.<\/p>\n<p>Ob M\u00fcnster die <a target=\"_blank\" href=\"https:\/\/www.stadt-muenster.de\/aktuelles\/newsdetail\/copenhagenize-index-2025-muenster-auf-platz-sieben\" class=\"myAMap01\"><span class=\"mySpanLinkInText\">fahrradfreundlichste Stadt Deutschlands<\/span><\/a> ist, wagen wir zu bezweifeln. Nach unserem Geschmack sind hier zu viele Lastenfahrr\u00e4der unterwegs, deren Lenker davon \u00fcberzeugt sind, als \u00f6kologisch korrekte Verkehrsteilnehmer alleinig Anspruch auf den Radweg zu haben. Ein \u00dcberholen ist an vielen Stellen jedenfalls unm\u00f6glich. Mit den meisten uns begegnenden Lastenfahrr\u00e4der wird ohnehin bis auf die Fahrerin (es waren in den meisten F\u00e4llen keine Fahrer) nichts transportiert. Das Lastenfahrrad dient anscheinend weniger dem Transport von Lasten als dass es \u00e4hnlich dem Kopftuch mehr ein politisches Statement ist. Das linksgr\u00fcne Milieu wetterte wohl auch nur solange gegen schwere SUVs, bis es sich selbst solche leisten konnte. Wie vereinbaren es diese angeblich \u201e\u00f6kologisch Sensiblen\u201c mit dem Umweltschutz, st\u00e4ndig Energie f\u00fcr das Beschleunigen ungenutzter Masse zu verschwenden? Bei der Bequemlichkeit h\u00f6rt das Engagement f\u00fcr die Umwelt auf und man nutzt ungeniert einen Elektromotor statt Muskelkraft \u2013 was erkennbar vielen Pedelec Fahrern ohnehin besser t\u00e4te. Aber die EU hat ja, um Subventionen und Sanktionen zu rechtfertigen, selbst E-Autos als emissionsfrei Absolution erteilt. Da darf man ja nicht hinterfragen, woher der Strom kommt (die spezifischen Treibhausgas-Emissionen des deutschen Strommix liegen trotz der exorbitanten Solar- und Windstromf\u00f6rderung im europ\u00e4ischen Vergleich im gehobenen Mittelfeld, weit \u00fcber denen Frankreichs mit seinen von Deutschen verhassten Kernkraftwerken). Die Diskussion, dass man im Stil eines Ablasshandels den Akku mit Strom l\u00e4dt, der laut Tarif klimaneutral erzeugt wurde, soll an dieser Stelle nicht weitergef\u00fchrt werden. Sachliche Argumente k\u00f6nnen nur in selten F\u00e4llen \u00fcberzeugen, wenn der eigene Lebenswandel sich selbst und dem Umfeld gegen\u00fcber gerechtfertigt werden muss.<\/p>\n<p>F\u00fcr die Streckenplanung der aktuellen Tour nutzen wir das Programm <a target=\"_blank\" href=\"https:\/\/www.komoot.com\" class=\"myAMap01\"><span class=\"mySpanLinkInText\">Komoot<\/span><\/a>. Heute hat es uns gut beraten. Es waren meist gut befahrbare Radwege. Angesichts der Tatsache, dass wir seit einem Jahr keine l\u00e4ngere Strecke gefahren sind, wollten wir vorsichtig mit einer Etappe von lediglich 56&nbsp;km beginnen. Das Profil war flach, es herrschte kein Gegenwind und es war, als wir das urspr\u00fcngliche Ziel erreichten, erst 13&nbsp;Uhr. Daher verl\u00e4ngerten wir die Etappe bis zum n\u00e4chsten gr\u00f6\u00dferen Ort, Lingen. Wie erwartet, gab es dort ein gr\u00f6\u00dferes Hotelangebot. Auf dem Weg zu einer von <a target=\"_blank\" href=\"https:\/\/www.booking.com\" class=\"myAMap01\"><span class=\"mySpanLinkInText\">Booking.com<\/span><\/a> als noch buchbar ausgewiesenen Unterkunft sahen wir unmittelbar am Bahnhof ein ansprechendes Hotel. Die Konditionen, Lage, Preis, Unterbringungsm\u00f6glichkeiten f\u00fcr Fahrr\u00e4der, sind akzeptabel und wir haben f\u00fcr zwei N\u00e4chte eingecheckt.<\/p>\n<div class=\"leaflet-map WPLeafletMap\" style=\"height:500px; width:100%;\"><\/div><script>\nwindow.WPLeafletMapPlugin = window.WPLeafletMapPlugin || [];\nwindow.WPLeafletMapPlugin.push(function WPLeafletMapShortcode() {\/*<script>*\/\nvar baseUrl = atob('aHR0cHM6Ly97c30udGlsZS5vcGVuc3RyZWV0bWFwLm9yZy97en0ve3h9L3t5fS5wbmc=');\nvar base = (!baseUrl && window.MQ) ?\n    window.MQ.mapLayer() : L.tileLayer(baseUrl,\n        L.Util.extend({}, {\n            detectRetina: 0,\n        },\n        {\"subdomains\":\"abc\",\"noWrap\":false,\"maxZoom\":20}        )\n    );\n    var options = L.Util.extend({}, {\n        layers: [base],\n        attributionControl: false\n    },\n    {\"zoomControl\":false,\"scrollWheelZoom\":true,\"doubleClickZoom\":false,\"fitBounds\":true,\"minZoom\":0,\"maxZoom\":20,\"maxBounds\":null,\"attribution\":\"<a href=\\\"http:\\\/\\\/leafletjs.com\\\" title=\\\"A JS library for interactive maps\\\">Leaflet<\\\/a>; \\u00a9 <a href=\\\"http:\\\/\\\/www.openstreetmap.org\\\/copyright\\\">OpenStreetMap<\\\/a> contributors\"},\n    {});\nwindow.WPLeafletMapPlugin.createMap(options).setView([0,0],12);window.WPLeafletMapPlugin.createScale({});});<\/script>[elevation gpx=https:\/\/radreise.dosiek.de\/wp-content\/uploads\/gpx\/2026-07-28.gpx ]<br \/>\n[layerswitch ]<br \/>\n[fullscreen ]<br \/>\n[zoomhomemap =true ]\n<section class=\"mySection\" data-featherlight-gallery=\"\" data-featherlight-filter=\"a.myAImg01\">\n\t<p class=\"cFlexAufnDatum\" style=\"margin-top: 0px;margin-bottom: 0px;padding-top: 10px;\"><span class=\"cFlexSpanAufnDatum\">Aufnahmedatum 08\/03\/2026<\/span><\/p>\t<div class=\"cFlexDivProFigures\" style=\"margin-top: 0px;margin-left: 0px;margin-bottom: 0px;\">\n\t\t<div class=\"cFlexColumnProImgAndCaption\">\n\t\t\t<div class=\"cFlexDivProImg\">\n\t\t\t\t<a target=\"_blank\" href=\"wp-content\\uploads\\images\\2026\\202603\\20260308_162505.141.jpg\" class=\"cFlexAInCaption\" rel=\"lightbox noopener noreferrer\"><img decoding=\"async\" class=\"cFlexImg\" src=\"wp-content\\uploads\\images\\2026\\202603\\Thumbs\\20260308_162505.141.jpg\" alt=\"\"\/><\/a>\n\t\t\t<\/div>\n\t\t\t<p class=\"cFlexCaptiontext\">&nbsp;&nbsp;<a class=\"cFlexAInCaption\" target=\"_blank\" href=\"https:\/\/www.google.com\/maps\/search\/51.903206,7.624292\/@51.903206,7.624292,13z\" rel=\"nobox noopener noreferrer\"><span class=\"tooltip\"><span class=\"myWo\">Wo?<\/span><span class=\"tooltiptext\">Nach Rechtsklick<br>au\u00dferhalb \u00f6ffnen<\/span><\/span><\/a><\/p>\n\t\t<\/div>\n\t<\/div>\n\t<p class=\"cFlexAufnDatum\" style=\"margin-top: 0px;margin-bottom: 0px;padding-top: 10px;\"><span class=\"cFlexSpanAufnDatum\">Aufnahmedatum 22\/03\/2026<\/span><\/p>\t<div class=\"cFlexDivProFigures\" style=\"margin-top: 0px;margin-left: 0px;margin-bottom: 0px;\">\n\t\t<div class=\"cFlexColumnProImgAndCaption\">\n\t\t\t<div class=\"cFlexDivProImg\">\n\t\t\t\t<a target=\"_blank\" href=\"wp-content\\uploads\\images\\2026\\202603\\20260322_165600.783.jpg\" class=\"cFlexAInCaption\" rel=\"lightbox noopener noreferrer\"><img decoding=\"async\" class=\"cFlexImg\" src=\"wp-content\\uploads\\images\\2026\\202603\\Thumbs\\20260322_165600.783.jpg\" alt=\"Nutria-Jungtier\"\/><\/a>\n\t\t\t<\/div>\n\t\t\t<p class=\"cFlexCaptiontext\">Nutria-Jungtier&nbsp;&nbsp;<a class=\"cFlexAInCaption\" target=\"_blank\" href=\"https:\/\/www.google.com\/maps\/search\/51.895788,7.636560\/@51.895788,7.636560,13z\" rel=\"nobox noopener noreferrer\"><span class=\"tooltip\"><span class=\"myWo\">Wo?<\/span><span class=\"tooltiptext\">Nach Rechtsklick<br>au\u00dferhalb \u00f6ffnen<\/span><\/span><\/a><\/p>\n\t\t<\/div>\n\t\t<div class=\"cFlexColumnProImgAndCaption\">\n\t\t\t<div class=\"cFlexDivProImg\">\n\t\t\t\t<a target=\"_blank\" href=\"wp-content\\uploads\\images\\2026\\202603\\20260322_165610.973.jpg\" class=\"cFlexAInCaption\" rel=\"lightbox noopener noreferrer\"><img decoding=\"async\" class=\"cFlexImg\" src=\"wp-content\\uploads\\images\\2026\\202603\\Thumbs\\20260322_165610.973.jpg\" alt=\"Hier mit einem Elternteil\"\/><\/a>\n\t\t\t<\/div>\n\t\t\t<p class=\"cFlexCaptiontext\">Hier mit einem Elternteil&nbsp;&nbsp;<a class=\"cFlexAInCaption\" target=\"_blank\" href=\"https:\/\/www.google.com\/maps\/search\/51.895788,7.636560\/@51.895788,7.636560,13z\" rel=\"nobox noopener noreferrer\"><span class=\"tooltip\"><span class=\"myWo\">Wo?<\/span><span class=\"tooltiptext\">Nach Rechtsklick<br>au\u00dferhalb \u00f6ffnen<\/span><\/span><\/a><\/p>\n\t\t<\/div>\n\t<\/div>\n\t<p class=\"cFlexAufnDatum\" style=\"margin-top: 0px;margin-bottom: 0px;padding-top: 10px;\"><span class=\"cFlexSpanAufnDatum\">Aufnahmedatum 04\/04\/2026<\/span><\/p>\t<div class=\"cFlexDivProFigures\" style=\"margin-top: 0px;margin-left: 0px;margin-bottom: 0px;\">\n\t\t<div class=\"cFlexColumnProImgAndCaption\">\n\t\t\t<div class=\"cFlexDivProImg\">\n\t\t\t\t<a target=\"_blank\" href=\"wp-content\\uploads\\images\\2026\\202604\\20260404_164010.302.jpg\" class=\"cFlexAInCaption\" rel=\"lightbox noopener noreferrer\"><img decoding=\"async\" class=\"cFlexImg\" src=\"wp-content\\uploads\\images\\2026\\202604\\Thumbs\\20260404_164010.302.jpg\" alt=\"Dagmar hatte wieder Gelegenheit zu backen.\"\/><\/a>\n\t\t\t<\/div>\n\t\t\t<p class=\"cFlexCaptiontext\">Dagmar hatte wieder Gelegenheit zu backen.&nbsp;&nbsp;<a class=\"cFlexAInCaption\" target=\"_blank\" href=\"https:\/\/www.google.com\/maps\/search\/51.905595,7.635112\/@51.905595,7.635112,13z\" rel=\"nobox noopener noreferrer\"><span class=\"tooltip\"><span class=\"myWo\">Wo?<\/span><span class=\"tooltiptext\">Nach Rechtsklick<br>au\u00dferhalb \u00f6ffnen<\/span><\/span><\/a><\/p>\n\t\t<\/div>\n\t<\/div>\n\t<p class=\"cFlexAufnDatum\" style=\"margin-top: 0px;margin-bottom: 0px;padding-top: 10px;\"><span class=\"cFlexSpanAufnDatum\">Aufnahmedatum 11\/04\/2026<\/span><\/p>\t<div class=\"cFlexDivProFigures\" style=\"margin-top: 0px;margin-left: 0px;margin-bottom: 0px;\">\n\t\t<div class=\"cFlexColumnProImgAndCaption\">\n\t\t\t<div class=\"cFlexDivProImg\">\n\t\t\t\t<a target=\"_blank\" href=\"wp-content\\uploads\\images\\2026\\202604\\20260411_110502.495.jpg\" class=\"cFlexAInCaption\" rel=\"lightbox noopener noreferrer\"><img decoding=\"async\" class=\"cFlexImg\" src=\"wp-content\\uploads\\images\\2026\\202604\\Thumbs\\20260411_110502.495.jpg\" alt=\"Die Zeit der Aronst\u00e4be\"\/><\/a>\n\t\t\t<\/div>\n\t\t\t<p class=\"cFlexCaptiontext\">Die Zeit der Aronst\u00e4be&nbsp;&nbsp;<a class=\"cFlexAInCaption\" target=\"_blank\" href=\"https:\/\/www.google.com\/maps\/search\/51.904275,7.615886\/@51.904275,7.615886,13z\" rel=\"nobox noopener noreferrer\"><span class=\"tooltip\"><span class=\"myWo\">Wo?<\/span><span class=\"tooltiptext\">Nach Rechtsklick<br>au\u00dferhalb \u00f6ffnen<\/span><\/span><\/a><\/p>\n\t\t<\/div>\n\t\t<div class=\"cFlexColumnProImgAndCaption\">\n\t\t\t<div class=\"cFlexDivProImg\">\n\t\t\t\t<a target=\"_blank\" href=\"wp-content\\uploads\\images\\2026\\202604\\20260411_113018.952.jpg\" class=\"cFlexAInCaption\" rel=\"lightbox noopener noreferrer\"><img decoding=\"async\" class=\"cFlexImg\" src=\"wp-content\\uploads\\images\\2026\\202604\\Thumbs\\20260411_113018.952.jpg\" alt=\"Noch lassen die B\u00e4ume Licht durch auf die Buschwindr\u00f6schen\"\/><\/a>\n\t\t\t<\/div>\n\t\t\t<p class=\"cFlexCaptiontext\">Noch lassen die B\u00e4ume Licht durch auf die Buschwindr\u00f6schen&nbsp;&nbsp;<a class=\"cFlexAInCaption\" target=\"_blank\" href=\"https:\/\/www.google.com\/maps\/search\/51.904473,7.616293\/@51.904473,7.616293,13z\" rel=\"nobox noopener noreferrer\"><span class=\"tooltip\"><span class=\"myWo\">Wo?<\/span><span class=\"tooltiptext\">Nach Rechtsklick<br>au\u00dferhalb \u00f6ffnen<\/span><\/span><\/a><\/p>\n\t\t<\/div>\n\t<\/div>\n\t<p class=\"cFlexAufnDatum\" style=\"margin-top: 0px;margin-bottom: 0px;padding-top: 10px;\"><span class=\"cFlexSpanAufnDatum\">Aufnahmedatum 17\/04\/2026<\/span><\/p>\t<div class=\"cFlexDivProFigures\" style=\"margin-top: 0px;margin-left: 0px;margin-bottom: 0px;\">\n\t\t<div class=\"cFlexColumnProImgAndCaption\">\n\t\t\t<div class=\"cFlexDivProImg\">\n\t\t\t\t<a target=\"_blank\" href=\"wp-content\\uploads\\images\\2026\\202604\\20260417_120552.388.jpg\" class=\"cFlexAInCaption\" rel=\"lightbox noopener noreferrer\"><img decoding=\"async\" class=\"cFlexImg\" src=\"wp-content\\uploads\\images\\2026\\202604\\Thumbs\\20260417_120552.388.jpg\" alt=\"\"\/><\/a>\n\t\t\t<\/div>\n\t\t\t<p class=\"cFlexCaptiontext\">&nbsp;&nbsp;<a class=\"cFlexAInCaption\" target=\"_blank\" href=\"https:\/\/www.google.com\/maps\/search\/51.899403,7.618289\/@51.899403,7.618289,13z\" rel=\"nobox noopener noreferrer\"><span class=\"tooltip\"><span class=\"myWo\">Wo?<\/span><span class=\"tooltiptext\">Nach Rechtsklick<br>au\u00dferhalb \u00f6ffnen<\/span><\/span><\/a><\/p>\n\t\t<\/div>\n\t<\/div>\n\t<p class=\"cFlexAufnDatum\" style=\"margin-top: 0px;margin-bottom: 0px;padding-top: 10px;\"><span class=\"cFlexSpanAufnDatum\">Aufnahmedatum 30\/04\/2026<\/span><\/p>\t<div class=\"cFlexDivProFigures\" style=\"margin-top: 0px;margin-left: 0px;margin-bottom: 0px;\">\n\t\t<div class=\"cFlexColumnProImgAndCaption\">\n\t\t\t<div class=\"cFlexDivProImg\">\n\t\t\t\t<a target=\"_blank\" href=\"wp-content\\uploads\\images\\2026\\202604\\20260430_130937.646.jpg\" class=\"cFlexAInCaption\" rel=\"lightbox noopener noreferrer\"><img decoding=\"async\" class=\"cFlexImg\" src=\"wp-content\\uploads\\images\\2026\\202604\\Thumbs\\20260430_130937.646.jpg\" alt=\"Buntspecht\"\/><\/a>\n\t\t\t<\/div>\n\t\t\t<p class=\"cFlexCaptiontext\">Buntspecht&nbsp;&nbsp;<a class=\"cFlexAInCaption\" target=\"_blank\" href=\"https:\/\/www.google.com\/maps\/search\/51.898688,7.614985\/@51.898688,7.614985,13z\" rel=\"nobox noopener noreferrer\"><span class=\"tooltip\"><span class=\"myWo\">Wo?<\/span><span class=\"tooltiptext\">Nach Rechtsklick<br>au\u00dferhalb \u00f6ffnen<\/span><\/span><\/a><\/p>\n\t\t<\/div>\n\t<\/div>\n \t<p class=\"cFlexAufnDatum\" style=\"margin-top: 0px;margin-bottom: 0px;padding-top: 10px;\"><span class=\"cFlexSpanAufnDatum\">Aufnahmedatum 28\/07\/2026<\/span><\/p>\t<div class=\"cFlexDivProFigures\" style=\"margin-top: 0px;margin-left: 0px;margin-bottom: 0px;\">\n\t\t<div class=\"cFlexColumnProImgAndCaption\">\n\t\t\t<div class=\"cFlexDivProImg\">\n\t\t\t\t<a target=\"_blank\" href=\"wp-content\\uploads\\images\\2026\\202607\\20260728_080623.501.jpg\" class=\"cFlexAInCaption\" rel=\"lightbox noopener noreferrer\"><img decoding=\"async\" class=\"cFlexImg\" src=\"wp-content\\uploads\\images\\2026\\202607\\Thumbs\\20260728_080623.501.jpg\" alt=\"Endlich k\u00f6nnen wir aufbrechen\"\/><\/a>\n\t\t\t<\/div>\n\t\t\t<p class=\"cFlexCaptiontext\">Endlich k\u00f6nnen wir aufbrechen&nbsp;&nbsp;<a class=\"cFlexAInCaption\" target=\"_blank\" href=\"https:\/\/www.google.com\/maps\/search\/51.905289,7.634865\/@51.905289,7.634865,13z\" rel=\"nobox noopener noreferrer\"><span class=\"tooltip\"><span class=\"myWo\">Wo?<\/span><span class=\"tooltiptext\">Nach Rechtsklick<br>au\u00dferhalb \u00f6ffnen<\/span><\/span><\/a><\/p>\n\t\t<\/div>\n\t\t<div class=\"cFlexColumnProImgAndCaption\">\n\t\t\t<div class=\"cFlexDivProImg\">\n\t\t\t\t<a target=\"_blank\" href=\"wp-content\\uploads\\images\\2026\\202607\\20260728_104338.672.jpg\" class=\"cFlexAInCaption\" rel=\"lightbox noopener noreferrer\"><img decoding=\"async\" class=\"cFlexImg\" src=\"wp-content\\uploads\\images\\2026\\202607\\Thumbs\\20260728_104338.672.jpg\" alt=\"Das neue Planungsprogramm hat attraktive Wege ausgesucht\"\/><\/a>\n\t\t\t<\/div>\n\t\t\t<p class=\"cFlexCaptiontext\">Das neue Planungsprogramm hat attraktive Wege ausgesucht&nbsp;&nbsp;<a class=\"cFlexAInCaption\" target=\"_blank\" href=\"https:\/\/www.google.com\/maps\/search\/52.176736,7.446380\/@52.176736,7.446380,13z\" rel=\"nobox noopener noreferrer\"><span class=\"tooltip\"><span class=\"myWo\">Wo?<\/span><span class=\"tooltiptext\">Nach Rechtsklick<br>au\u00dferhalb \u00f6ffnen<\/span><\/span><\/a><\/p>\n\t\t<\/div>\n\t\t<div class=\"cFlexColumnProImgAndCaption\">\n\t\t\t<div class=\"cFlexDivProImg\">\n\t\t\t\t<a target=\"_blank\" href=\"wp-content\\uploads\\images\\2026\\202607\\20260728_133552.547.jpg\" class=\"cFlexAInCaption\" rel=\"lightbox noopener noreferrer\"><img decoding=\"async\" class=\"cFlexImg\" src=\"wp-content\\uploads\\images\\2026\\202607\\Thumbs\\20260728_133552.547.jpg\" alt=\"Pause\"\/><\/a>\n\t\t\t<\/div>\n\t\t\t<p class=\"cFlexCaptiontext\">Pause&nbsp;&nbsp;<a class=\"cFlexAInCaption\" target=\"_blank\" href=\"https:\/\/www.google.com\/maps\/search\/52.406462,7.318724\/@52.406462,7.318724,13z\" rel=\"nobox noopener noreferrer\"><span class=\"tooltip\"><span class=\"myWo\">Wo?<\/span><span class=\"tooltiptext\">Nach Rechtsklick<br>au\u00dferhalb \u00f6ffnen<\/span><\/span><\/a><\/p>\n\t\t<\/div>\n\t\t<div class=\"cFlexColumnProImgAndCaption\">\n\t\t\t<div class=\"cFlexDivProImg\">\n\t\t\t\t<a target=\"_blank\" href=\"wp-content\\uploads\\images\\2026\\202607\\20260728_141616.107.jpg\" class=\"cFlexAInCaption\" rel=\"lightbox noopener noreferrer\"><img decoding=\"async\" class=\"cFlexImg\" src=\"wp-content\\uploads\\images\\2026\\202607\\Thumbs\\20260728_141616.107.jpg\" alt=\"Rechts hinter B\u00e4umen die Kuppel des Kernkraftwerk Emsland (KKE)\"\/><\/a>\n\t\t\t<\/div>\n\t\t\t<p class=\"cFlexCaptiontext\">Rechts hinter B\u00e4umen die Kuppel des <a target=\"_blank\" href=\"https:\/\/de.wikipedia.org\/wiki\/Kernkraftwerk_Emsland\" class=\"myAMap01\"><span class=\"mySpanLinkInCaption\">Kernkraftwerk Emsland<\/span><\/a> (KKE)&nbsp;&nbsp;<a class=\"cFlexAInCaption\" target=\"_blank\" href=\"https:\/\/www.google.com\/maps\/search\/52.462908,7.306245\/@52.462908,7.306245,13z\" rel=\"nobox noopener noreferrer\"><span class=\"tooltip\"><span class=\"myWo\">Wo?<\/span><span class=\"tooltiptext\">Nach Rechtsklick<br>au\u00dferhalb \u00f6ffnen<\/span><\/span><\/a><\/p>\n\t\t<\/div>\n\t\t<div class=\"cFlexColumnProImgAndCaption\">\n\t\t\t<div class=\"cFlexDivProImg\">\n\t\t\t\t<a target=\"_blank\" href=\"wp-content\\uploads\\images\\2026\\202607\\20260728_142131.148.jpg\" class=\"cFlexAInCaption\" rel=\"lightbox noopener noreferrer\"><img decoding=\"async\" class=\"cFlexImg\" src=\"wp-content\\uploads\\images\\2026\\202607\\Thumbs\\20260728_142131.148.jpg\" alt=\"Die Ems\"\/><\/a>\n\t\t\t<\/div>\n\t\t\t<p class=\"cFlexCaptiontext\">Die Ems&nbsp;&nbsp;<a class=\"cFlexAInCaption\" target=\"_blank\" href=\"https:\/\/www.google.com\/maps\/search\/52.468815,7.311578\/@52.468815,7.311578,13z\" rel=\"nobox noopener noreferrer\"><span class=\"tooltip\"><span class=\"myWo\">Wo?<\/span><span class=\"tooltiptext\">Nach Rechtsklick<br>au\u00dferhalb \u00f6ffnen<\/span><\/span><\/a><\/p>\n\t\t<\/div>\n\t\t<div class=\"cFlexColumnProImgAndCaption\">\n\t\t\t<div class=\"cFlexDivProImg\">\n\t\t\t\t<a target=\"_blank\" href=\"wp-content\\uploads\\images\\2026\\202607\\20260728_142540.939.jpg\" class=\"cFlexAInCaption\" rel=\"lightbox noopener noreferrer\"><img decoding=\"async\" class=\"cFlexImg\" src=\"wp-content\\uploads\\images\\2026\\202607\\Thumbs\\20260728_142540.939.jpg\" alt=\"Das dem KKE benachbarte und bereits 1979 stillgelegte Kernkraftwerk Lingen\"\/><\/a>\n\t\t\t<\/div>\n\t\t\t<p class=\"cFlexCaptiontext\">Das dem KKE benachbarte und bereits 1979 stillgelegte <a target=\"_blank\" href=\"https:\/\/de.wikipedia.org\/wiki\/Kernkraftwerk_Lingen\" class=\"myAMap01\"><span class=\"mySpanLinkInCaption\">Kernkraftwerk Lingen<\/span><\/a>&nbsp;&nbsp;<a class=\"cFlexAInCaption\" target=\"_blank\" href=\"https:\/\/www.google.com\/maps\/search\/52.472590,7.308282\/@52.472590,7.308282,13z\" rel=\"nobox noopener noreferrer\"><span class=\"tooltip\"><span class=\"myWo\">Wo?<\/span><span class=\"tooltiptext\">Nach Rechtsklick<br>au\u00dferhalb \u00f6ffnen<\/span><\/span><\/a><\/p>\n\t\t<\/div>\n\t\t<div class=\"cFlexColumnProImgAndCaption\">\n\t\t\t<div class=\"cFlexDivProImg\">\n\t\t\t\t<a target=\"_blank\" href=\"wp-content\\uploads\\images\\2026\\202607\\20260728_153129.969.jpg\" class=\"cFlexAInCaption\" rel=\"lightbox noopener noreferrer\"><img decoding=\"async\" class=\"cFlexImg\" src=\"wp-content\\uploads\\images\\2026\\202607\\Thumbs\\20260728_153129.969.jpg\" alt=\"Unser aktuelles Hotel in Lingen\"\/><\/a>\n\t\t\t<\/div>\n\t\t\t<p class=\"cFlexCaptiontext\">Unser aktuelles Hotel in Lingen&nbsp;&nbsp;<a class=\"cFlexAInCaption\" target=\"_blank\" href=\"https:\/\/www.google.com\/maps\/search\/52.519543,7.321046\/@52.519543,7.321046,13z\" rel=\"nobox noopener noreferrer\"><span class=\"tooltip\"><span class=\"myWo\">Wo?<\/span><span class=\"tooltiptext\">Nach Rechtsklick<br>au\u00dferhalb \u00f6ffnen<\/span><\/span><\/a><\/p>\n\t\t<\/div>\n\t<\/div>\n<br \/>\n<\/section>\n<h3 id=\"2026\/07\/30\">2026\/07\/30,&nbsp;Tag&nbsp;3 (3d),<br \/>Teilstrecke: 94,1&nbsp;km,<br \/>Gesamtstrecke: 176,4&nbsp;km<\/h3>\n<p>W\u00e4hrend des Ruhetags in Lingen hatten wir uns gut erholt. Das sehr gute Business-Hotel liegt im Zentrum des Ortes. Nachdem wir die \u00fcberschaubare Innenstadt erkundet hatten, fanden wir am Marktplatz ein uriges Restaurant, das u. a. Augustiner-Bier vom Fass ausschenkt.<\/p>\n<p>Die Temperaturen waren deutlich h\u00f6her als am Vortag, sodass wir den Nachmittag im klimatisierten Hotelzimmer verbrachten und die n\u00e4chste Etappe planten.<\/p>\n<p>Nach dem au\u00dfergew\u00f6hnlich guten Fr\u00fchst\u00fccksbuffet in unserem Hotel sa\u00dfen wir gegen 8:30&nbsp;Uhr auf unseren R\u00e4dern. F\u00fcr uns ist es ungewohnt, dass wir ab 6:30&nbsp;Uhr fr\u00fchst\u00fccken konnten, nicht wie so oft in Asien nominell erst ab z. B. 8&nbsp;Uhr, was meist bedeutete, dass dann erst die K\u00fcche anfing, das Fr\u00fchst\u00fcck vorzubereiten. Dort verzichteten wir zugunsten einer fr\u00fchen Abreise meist auf das Fr\u00fchst\u00fcck.<\/p>\n<p>Wir haben noch nicht wieder die Kondition, mit der wir im letzten Jahr aufgeh\u00f6rt hatten. Insofern war nicht sicher, ob wir bis Leer kommen w\u00fcrden. Doch da die Gegend flach ist und der Wind uns nicht behinderte, erreichten wir trotzt der hohen Temperatur kurz vor 17&nbsp;Uhr Leer. Vom Balkon unseres aktuellen Hotels k\u00f6nnen wir jetzt den Schafen auf dem unmittelbar benachbarten Ledadeich zusehen.<\/p>\n<p>W\u00e4hrend wir unsere Etappe f\u00fcr eine Kaffeepause unterbrachen, berichteten uns andere G\u00e4ste von Sturmb\u00f6en und Gewittern, die f\u00fcr den Nachmittag und Abend voraussagt worden waren. Tats\u00e4chlich nahm der Wind \u00fcber den Tag zu und der Himmel lie\u00df schlechteres Wetter erahnen. Noch im Trockenen erreichten wir unser Ziel und erst jetzt hat es angefangen zu nieseln.<\/p>\n<p>Morgen wollen wir uns Leer ansehen, uns erholen und am Samstag unsere Fahrt fortsetzen.<\/p>\n<div class=\"leaflet-map WPLeafletMap\" style=\"height:500px; width:100%;\"><\/div><script>\nwindow.WPLeafletMapPlugin = window.WPLeafletMapPlugin || [];\nwindow.WPLeafletMapPlugin.push(function WPLeafletMapShortcode() {\/*<script>*\/\nvar baseUrl = atob('aHR0cHM6Ly97c30udGlsZS5vcGVuc3RyZWV0bWFwLm9yZy97en0ve3h9L3t5fS5wbmc=');\nvar base = (!baseUrl && window.MQ) ?\n    window.MQ.mapLayer() : L.tileLayer(baseUrl,\n        L.Util.extend({}, {\n            detectRetina: 0,\n        },\n        {\"subdomains\":\"abc\",\"noWrap\":false,\"maxZoom\":20}        )\n    );\n    var options = L.Util.extend({}, {\n        layers: [base],\n        attributionControl: false\n    },\n    {\"zoomControl\":false,\"scrollWheelZoom\":true,\"doubleClickZoom\":false,\"fitBounds\":true,\"minZoom\":0,\"maxZoom\":20,\"maxBounds\":null,\"attribution\":\"<a href=\\\"http:\\\/\\\/leafletjs.com\\\" title=\\\"A JS library for interactive maps\\\">Leaflet<\\\/a>; \\u00a9 <a href=\\\"http:\\\/\\\/www.openstreetmap.org\\\/copyright\\\">OpenStreetMap<\\\/a> contributors\"},\n    {});\nwindow.WPLeafletMapPlugin.createMap(options).setView([0,0],12);window.WPLeafletMapPlugin.createScale({});});<\/script>[elevation gpx=https:\/\/radreise.dosiek.de\/wp-content\/uploads\/gpx\/2026-07-30.gpx ]<br \/>\n[layerswitch ]<br \/>\n[fullscreen ]<br \/>\n[zoomhomemap =true ]\n<section class=\"mySection\" data-featherlight-gallery=\"\" data-featherlight-filter=\"a.myAImg01\">\n\t<p class=\"cFlexAufnDatum\" style=\"margin-top: 0px;margin-bottom: 0px;padding-top: 10px;\"><span class=\"cFlexSpanAufnDatum\">Aufnahmedatum 30\/07\/2026<\/span><\/p>\t<div class=\"cFlexDivProFigures\" style=\"margin-top: 0px;margin-left: 0px;margin-bottom: 0px;\">\n\t\t<div class=\"cFlexColumnProImgAndCaption\">\n\t\t\t<div class=\"cFlexDivProImg\">\n\t\t\t\t<a target=\"_blank\" href=\"wp-content\\uploads\\images\\2026\\202607\\20260730_112856.895.jpg\" class=\"cFlexAInCaption\" rel=\"lightbox noopener noreferrer\"><img decoding=\"async\" class=\"cFlexImg\" src=\"wp-content\\uploads\\images\\2026\\202607\\Thumbs\\20260730_112856.895.jpg\" alt=\"Heute fuhren wir meist \u00fcber akzeptable Radwege\"\/><\/a>\n\t\t\t<\/div>\n\t\t\t<p class=\"cFlexCaptiontext\">Heute fuhren wir meist \u00fcber akzeptable Radwege&nbsp;&nbsp;<a class=\"cFlexAInCaption\" target=\"_blank\" href=\"https:\/\/www.google.com\/maps\/search\/52.834530,7.318842\/@52.834530,7.318842,13z\" rel=\"nobox noopener noreferrer\"><span class=\"tooltip\"><span class=\"myWo\">Wo?<\/span><span class=\"tooltiptext\">Nach Rechtsklick<br>au\u00dferhalb \u00f6ffnen<\/span><\/span><\/a><\/p>\n\t\t<\/div>\n\t\t<div class=\"cFlexColumnProImgAndCaption\">\n\t\t\t<div class=\"cFlexDivProImg\">\n\t\t\t\t<a target=\"_blank\" href=\"wp-content\\uploads\\images\\2026\\202607\\20260730_164722.361.jpg\" class=\"cFlexAInCaption\" rel=\"lightbox noopener noreferrer\"><img decoding=\"async\" class=\"cFlexImg\" src=\"wp-content\\uploads\\images\\2026\\202607\\Thumbs\\20260730_164722.361.jpg\" alt=\"Die Jann-Berghaus-Br\u00fccke, eine Klappbr\u00fccke s\u00fcdlich von Leer\"\/><\/a>\n\t\t\t<\/div>\n\t\t\t<p class=\"cFlexCaptiontext\">Die <a target=\"_blank\" href=\"https:\/\/de.wikipedia.org\/wiki\/Jann-Berghaus-Br%C3%BCcke\" class=\"myAMap01\"><span class=\"mySpanLinkInCaption\">Jann-Berghaus-Br\u00fccke<\/span><\/a>, eine Klappbr\u00fccke s\u00fcdlich von Leer&nbsp;&nbsp;<a class=\"cFlexAInCaption\" target=\"_blank\" href=\"https:\/\/www.google.com\/maps\/search\/53.218560,7.422931\/@53.218560,7.422931,13z\" rel=\"nobox noopener noreferrer\"><span class=\"tooltip\"><span class=\"myWo\">Wo?<\/span><span class=\"tooltiptext\">Nach Rechtsklick<br>au\u00dferhalb \u00f6ffnen<\/span><\/span><\/a><\/p>\n\t\t<\/div>\n\t\t<div class=\"cFlexColumnProImgAndCaption\">\n\t\t\t<div class=\"cFlexDivProImg\">\n\t\t\t\t<a target=\"_blank\" href=\"wp-content\\uploads\\images\\2026\\202607\\20260730_165106.688.jpg\" class=\"cFlexAInCaption\" rel=\"lightbox noopener noreferrer\"><img decoding=\"async\" class=\"cFlexImg\" src=\"wp-content\\uploads\\images\\2026\\202607\\Thumbs\\20260730_165106.688.jpg\" alt=\"Die Ems\"\/><\/a>\n\t\t\t<\/div>\n\t\t\t<p class=\"cFlexCaptiontext\">Die Ems&nbsp;&nbsp;<a class=\"cFlexAInCaption\" target=\"_blank\" href=\"https:\/\/www.google.com\/maps\/search\/53.217862,7.427380\/@53.217862,7.427380,13z\" rel=\"nobox noopener noreferrer\"><span class=\"tooltip\"><span class=\"myWo\">Wo?<\/span><span class=\"tooltiptext\">Nach Rechtsklick<br>au\u00dferhalb \u00f6ffnen<\/span><\/span><\/a><\/p>\n\t\t<\/div>\n\t\t<div class=\"cFlexColumnProImgAndCaption\">\n\t\t\t<div class=\"cFlexDivProImg\">\n\t\t\t\t<a target=\"_blank\" href=\"wp-content\\uploads\\images\\2026\\202607\\20260730_174749.009.jpg\" class=\"cFlexAInCaption\" rel=\"lightbox noopener noreferrer\"><img decoding=\"async\" class=\"cFlexImg\" src=\"wp-content\\uploads\\images\\2026\\202607\\Thumbs\\20260730_174749.009.jpg\" alt=\"Unser aktuelles Hotel in Leer\"\/><\/a>\n\t\t\t<\/div>\n\t\t\t<p class=\"cFlexCaptiontext\">Unser aktuelles Hotel in Leer&nbsp;&nbsp;<a class=\"cFlexAInCaption\" target=\"_blank\" href=\"https:\/\/www.google.com\/maps\/search\/53.216079,7.440655\/@53.216079,7.440655,13z\" rel=\"nobox noopener noreferrer\"><span class=\"tooltip\"><span class=\"myWo\">Wo?<\/span><span class=\"tooltiptext\">Nach Rechtsklick<br>au\u00dferhalb \u00f6ffnen<\/span><\/span><\/a><\/p>\n\t\t<\/div>\n\t<\/div>\n<br \/>\n<\/section>\n<h3 id=\"2026\/08\/01\">2026\/08\/01,&nbsp;Tag&nbsp;5 (5d),<br \/>Teilstrecke: 79,8&nbsp;km,<br \/>Gesamtstrecke: 256,2&nbsp;km<\/h3>\n<p>Der Tag begann mit einem versp\u00e4teten Fr\u00fchst\u00fcck. Wir hatten \u00fcbersehen, dass am Wochenende statt um 6:30&nbsp;Uhr erst eine Stunde sp\u00e4ter gefr\u00fchst\u00fcckt werden kann.<\/p>\n<p>So sa\u00dfen wir erst gegen 9&nbsp;Uhr bei frischen Temperaturen auf den R\u00e4dern. Es blieb den ganzen Tag so und wir behielten die lang\u00e4rmligen Sachen an. Zum Gl\u00fcck blieb der angek\u00fcndigte Regen aus und wir erreichten unser heutiges Ziel, Ovelg\u00f6nne, trocken. Auf dem Weg von Leer nach Gl\u00fcckstadt, wo wir die Elbe \u00fcberqueren wollen, gibt es nur wenige gr\u00f6\u00dfere Orte und noch weniger Unterk\u00fcnfte. Google Maps weist f\u00fcr das Dorf, in dem wir heute gelandet sind, nur ein Restaurant aus. Lt. Internetseite ist das ab 19&nbsp;Uhr ge\u00f6ffnet. Nicht die Webseite, sondern erst der Aushang vor dem Lokal verr\u00e4t, dass man derzeit Betriebsferien macht. In unserem Hotel kann man am Wochenende lediglich fr\u00fchst\u00fccken. Heute haben wir noch Gl\u00fcck; ausnahmsweise ist der Koch wegen einer Veranstaltung anwesend und der wird auch uns versorgen. Morgen besteht im Ort nach dem Fr\u00fchst\u00fcck keine M\u00f6glichkeit, sich zu verpflegen und wir werden 4&nbsp;km fahren m\u00fcssen, falls wir etwas essen m\u00f6chten.<\/p>\n<p>Unsere Route f\u00fchrte durch eine Gegend, die vorwiegend weidewirtschaftlich genutzt wird. Auf den vielen gerade gem\u00e4hten Wiesen sahen wir etliche St\u00f6rche, einige Graureiher sowie drei Feldhasen. Eine Ricke mit ihren beiden Kitzen erfreute uns besonders. In einem Landcaf\u00e9 a\u00dfen wir einen hervorragenden Blaubeerkuchen. Das Radfahren ist in dieser flachen Landschaft, beim derzeit schwachen Wind und auf den Radwegen oder den sehr wenig befahrenen Stra\u00dfen wenig anstrengend jedoch auch abwechslungsarm.<\/p>\n<div class=\"leaflet-map WPLeafletMap\" style=\"height:500px; width:100%;\"><\/div><script>\nwindow.WPLeafletMapPlugin = window.WPLeafletMapPlugin || [];\nwindow.WPLeafletMapPlugin.push(function WPLeafletMapShortcode() {\/*<script>*\/\nvar baseUrl = atob('aHR0cHM6Ly97c30udGlsZS5vcGVuc3RyZWV0bWFwLm9yZy97en0ve3h9L3t5fS5wbmc=');\nvar base = (!baseUrl && window.MQ) ?\n    window.MQ.mapLayer() : L.tileLayer(baseUrl,\n        L.Util.extend({}, {\n            detectRetina: 0,\n        },\n        {\"subdomains\":\"abc\",\"noWrap\":false,\"maxZoom\":20}        )\n    );\n    var options = L.Util.extend({}, {\n        layers: [base],\n        attributionControl: false\n    },\n    {\"zoomControl\":false,\"scrollWheelZoom\":true,\"doubleClickZoom\":false,\"fitBounds\":true,\"minZoom\":0,\"maxZoom\":20,\"maxBounds\":null,\"attribution\":\"<a href=\\\"http:\\\/\\\/leafletjs.com\\\" title=\\\"A JS library for interactive maps\\\">Leaflet<\\\/a>; \\u00a9 <a href=\\\"http:\\\/\\\/www.openstreetmap.org\\\/copyright\\\">OpenStreetMap<\\\/a> contributors\"},\n    {});\nwindow.WPLeafletMapPlugin.createMap(options).setView([0,0],12);window.WPLeafletMapPlugin.createScale({});});<\/script>[elevation gpx=https:\/\/radreise.dosiek.de\/wp-content\/uploads\/gpx\/2026-08-01.gpx ]<br \/>\n[layerswitch ]<br \/>\n[fullscreen ]<br \/>\n[zoomhomemap =true ]\n<section class=\"mySection\" data-featherlight-gallery=\"\" data-featherlight-filter=\"a.myAImg01\">\n\t<p class=\"cFlexAufnDatum\" style=\"margin-top: 0px;margin-bottom: 0px;padding-top: 10px;\"><span class=\"cFlexSpanAufnDatum\">Aufnahmedatum 01\/08\/2026<\/span><\/p>\t<div class=\"cFlexDivProFigures\" style=\"margin-top: 0px;margin-left: 0px;margin-bottom: 0px;\">\n\t\t<div class=\"cFlexColumnProImgAndCaption\">\n\t\t\t<div class=\"cFlexDivProImg\">\n\t\t\t\t<a target=\"_blank\" href=\"wp-content\\uploads\\images\\2026\\202608\\20260801_094519.722.jpg\" class=\"cFlexAInCaption\" rel=\"lightbox noopener noreferrer\"><img decoding=\"async\" class=\"cFlexImg\" src=\"wp-content\\uploads\\images\\2026\\202608\\Thumbs\\20260801_094519.722.jpg\" alt=\"Das Land ist flach\"\/><\/a>\n\t\t\t<\/div>\n\t\t\t<p class=\"cFlexCaptiontext\">Das Land ist flach&nbsp;&nbsp;<a class=\"cFlexAInCaption\" target=\"_blank\" href=\"https:\/\/www.google.com\/maps\/search\/53.214439,7.524355\/@53.214439,7.524355,13z\" rel=\"nobox noopener noreferrer\"><span class=\"tooltip\"><span class=\"myWo\">Wo?<\/span><span class=\"tooltiptext\">Nach Rechtsklick<br>au\u00dferhalb \u00f6ffnen<\/span><\/span><\/a><\/p>\n\t\t<\/div>\n\t\t<div class=\"cFlexColumnProImgAndCaption\">\n\t\t\t<div class=\"cFlexDivProImg\">\n\t\t\t\t<a target=\"_blank\" href=\"wp-content\\uploads\\images\\2026\\202608\\20260801_095807.900.jpg\" class=\"cFlexAInCaption\" rel=\"lightbox noopener noreferrer\"><img decoding=\"async\" class=\"cFlexImg\" src=\"wp-content\\uploads\\images\\2026\\202608\\Thumbs\\20260801_095807.900.jpg\" alt=\"Der einseitig abgesackte Glockenturm der Neuburger Kirche\"\/><\/a>\n\t\t\t<\/div>\n\t\t\t<p class=\"cFlexCaptiontext\">Der einseitig abgesackte Glockenturm der Neuburger Kirche&nbsp;&nbsp;<a class=\"cFlexAInCaption\" target=\"_blank\" href=\"https:\/\/www.google.com\/maps\/search\/53.220874,7.565658\/@53.220874,7.565658,13z\" rel=\"nobox noopener noreferrer\"><span class=\"tooltip\"><span class=\"myWo\">Wo?<\/span><span class=\"tooltiptext\">Nach Rechtsklick<br>au\u00dferhalb \u00f6ffnen<\/span><\/span><\/a><\/p>\n\t\t<\/div>\n\t\t<div class=\"cFlexColumnProImgAndCaption\">\n\t\t\t<div class=\"cFlexDivProImg\">\n\t\t\t\t<a target=\"_blank\" href=\"wp-content\\uploads\\images\\2026\\202608\\20260801_095909.977.jpg\" class=\"cFlexAInCaption\" rel=\"lightbox noopener noreferrer\"><img decoding=\"async\" class=\"cFlexImg\" src=\"wp-content\\uploads\\images\\2026\\202608\\Thumbs\\20260801_095909.977.jpg\" alt=\"Die meisten St\u00f6rche haben wir heute auf den frisch gem\u00e4hten Wiesen gesehen\"\/><\/a>\n\t\t\t<\/div>\n\t\t\t<p class=\"cFlexCaptiontext\">Die meisten St\u00f6rche haben wir heute auf den frisch gem\u00e4hten Wiesen gesehen&nbsp;&nbsp;<a class=\"cFlexAInCaption\" target=\"_blank\" href=\"https:\/\/www.google.com\/maps\/search\/53.220888,7.565667\/@53.220888,7.565667,13z\" rel=\"nobox noopener noreferrer\"><span class=\"tooltip\"><span class=\"myWo\">Wo?<\/span><span class=\"tooltiptext\">Nach Rechtsklick<br>au\u00dferhalb \u00f6ffnen<\/span><\/span><\/a><\/p>\n\t\t<\/div>\n\t\t<div class=\"cFlexColumnProImgAndCaption\">\n\t\t\t<div class=\"cFlexDivProImg\">\n\t\t\t\t<a target=\"_blank\" href=\"wp-content\\uploads\\images\\2026\\202608\\20260801_100533.425.jpg\" class=\"cFlexAInCaption\" rel=\"lightbox noopener noreferrer\"><img decoding=\"async\" class=\"cFlexImg\" src=\"wp-content\\uploads\\images\\2026\\202608\\Thumbs\\20260801_100533.425.jpg\" alt=\"Wir haben ihn dennoch entdeckt\"\/><\/a>\n\t\t\t<\/div>\n\t\t\t<p class=\"cFlexCaptiontext\">Wir haben ihn dennoch entdeckt&nbsp;&nbsp;<a class=\"cFlexAInCaption\" target=\"_blank\" href=\"https:\/\/www.google.com\/maps\/search\/53.217891,7.586312\/@53.217891,7.586312,13z\" rel=\"nobox noopener noreferrer\"><span class=\"tooltip\"><span class=\"myWo\">Wo?<\/span><span class=\"tooltiptext\">Nach Rechtsklick<br>au\u00dferhalb \u00f6ffnen<\/span><\/span><\/a><\/p>\n\t\t<\/div>\n\t\t<div class=\"cFlexColumnProImgAndCaption\">\n\t\t\t<div class=\"cFlexDivProImg\">\n\t\t\t\t<a target=\"_blank\" href=\"wp-content\\uploads\\images\\2026\\202608\\20260801_143103.518.jpg\" class=\"cFlexAInCaption\" rel=\"lightbox noopener noreferrer\"><img decoding=\"async\" class=\"cFlexImg\" src=\"wp-content\\uploads\\images\\2026\\202608\\Thumbs\\20260801_143103.518.jpg\" alt=\"Entweder fuhren wir heute auf Radwegen oder wie hier auf wenig befahrenen Stra\u00dfen\"\/><\/a>\n\t\t\t<\/div>\n\t\t\t<p class=\"cFlexCaptiontext\">Entweder fuhren wir heute auf Radwegen oder wie hier auf wenig befahrenen Stra\u00dfen&nbsp;&nbsp;<a class=\"cFlexAInCaption\" target=\"_blank\" href=\"https:\/\/www.google.com\/maps\/search\/53.324623,8.336578\/@53.324623,8.336578,13z\" rel=\"nobox noopener noreferrer\"><span class=\"tooltip\"><span class=\"myWo\">Wo?<\/span><span class=\"tooltiptext\">Nach Rechtsklick<br>au\u00dferhalb \u00f6ffnen<\/span><\/span><\/a><\/p>\n\t\t<\/div>\n\t\t<div class=\"cFlexColumnProImgAndCaption\">\n\t\t\t<div class=\"cFlexDivProImg\">\n\t\t\t\t<a target=\"_blank\" href=\"wp-content\\uploads\\images\\2026\\202608\\20260801_163424.604.jpg\" class=\"cFlexAInCaption\" rel=\"lightbox noopener noreferrer\"><img decoding=\"async\" class=\"cFlexImg\" src=\"wp-content\\uploads\\images\\2026\\202608\\Thumbs\\20260801_163424.604.jpg\" alt=\"Unsere aktuelle Unterkunft in Ovelg\u00f6nne\"\/><\/a>\n\t\t\t<\/div>\n\t\t\t<p class=\"cFlexCaptiontext\">Unsere aktuelle Unterkunft in Ovelg\u00f6nne&nbsp;&nbsp;<a class=\"cFlexAInCaption\" target=\"_blank\" href=\"https:\/\/www.google.com\/maps\/search\/53.342103,8.421527\/@53.342103,8.421527,13z\" rel=\"nobox noopener noreferrer\"><span class=\"tooltip\"><span class=\"myWo\">Wo?<\/span><span class=\"tooltiptext\">Nach Rechtsklick<br>au\u00dferhalb \u00f6ffnen<\/span><\/span><\/a><\/p>\n\t\t<\/div>\n\t<\/div>\n<br \/>\n<\/section>\n<h3 id=\"2026\/08\/03\">2026\/08\/03,&nbsp;Tag&nbsp;7 (7d),<br \/>Teilstrecke: 82,2&nbsp;km,<br \/>Gesamtstrecke: 338,4&nbsp;km<\/h3>\n<p>Normalerweise wird vom Hotel, das wir heute verlie\u00dfen, nur an Wochentagen und nur mittags ein Tagesgericht angeboten. Das einzige Restaurant im Ort hat Betriebsferien und wir h\u00e4tten bis Brake fahren m\u00fcssen, um etwas zu essen. Vorgestern profitierten wir gl\u00fccklicherweise davon, dass in unserem Hotel eine kleine Gesellschaft feierte und wir mitversorgt wurden. So kamen wir in den Genuss eines hervorragenden Spie\u00dfbratens mit jeweils einer Roulade mit Gem\u00fcse, Salat und Kartoffeln. Alles war von guter Qualit\u00e4t und wie auf dem Land \u00fcblich, in ausreichender Menge. Dazu ein frisch gezapftes Bier und wir waren zufrieden.<\/p>\n<p>Das Fr\u00fchst\u00fcck am Sonntagmorgen war \u00e4hnlich gut und wir bummelten sp\u00e4ter ein wenig durch den Ort. Im 16. Jahrhundert gab es eine Burg in <a target=\"_blank\" href=\"https:\/\/de.wikipedia.org\/wiki\/Ovelg%C3%B6nne\" class=\"myAMap01\"><span class=\"mySpanLinkInText\">Ovelg\u00f6nne<\/span><\/a>. Die bestimmte ma\u00dfgeblich die Entwicklung des sehr gepflegten Ortes.<\/p>\n<p>Um 14&nbsp;Uhr \u00f6ffnete das Handwerksmuseum. Einer der Initiatoren des Museums f\u00fchrte uns mit gro\u00dfem Wissen und mit viel Herzblut durch \u201esein\u201c Museum. Wir waren beeindruckt, mit wie viel Einsatz die B\u00fcrger des Ortes ihr Museum ehrenamtlich pflegen. Mehr als zwei interessante Stunden verbrachten wir in diesem gar nicht so kleinen Museum.<\/p>\n<p>Heute schien die Sonne und wir konnten ohne lange Wartezeit mit der F\u00e4hre die Weser \u00fcberqueren. W\u00e4hrend der vorangegangenen Etappen hatte uns der Wind nicht behindert, er kam wie \u00fcblich aus westlicher Richtung. Aus meist s\u00fcdwestlicher Richtung kommend, machte er es uns heute jedoch schwerer und wir freuten uns, bereits wieder etwas Kondition aufgebaut zu haben.<\/p>\n<div class=\"leaflet-map WPLeafletMap\" style=\"height:500px; width:100%;\"><\/div><script>\nwindow.WPLeafletMapPlugin = window.WPLeafletMapPlugin || [];\nwindow.WPLeafletMapPlugin.push(function WPLeafletMapShortcode() {\/*<script>*\/\nvar baseUrl = atob('aHR0cHM6Ly97c30udGlsZS5vcGVuc3RyZWV0bWFwLm9yZy97en0ve3h9L3t5fS5wbmc=');\nvar base = (!baseUrl && window.MQ) ?\n    window.MQ.mapLayer() : L.tileLayer(baseUrl,\n        L.Util.extend({}, {\n            detectRetina: 0,\n        },\n        {\"subdomains\":\"abc\",\"noWrap\":false,\"maxZoom\":20}        )\n    );\n    var options = L.Util.extend({}, {\n        layers: [base],\n        attributionControl: false\n    },\n    {\"zoomControl\":false,\"scrollWheelZoom\":true,\"doubleClickZoom\":false,\"fitBounds\":true,\"minZoom\":0,\"maxZoom\":20,\"maxBounds\":null,\"attribution\":\"<a href=\\\"http:\\\/\\\/leafletjs.com\\\" title=\\\"A JS library for interactive maps\\\">Leaflet<\\\/a>; \\u00a9 <a href=\\\"http:\\\/\\\/www.openstreetmap.org\\\/copyright\\\">OpenStreetMap<\\\/a> contributors\"},\n    {});\nwindow.WPLeafletMapPlugin.createMap(options).setView([0,0],12);window.WPLeafletMapPlugin.createScale({});});<\/script>[elevation gpx=https:\/\/radreise.dosiek.de\/wp-content\/uploads\/gpx\/2026-08-03.gpx ]<br \/>\n[layerswitch ]<br \/>\n[fullscreen ]<br \/>\n[zoomhomemap =true ]\n<section class=\"mySection\" data-featherlight-gallery=\"\" data-featherlight-filter=\"a.myAImg01\">\n\t<p class=\"cFlexAufnDatum\" style=\"margin-top: 0px;margin-bottom: 0px;padding-top: 10px;\"><span class=\"cFlexSpanAufnDatum\">Aufnahmedatum 02\/08\/2026<\/span><\/p>\t<div class=\"cFlexDivProFigures\" style=\"margin-top: 0px;margin-left: 0px;margin-bottom: 0px;\">\n\t\t<div class=\"cFlexColumnProImgAndCaption\">\n\t\t\t<div class=\"cFlexDivProImg\">\n\t\t\t\t<a target=\"_blank\" href=\"wp-content\\uploads\\images\\2026\\202608\\20260802_144941.778.jpg\" class=\"cFlexAInCaption\" rel=\"lightbox noopener noreferrer\"><img decoding=\"async\" class=\"cFlexImg\" src=\"wp-content\\uploads\\images\\2026\\202608\\Thumbs\\20260802_144941.778.jpg\" alt=\"Gestern besuchten wir das Handwerksmuseum Ovelg\u00f6nne\"\/><\/a>\n\t\t\t<\/div>\n\t\t\t<p class=\"cFlexCaptiontext\">Gestern besuchten wir das <a target=\"_blank\" href=\"https:\/\/www.handwerksmuseum-ovelgoenne.de\/\" class=\"myAMap01\"><span class=\"mySpanLinkInCaption\">Handwerksmuseum Ovelg\u00f6nne<\/span><\/a>&nbsp;&nbsp;<a class=\"cFlexAInCaption\" target=\"_blank\" href=\"https:\/\/www.google.com\/maps\/search\/53.341934,8.422834\/@53.341934,8.422834,13z\" rel=\"nobox noopener noreferrer\"><span class=\"tooltip\"><span class=\"myWo\">Wo?<\/span><span class=\"tooltiptext\">Nach Rechtsklick<br>au\u00dferhalb \u00f6ffnen<\/span><\/span><\/a><\/p>\n\t\t<\/div>\n\t\t<div class=\"cFlexColumnProImgAndCaption\">\n\t\t\t<div class=\"cFlexDivProImg\">\n\t\t\t\t<a target=\"_blank\" href=\"wp-content\\uploads\\images\\2026\\202608\\20260802_160013.716.jpg\" class=\"cFlexAInCaption\" rel=\"lightbox noopener noreferrer\"><img decoding=\"async\" class=\"cFlexImg\" src=\"wp-content\\uploads\\images\\2026\\202608\\Thumbs\\20260802_160013.716.jpg\" alt=\"\"\/><\/a>\n\t\t\t<\/div>\n\t\t\t<p class=\"cFlexCaptiontext\">&nbsp;&nbsp;<a class=\"cFlexAInCaption\" target=\"_blank\" href=\"https:\/\/www.google.com\/maps\/search\/53.341934,8.422834\/@53.341934,8.422834,13z\" rel=\"nobox noopener noreferrer\"><span class=\"tooltip\"><span class=\"myWo\">Wo?<\/span><span class=\"tooltiptext\">Nach Rechtsklick<br>au\u00dferhalb \u00f6ffnen<\/span><\/span><\/a><\/p>\n\t\t<\/div>\n\t<\/div>\n\t<p class=\"cFlexAufnDatum\" style=\"margin-top: 0px;margin-bottom: 0px;padding-top: 10px;\"><span class=\"cFlexSpanAufnDatum\">Aufnahmedatum 03\/08\/2026<\/span><\/p>\t<div class=\"cFlexDivProFigures\" style=\"margin-top: 0px;margin-left: 0px;margin-bottom: 0px;\">\n\t\t<div class=\"cFlexColumnProImgAndCaption\">\n\t\t\t<div class=\"cFlexDivProImg\">\n\t\t\t\t<a target=\"_blank\" href=\"wp-content\\uploads\\images\\2026\\202608\\20260803_085316.686.jpg\" class=\"cFlexAInCaption\" rel=\"lightbox noopener noreferrer\"><img decoding=\"async\" class=\"cFlexImg\" src=\"wp-content\\uploads\\images\\2026\\202608\\Thumbs\\20260803_085316.686.jpg\" alt=\"Die Schnellf\u00e4hre Brake &#8211; Sandstedt, die uns \u00fcber die Weser brachte\"\/><\/a>\n\t\t\t<\/div>\n\t\t\t<p class=\"cFlexCaptiontext\">Die <a target=\"_blank\" href=\"https:\/\/www.weser-faehre.de\/\" class=\"myAMap01\"><span class=\"mySpanLinkInCaption\">Schnellf\u00e4hre Brake &#8211; Sandstedt<\/span><\/a>, die uns \u00fcber die Weser brachte&nbsp;&nbsp;<a class=\"cFlexAInCaption\" target=\"_blank\" href=\"https:\/\/www.google.com\/maps\/search\/53.360798,8.494850\/@53.360798,8.494850,13z\" rel=\"nobox noopener noreferrer\"><span class=\"tooltip\"><span class=\"myWo\">Wo?<\/span><span class=\"tooltiptext\">Nach Rechtsklick<br>au\u00dferhalb \u00f6ffnen<\/span><\/span><\/a><\/p>\n\t\t<\/div>\n\t\t<div class=\"cFlexColumnProImgAndCaption\">\n\t\t\t<div class=\"cFlexDivProImg\">\n\t\t\t\t<a target=\"_blank\" href=\"wp-content\\uploads\\images\\2026\\202608\\20260803_090150.339.jpg\" class=\"cFlexAInCaption\" rel=\"lightbox noopener noreferrer\"><img decoding=\"async\" class=\"cFlexImg\" src=\"wp-content\\uploads\\images\\2026\\202608\\Thumbs\\20260803_090150.339.jpg\" alt=\"\"\/><\/a>\n\t\t\t<\/div>\n\t\t\t<p class=\"cFlexCaptiontext\">&nbsp;&nbsp;<a class=\"cFlexAInCaption\" target=\"_blank\" href=\"https:\/\/www.google.com\/maps\/search\/53.360691,8.496244\/@53.360691,8.496244,13z\" rel=\"nobox noopener noreferrer\"><span class=\"tooltip\"><span class=\"myWo\">Wo?<\/span><span class=\"tooltiptext\">Nach Rechtsklick<br>au\u00dferhalb \u00f6ffnen<\/span><\/span><\/a><\/p>\n\t\t<\/div>\n\t\t<div class=\"cFlexColumnProImgAndCaption\">\n\t\t\t<div class=\"cFlexDivProImg\">\n\t\t\t\t<a target=\"_blank\" href=\"wp-content\\uploads\\images\\2026\\202608\\20260803_090255.120.jpg\" class=\"cFlexAInCaption\" rel=\"lightbox noopener noreferrer\"><img decoding=\"async\" class=\"cFlexImg\" src=\"wp-content\\uploads\\images\\2026\\202608\\Thumbs\\20260803_090255.120.jpg\" alt=\"Das Kernkraftwerk Unterweser\"\/><\/a>\n\t\t\t<\/div>\n\t\t\t<p class=\"cFlexCaptiontext\">Das <a target=\"_blank\" href=\"https:\/\/de.wikipedia.org\/wiki\/Kernkraftwerk_Unterweser\" class=\"myAMap01\"><span class=\"mySpanLinkInCaption\">Kernkraftwerk Unterweser<\/span><\/a>&nbsp;&nbsp;<a class=\"cFlexAInCaption\" target=\"_blank\" href=\"https:\/\/www.google.com\/maps\/search\/53.360985,8.497630\/@53.360985,8.497630,13z\" rel=\"nobox noopener noreferrer\"><span class=\"tooltip\"><span class=\"myWo\">Wo?<\/span><span class=\"tooltiptext\">Nach Rechtsklick<br>au\u00dferhalb \u00f6ffnen<\/span><\/span><\/a><\/p>\n\t\t<\/div>\n\t\t<div class=\"cFlexColumnProImgAndCaption\">\n\t\t\t<div class=\"cFlexDivProImg\">\n\t\t\t\t<a target=\"_blank\" href=\"wp-content\\uploads\\images\\2026\\202608\\20260803_091954.713.jpg\" class=\"cFlexAInCaption\" rel=\"lightbox noopener noreferrer\"><img decoding=\"async\" class=\"cFlexImg\" src=\"wp-content\\uploads\\images\\2026\\202608\\Thumbs\\20260803_091954.713.jpg\" alt=\"Froschbiss in einem Graben neben der Stra\u00dfe\"\/><\/a>\n\t\t\t<\/div>\n\t\t\t<p class=\"cFlexCaptiontext\"><a target=\"_blank\" href=\"https:\/\/de.wikipedia.org\/wiki\/Froschbiss\" class=\"myAMap01\"><span class=\"mySpanLinkInCaption\">Froschbiss<\/span><\/a> in einem Graben neben der Stra\u00dfe&nbsp;&nbsp;<a class=\"cFlexAInCaption\" target=\"_blank\" href=\"https:\/\/www.google.com\/maps\/search\/53.359892,8.536756\/@53.359892,8.536756,13z\" rel=\"nobox noopener noreferrer\"><span class=\"tooltip\"><span class=\"myWo\">Wo?<\/span><span class=\"tooltiptext\">Nach Rechtsklick<br>au\u00dferhalb \u00f6ffnen<\/span><\/span><\/a><\/p>\n\t\t<\/div>\n\t\t<div class=\"cFlexColumnProImgAndCaption\">\n\t\t\t<div class=\"cFlexDivProImg\">\n\t\t\t\t<a target=\"_blank\" href=\"wp-content\\uploads\\images\\2026\\202608\\20260803_114436.255.jpg\" class=\"cFlexAInCaption\" rel=\"lightbox noopener noreferrer\"><img decoding=\"async\" class=\"cFlexImg\" src=\"wp-content\\uploads\\images\\2026\\202608\\Thumbs\\20260803_114436.255.jpg\" alt=\"Auch heute fuhren wir wieder \u00fcber wenig befahrene Stra\u00dfen oder auf Radwegen\"\/><\/a>\n\t\t\t<\/div>\n\t\t\t<p class=\"cFlexCaptiontext\">Auch heute fuhren wir wieder \u00fcber wenig befahrene Stra\u00dfen oder auf Radwegen&nbsp;&nbsp;<a class=\"cFlexAInCaption\" target=\"_blank\" href=\"https:\/\/www.google.com\/maps\/search\/53.474677,8.810113\/@53.474677,8.810113,13z\" rel=\"nobox noopener noreferrer\"><span class=\"tooltip\"><span class=\"myWo\">Wo?<\/span><span class=\"tooltiptext\">Nach Rechtsklick<br>au\u00dferhalb \u00f6ffnen<\/span><\/span><\/a><\/p>\n\t\t<\/div>\n\t\t<div class=\"cFlexColumnProImgAndCaption\">\n\t\t\t<div class=\"cFlexDivProImg\">\n\t\t\t\t<a target=\"_blank\" href=\"wp-content\\uploads\\images\\2026\\202608\\20260803_140800.075.jpg\" class=\"cFlexAInCaption\" rel=\"lightbox noopener noreferrer\"><img decoding=\"async\" class=\"cFlexImg\" src=\"wp-content\\uploads\\images\\2026\\202608\\Thumbs\\20260803_140800.075.jpg\" alt=\"K\u00e4lber\"\/><\/a>\n\t\t\t<\/div>\n\t\t\t<p class=\"cFlexCaptiontext\">K\u00e4lber&nbsp;&nbsp;<a class=\"cFlexAInCaption\" target=\"_blank\" href=\"https:\/\/www.google.com\/maps\/search\/53.594372,9.059977\/@53.594372,9.059977,13z\" rel=\"nobox noopener noreferrer\"><span class=\"tooltip\"><span class=\"myWo\">Wo?<\/span><span class=\"tooltiptext\">Nach Rechtsklick<br>au\u00dferhalb \u00f6ffnen<\/span><\/span><\/a><\/p>\n\t\t<\/div>\n\t\t<div class=\"cFlexColumnProImgAndCaption\">\n\t\t\t<div class=\"cFlexDivProImg\">\n\t\t\t\t<a target=\"_blank\" href=\"wp-content\\uploads\\images\\2026\\202608\\20260803_160459.886.jpg\" class=\"cFlexAInCaption\" rel=\"lightbox noopener noreferrer\"><img decoding=\"async\" class=\"cFlexImg\" src=\"wp-content\\uploads\\images\\2026\\202608\\Thumbs\\20260803_160459.886.jpg\" alt=\"Unser aktuelles Hotel in Bornberg, einem Ortsteil von Hechthausen (was ebenso unbekannt sein d\u00fcrfte)\"\/><\/a>\n\t\t\t<\/div>\n\t\t\t<p class=\"cFlexCaptiontext\">Unser aktuelles Hotel in <a target=\"_blank\" href=\"https:\/\/de.wikipedia.org\/wiki\/Bornberg_(Hechthausen)\" class=\"myAMap01\"><span class=\"mySpanLinkInCaption\">Bornberg<\/span><\/a>, einem Ortsteil von Hechthausen (was ebenso unbekannt sein d\u00fcrfte)&nbsp;&nbsp;<a class=\"cFlexAInCaption\" target=\"_blank\" href=\"https:\/\/www.google.com\/maps\/search\/53.652908,9.203565\/@53.652908,9.203565,13z\" rel=\"nobox noopener noreferrer\"><span class=\"tooltip\"><span class=\"myWo\">Wo?<\/span><span class=\"tooltiptext\">Nach Rechtsklick<br>au\u00dferhalb \u00f6ffnen<\/span><\/span><\/a><\/p>\n\t\t<\/div>\n\t<\/div>\n<br \/>\n<\/section>\n<h3 id=\"2026\/08\/05\">2026\/08\/05,&nbsp;Tag&nbsp;9 (9d),<br \/>Teilstrecke: 80,3&nbsp;km,<br \/>Gesamtstrecke: 418,7&nbsp;km<\/h3>\n<p>Der Ruhetag wurde gestern seinem Namen gerecht. Unsere W\u00e4sche war dank des frischen Windes bereits gestern trocken geworden, der Reisebericht war geschrieben und so blieb der Tag zum Entspannen. Es wurde sehr warm, sodass wir nur einen Spaziergang zu einem knapp 3&nbsp;km entfernten Caf\u00e9 unternahmen. Der Ort bietet nichts Besonderes und so nutzten wir die verbleibende Zeit zum Ausruhen. Zum Abendessen gab es Gr\u00fctzwurst, eine norddeutsche Spezialit\u00e4t, die wir uns nicht entgehen lie\u00dfen.<\/p>\n<p>Die Nacht war ungew\u00f6hnlich warm und wir konnten nach dem fr\u00fchen Fr\u00fchst\u00fcck schon kurz\u00e4rmelig starten. Zun\u00e4chst \u00fcberquerten wir den kleinen Fluss Oste. Leider beginnt die Schwebef\u00e4hre ihren Betrieb zu sp\u00e4t f\u00fcr uns, sonst h\u00e4tten wir sie gerne genutzt.<\/p>\n<p>Wischhafen erreichten wir mit dem Anlegen der F\u00e4hre und konnten ohne Zeitverlust die Elbe \u00fcberqueren. Das Wetter blieb sch\u00f6n, doch der meist uns unterst\u00fctzende Wind frischte zunehmend auf. Die Landschaft \u00e4nderte sich, aus der flachen Ebene kamen wir rechtselbisch in eine h\u00fcgelige Gegend. Wir fuhren wenig befahrene Landstra\u00dfen und schmale Radwege durch Felder und bewaldete Abschnitte. Hier sahen wir wie an den vorangegangenen Tagen viele G\u00e4nse, Reiher und sogar ein Reh.<\/p>\n<p>Heavy-Metal entspricht nicht ganz unserem Musikgeschmack, wodurch wir erst bei der Recherche zu einem Foto bemerkten, dass wir knapp die Zeit des <a target=\"_blank\" href=\"https:\/\/de.wikipedia.org\/wiki\/Wacken_Open_Air\" class=\"myAMap01\"><span class=\"mySpanLinkInText\">Wacken Open Air<\/span><\/a> verpasst hatten. Nichtsahnend h\u00e4tten wir nur wenige Tage vorher selbst im weiteren Umfeld sicher keine Schlafm\u00f6glichkeit gefunden, nicht einmal auf einem Campingplatz.<\/p>\n<div class=\"leaflet-map WPLeafletMap\" style=\"height:500px; width:100%;\"><\/div><script>\nwindow.WPLeafletMapPlugin = window.WPLeafletMapPlugin || [];\nwindow.WPLeafletMapPlugin.push(function WPLeafletMapShortcode() {\/*<script>*\/\nvar baseUrl = atob('aHR0cHM6Ly97c30udGlsZS5vcGVuc3RyZWV0bWFwLm9yZy97en0ve3h9L3t5fS5wbmc=');\nvar base = (!baseUrl && window.MQ) ?\n    window.MQ.mapLayer() : L.tileLayer(baseUrl,\n        L.Util.extend({}, {\n            detectRetina: 0,\n        },\n        {\"subdomains\":\"abc\",\"noWrap\":false,\"maxZoom\":20}        )\n    );\n    var options = L.Util.extend({}, {\n        layers: [base],\n        attributionControl: false\n    },\n    {\"zoomControl\":false,\"scrollWheelZoom\":true,\"doubleClickZoom\":false,\"fitBounds\":true,\"minZoom\":0,\"maxZoom\":20,\"maxBounds\":null,\"attribution\":\"<a href=\\\"http:\\\/\\\/leafletjs.com\\\" title=\\\"A JS library for interactive maps\\\">Leaflet<\\\/a>; \\u00a9 <a href=\\\"http:\\\/\\\/www.openstreetmap.org\\\/copyright\\\">OpenStreetMap<\\\/a> contributors\"},\n    {});\nwindow.WPLeafletMapPlugin.createMap(options).setView([0,0],12);window.WPLeafletMapPlugin.createScale({});});<\/script>[elevation gpx=https:\/\/radreise.dosiek.de\/wp-content\/uploads\/gpx\/2026-08-05.gpx ]<br \/>\n[layerswitch ]<br \/>\n[fullscreen ]<br \/>\n[zoomhomemap =true ]\n<section class=\"mySection\" data-featherlight-gallery=\"\" data-featherlight-filter=\"a.myAImg01\">\n\t<p class=\"cFlexAufnDatum\" style=\"margin-top: 0px;margin-bottom: 0px;padding-top: 10px;\"><span class=\"cFlexSpanAufnDatum\">Aufnahmedatum 05\/08\/2026<\/span><\/p>\t<div class=\"cFlexDivProFigures\" style=\"margin-top: 0px;margin-left: 0px;margin-bottom: 0px;\">\n\t\t<div class=\"cFlexColumnProImgAndCaption\">\n\t\t\t<div class=\"cFlexDivProImg\">\n\t\t\t\t<a target=\"_blank\" href=\"wp-content\\uploads\\images\\2026\\202608\\20260805_082734.425.jpg\" class=\"cFlexAInCaption\" rel=\"lightbox noopener noreferrer\"><img decoding=\"async\" class=\"cFlexImg\" src=\"wp-content\\uploads\\images\\2026\\202608\\Thumbs\\20260805_082734.425.jpg\" alt=\"Die Schwebef\u00e4hre Osten\u2013Hemmoor \u00fcber die Oste\"\/><\/a>\n\t\t\t<\/div>\n\t\t\t<p class=\"cFlexCaptiontext\">Die <a target=\"_blank\" href=\"https:\/\/de.wikipedia.org\/wiki\/Schwebef%C3%A4hre_Osten%E2%80%93Hemmoor\" class=\"myAMap01\"><span class=\"mySpanLinkInCaption\">Schwebef\u00e4hre Osten\u2013Hemmoor<\/span><\/a> \u00fcber die Oste&nbsp;&nbsp;<a class=\"cFlexAInCaption\" target=\"_blank\" href=\"https:\/\/www.google.com\/maps\/search\/53.695173,9.178776\/@53.695173,9.178776,13z\" rel=\"nobox noopener noreferrer\"><span class=\"tooltip\"><span class=\"myWo\">Wo?<\/span><span class=\"tooltiptext\">Nach Rechtsklick<br>au\u00dferhalb \u00f6ffnen<\/span><\/span><\/a><\/p>\n\t\t<\/div>\n\t\t<div class=\"cFlexColumnProImgAndCaption\">\n\t\t\t<div class=\"cFlexDivProImg\">\n\t\t\t\t<a target=\"_blank\" href=\"wp-content\\uploads\\images\\2026\\202608\\20260805_082743.726.jpg\" class=\"cFlexAInCaption\" rel=\"lightbox noopener noreferrer\"><img decoding=\"async\" class=\"cFlexImg\" src=\"wp-content\\uploads\\images\\2026\\202608\\Thumbs\\20260805_082743.726.jpg\" alt=\"\"\/><\/a>\n\t\t\t<\/div>\n\t\t\t<p class=\"cFlexCaptiontext\">&nbsp;&nbsp;<a class=\"cFlexAInCaption\" target=\"_blank\" href=\"https:\/\/www.google.com\/maps\/search\/53.695176,9.178780\/@53.695176,9.178780,13z\" rel=\"nobox noopener noreferrer\"><span class=\"tooltip\"><span class=\"myWo\">Wo?<\/span><span class=\"tooltiptext\">Nach Rechtsklick<br>au\u00dferhalb \u00f6ffnen<\/span><\/span><\/a><\/p>\n\t\t<\/div>\n\t\t<div class=\"cFlexColumnProImgAndCaption\">\n\t\t\t<div class=\"cFlexDivProImg\">\n\t\t\t\t<a target=\"_blank\" href=\"wp-content\\uploads\\images\\2026\\202608\\20260805_092437.909.jpg\" class=\"cFlexAInCaption\" rel=\"lightbox noopener noreferrer\"><img decoding=\"async\" class=\"cFlexImg\" src=\"wp-content\\uploads\\images\\2026\\202608\\Thumbs\\20260805_092437.909.jpg\" alt=\"Auf der Elbf\u00e4hre Gl\u00fcckstadt Wischhafen\"\/><\/a>\n\t\t\t<\/div>\n\t\t\t<p class=\"cFlexCaptiontext\">Auf der <a target=\"_blank\" href=\"https:\/\/de.wikipedia.org\/wiki\/FRS_Elbf%C3%A4hre_Gl%C3%BCckstadt_Wischhafen\" class=\"myAMap01\"><span class=\"mySpanLinkInCaption\">Elbf\u00e4hre Gl\u00fcckstadt Wischhafen<\/span><\/a>&nbsp;&nbsp;<a class=\"cFlexAInCaption\" target=\"_blank\" href=\"https:\/\/www.google.com\/maps\/search\/53.787960,9.346024\/@53.787960,9.346024,13z\" rel=\"nobox noopener noreferrer\"><span class=\"tooltip\"><span class=\"myWo\">Wo?<\/span><span class=\"tooltiptext\">Nach Rechtsklick<br>au\u00dferhalb \u00f6ffnen<\/span><\/span><\/a><\/p>\n\t\t<\/div>\n\t\t<div class=\"cFlexColumnProImgAndCaption\">\n\t\t\t<div class=\"cFlexDivProImg\">\n\t\t\t\t<a target=\"_blank\" href=\"wp-content\\uploads\\images\\2026\\202608\\20260805_093044.880.jpg\" class=\"cFlexAInCaption\" rel=\"lightbox noopener noreferrer\"><img decoding=\"async\" class=\"cFlexImg\" src=\"wp-content\\uploads\\images\\2026\\202608\\Thumbs\\20260805_093044.880.jpg\" alt=\"Das Kernkraftwerk Brokdorf\"\/><\/a>\n\t\t\t<\/div>\n\t\t\t<p class=\"cFlexCaptiontext\">Das <a target=\"_blank\" href=\"https:\/\/de.wikipedia.org\/wiki\/Kernkraftwerk_Brokdorf\" class=\"myAMap01\"><span class=\"mySpanLinkInCaption\">Kernkraftwerk Brokdorf<\/span><\/a>&nbsp;&nbsp;<a class=\"cFlexAInCaption\" target=\"_blank\" href=\"https:\/\/www.google.com\/maps\/search\/53.789288,9.356183\/@53.789288,9.356183,13z\" rel=\"nobox noopener noreferrer\"><span class=\"tooltip\"><span class=\"myWo\">Wo?<\/span><span class=\"tooltiptext\">Nach Rechtsklick<br>au\u00dferhalb \u00f6ffnen<\/span><\/span><\/a><\/p>\n\t\t<\/div>\n\t\t<div class=\"cFlexColumnProImgAndCaption\">\n\t\t\t<div class=\"cFlexDivProImg\">\n\t\t\t\t<a target=\"_blank\" href=\"wp-content\\uploads\\images\\2026\\202608\\20260805_093957.811.jpg\" class=\"cFlexAInCaption\" rel=\"lightbox noopener noreferrer\"><img decoding=\"async\" class=\"cFlexImg\" src=\"wp-content\\uploads\\images\\2026\\202608\\Thumbs\\20260805_093957.811.jpg\" alt=\"Das Siedewasserkernkraftwerk Brunsb\u00fcttel\"\/><\/a>\n\t\t\t<\/div>\n\t\t\t<p class=\"cFlexCaptiontext\">Das <a target=\"_blank\" href=\"https:\/\/de.wikipedia.org\/wiki\/Kernkraftwerk_Brunsb%C3%BCttel\" class=\"myAMap01\"><span class=\"mySpanLinkInCaption\">Siedewasserkernkraftwerk Brunsb\u00fcttel<\/span><\/a>&nbsp;&nbsp;<a class=\"cFlexAInCaption\" target=\"_blank\" href=\"https:\/\/www.google.com\/maps\/search\/53.801144,9.386452\/@53.801144,9.386452,13z\" rel=\"nobox noopener noreferrer\"><span class=\"tooltip\"><span class=\"myWo\">Wo?<\/span><span class=\"tooltiptext\">Nach Rechtsklick<br>au\u00dferhalb \u00f6ffnen<\/span><\/span><\/a><\/p>\n\t\t<\/div>\n\t\t<div class=\"cFlexColumnProImgAndCaption\">\n\t\t\t<div class=\"cFlexDivProImg\">\n\t\t\t\t<a target=\"_blank\" href=\"wp-content\\uploads\\images\\2026\\202608\\20260805_124715.829.jpg\" class=\"cFlexAInCaption\" rel=\"lightbox noopener noreferrer\"><img decoding=\"async\" class=\"cFlexImg\" src=\"wp-content\\uploads\\images\\2026\\202608\\Thumbs\\20260805_124715.829.jpg\" alt=\"Wacken Open Air 2026 haben wir (leider?) knapp verpasst (29. Juli \u2013 1. August 2026)\"\/><\/a>\n\t\t\t<\/div>\n\t\t\t<p class=\"cFlexCaptiontext\"><a target=\"_blank\" href=\"https:\/\/de.wikipedia.org\/wiki\/Wacken_Open_Air\" class=\"myAMap01\"><span class=\"mySpanLinkInCaption\">Wacken Open Air<\/span><\/a> 2026 haben wir (leider?) knapp verpasst (29. Juli \u2013 1. August 2026)&nbsp;&nbsp;<a class=\"cFlexAInCaption\" target=\"_blank\" href=\"https:\/\/www.google.com\/maps\/search\/53.981234,9.432585\/@53.981234,9.432585,13z\" rel=\"nobox noopener noreferrer\"><span class=\"tooltip\"><span class=\"myWo\">Wo?<\/span><span class=\"tooltiptext\">Nach Rechtsklick<br>au\u00dferhalb \u00f6ffnen<\/span><\/span><\/a><\/p>\n\t\t<\/div>\n\t\t<div class=\"cFlexColumnProImgAndCaption\">\n\t\t\t<div class=\"cFlexDivProImg\">\n\t\t\t\t<a target=\"_blank\" href=\"wp-content\\uploads\\images\\2026\\202608\\20260805_150142.092.jpg\" class=\"cFlexAInCaption\" rel=\"lightbox noopener noreferrer\"><img decoding=\"async\" class=\"cFlexImg\" src=\"wp-content\\uploads\\images\\2026\\202608\\Thumbs\\20260805_150142.092.jpg\" alt=\"Unsere aktuelle Unterkunft in Hademarschen\"\/><\/a>\n\t\t\t<\/div>\n\t\t\t<p class=\"cFlexCaptiontext\">Unsere aktuelle Unterkunft in Hademarschen&nbsp;&nbsp;<a class=\"cFlexAInCaption\" target=\"_blank\" href=\"https:\/\/www.google.com\/maps\/search\/54.122777,9.412555\/@54.122777,9.412555,13z\" rel=\"nobox noopener noreferrer\"><span class=\"tooltip\"><span class=\"myWo\">Wo?<\/span><span class=\"tooltiptext\">Nach Rechtsklick<br>au\u00dferhalb \u00f6ffnen<\/span><\/span><\/a><\/p>\n\t\t<\/div>\n\t<\/div>\n<br \/>\n<\/section>\n<h3 id=\"2026\/08\/07\">2026\/08\/07,&nbsp;Tag&nbsp;11 (11d),<br \/>Teilstrecke: 70,5&nbsp;km,<br \/>Gesamtstrecke: 489,2&nbsp;km<\/h3>\n<p>Nachdem wir in Ovelg\u00f6nne an einem Sonntag kein Mittag- und Abendessen bekommen konnten, erkundigten wir uns im <a target=\"_blank\" href=\"https:\/\/www.koehlbarg.de\/de\/index.html\" class=\"myAMap01\"><span class=\"mySpanLinkInText\">Landgasthof K\u00f6hlbarg<\/span><\/a> unmittelbar nach unserer Ankunft, ob das Restaurant ge\u00f6ffnet sei. Man veranstalte ein Grill-B\u00fcfett, an dem wir teilnehmen k\u00f6nnten, gab man uns zur Antwort. Das, was qualitativ geboten wurde, \u00fcbertraf bei Weitem unsere Erwartungen. Zu einem ausgesprochen g\u00fcnstigen Preis gab es ein \u00e4u\u00dferst umfangreiches Vorspeisenangebot und das gegrillte Fisch- und Fleischangebot war ebenfalls \u00fcberdurchschnittlich. Selbst von z. B. Scholle oder Shrimps konnte man sich unbegrenzt bedienen, es wurde permanent nachgelegt. Es waren gesch\u00e4tzt mehr als 80 G\u00e4ste, die sich dieses Ereignis nicht entgehen lie\u00dfen. Angesichts der f\u00fcr den relativ kleinen Ort erstaunlich gut besuchten Veranstaltung gingen wir davon aus, dass es sich um einen H\u00f6hepunkt des Jahres handeln m\u00fcsse, zu dem dann der halbe Ort k\u00e4me. Der Wirt erkl\u00e4rte uns jedoch, dass das Grill-B\u00fcfett jeden Mittwoch veranstaltet w\u00fcrde. Am n\u00e4chsten Abend probierten wir das 250-g-Rumpsteak von einer Schleswig-Holsteinischen F\u00e4rse. Auch das war von ausgezeichneter Qualit\u00e4t und das Lokal gut besucht. Es scheint, dass mit guter Qualit\u00e4t und moderaten Preisen noch immer erfolgreich Gastst\u00e4tten betrieben werden k\u00f6nnnen.<\/p>\n<p>Unsere Freunde in Ulsnis, die wir heute erreichten, informierten uns per WhatsApp, dass die F\u00e4hre \u00fcber die Schlei, <a target=\"_blank\" href=\"https:\/\/de.wikipedia.org\/wiki\/Missunde_III\" class=\"myAMap01\"><span class=\"mySpanLinkInText\">Missunde III<\/span><\/a>, au\u00dfer Betrieb sei. Zu dem Zeitpunkt hatten wir das bereits einer \u00fcberregionalen Zeitung entnommen und unsere urspr\u00fcngliche Route entsprechend ge\u00e4ndert. Sucht man unter dem Namen der F\u00e4hre, liefert Google eine Vielzahl von Links auf Berichte \u00fcber die zahlreichen, teuren Pannen, die diese Solarf\u00e4hre bisher ereilten. Es w\u00e4re ohnehin nur eine kurze Etappe geworden, sodass der Umweg, den wir \u00fcber Schleswig nehmen mussten, uns nicht st\u00f6rte.<\/p>\n<p>Wir waren erfreut zu h\u00f6ren, dass wir bei unseren Gastgebern Freunde aus der Studentenverbindung auf dem Weg zu ihrem Ferienhaus auf F\u00f6hr zum Kaffeetrinken treffen w\u00fcrden. Wenn wir nicht im Ausland unterwegs sind, sehen wir zwar unsere Freunde, die w\u00e4hrend der Studienzeit von Diez ebenfalls in der Verbindung aktiv waren, auch w\u00e4hrend der j\u00e4hrlichen Treffen, doch es ist sch\u00f6n, wenn man sich etwas l\u00e4nger unterhalten kann als dies w\u00e4hrend solcher Veranstaltungen m\u00f6glich ist.<\/p>\n<div class=\"leaflet-map WPLeafletMap\" style=\"height:500px; width:100%;\"><\/div><script>\nwindow.WPLeafletMapPlugin = window.WPLeafletMapPlugin || [];\nwindow.WPLeafletMapPlugin.push(function WPLeafletMapShortcode() {\/*<script>*\/\nvar baseUrl = atob('aHR0cHM6Ly97c30udGlsZS5vcGVuc3RyZWV0bWFwLm9yZy97en0ve3h9L3t5fS5wbmc=');\nvar base = (!baseUrl && window.MQ) ?\n    window.MQ.mapLayer() : L.tileLayer(baseUrl,\n        L.Util.extend({}, {\n            detectRetina: 0,\n        },\n        {\"subdomains\":\"abc\",\"noWrap\":false,\"maxZoom\":20}        )\n    );\n    var options = L.Util.extend({}, {\n        layers: [base],\n        attributionControl: false\n    },\n    {\"zoomControl\":false,\"scrollWheelZoom\":true,\"doubleClickZoom\":false,\"fitBounds\":true,\"minZoom\":0,\"maxZoom\":20,\"maxBounds\":null,\"attribution\":\"<a href=\\\"http:\\\/\\\/leafletjs.com\\\" title=\\\"A JS library for interactive maps\\\">Leaflet<\\\/a>; \\u00a9 <a href=\\\"http:\\\/\\\/www.openstreetmap.org\\\/copyright\\\">OpenStreetMap<\\\/a> contributors\"},\n    {});\nwindow.WPLeafletMapPlugin.createMap(options).setView([0,0],12);window.WPLeafletMapPlugin.createScale({});});<\/script>[elevation gpx=https:\/\/radreise.dosiek.de\/wp-content\/uploads\/gpx\/2026-08-07.gpx ]<br \/>\n[layerswitch ]<br \/>\n[fullscreen ]<br \/>\n[zoomhomemap =true ]\n<section class=\"mySection\" data-featherlight-gallery=\"\" data-featherlight-filter=\"a.myAImg01\">\n\t<p class=\"cFlexAufnDatum\" style=\"margin-top: 0px;margin-bottom: 0px;padding-top: 10px;\"><span class=\"cFlexSpanAufnDatum\">Aufnahmedatum 07\/08\/2026<\/span><\/p>\t<div class=\"cFlexDivProFigures\" style=\"margin-top: 0px;margin-left: 0px;margin-bottom: 0px;\">\n\t\t<div class=\"cFlexColumnProImgAndCaption\">\n\t\t\t<div class=\"cFlexDivProImg\">\n\t\t\t\t<a target=\"_blank\" href=\"wp-content\\uploads\\images\\2026\\202608\\20260807_084227.308.jpg\" class=\"cFlexAInCaption\" rel=\"lightbox noopener noreferrer\"><img decoding=\"async\" class=\"cFlexImg\" src=\"wp-content\\uploads\\images\\2026\\202608\\Thumbs\\20260807_084227.308.jpg\" alt=\"Unsere F\u00e4hre \u00fcber den Nord-Ostsee-Kanal\"\/><\/a>\n\t\t\t<\/div>\n\t\t\t<p class=\"cFlexCaptiontext\">Unsere F\u00e4hre \u00fcber den <a target=\"_blank\" href=\"https:\/\/de.wikipedia.org\/wiki\/Nord-Ostsee-Kanal\" class=\"myAMap01\"><span class=\"mySpanLinkInCaption\">Nord-Ostsee-Kanal<\/span><\/a>&nbsp;&nbsp;<a class=\"cFlexAInCaption\" target=\"_blank\" href=\"https:\/\/www.google.com\/maps\/search\/54.173927,9.451203\/@54.173927,9.451203,13z\" rel=\"nobox noopener noreferrer\"><span class=\"tooltip\"><span class=\"myWo\">Wo?<\/span><span class=\"tooltiptext\">Nach Rechtsklick<br>au\u00dferhalb \u00f6ffnen<\/span><\/span><\/a><\/p>\n\t\t<\/div>\n\t\t<div class=\"cFlexColumnProImgAndCaption\">\n\t\t\t<div class=\"cFlexDivProImg\">\n\t\t\t\t<a target=\"_blank\" href=\"wp-content\\uploads\\images\\2026\\202608\\20260807_084552.754.jpg\" class=\"cFlexAInCaption\" rel=\"lightbox noopener noreferrer\"><img decoding=\"async\" class=\"cFlexImg\" src=\"wp-content\\uploads\\images\\2026\\202608\\Thumbs\\20260807_084552.754.jpg\" alt=\"\"\/><\/a>\n\t\t\t<\/div>\n\t\t\t<p class=\"cFlexCaptiontext\">&nbsp;&nbsp;<a class=\"cFlexAInCaption\" target=\"_blank\" href=\"https:\/\/www.google.com\/maps\/search\/54.174349,9.450746\/@54.174349,9.450746,13z\" rel=\"nobox noopener noreferrer\"><span class=\"tooltip\"><span class=\"myWo\">Wo?<\/span><span class=\"tooltiptext\">Nach Rechtsklick<br>au\u00dferhalb \u00f6ffnen<\/span><\/span><\/a><\/p>\n\t\t<\/div>\n\t\t<div class=\"cFlexColumnProImgAndCaption\">\n\t\t\t<div class=\"cFlexDivProImg\">\n\t\t\t\t<a target=\"_blank\" href=\"wp-content\\uploads\\images\\2026\\202608\\20260807_085633.750.jpg\" class=\"cFlexAInCaption\" rel=\"lightbox noopener noreferrer\"><img decoding=\"async\" class=\"cFlexImg\" src=\"wp-content\\uploads\\images\\2026\\202608\\Thumbs\\20260807_085633.750.jpg\" alt=\"&#8230; das gewohnte Bild\"\/><\/a>\n\t\t\t<\/div>\n\t\t\t<p class=\"cFlexCaptiontext\">&#8230; das gewohnte Bild&nbsp;&nbsp;<a class=\"cFlexAInCaption\" target=\"_blank\" href=\"https:\/\/www.google.com\/maps\/search\/54.192770,9.457187\/@54.192770,9.457187,13z\" rel=\"nobox noopener noreferrer\"><span class=\"tooltip\"><span class=\"myWo\">Wo?<\/span><span class=\"tooltiptext\">Nach Rechtsklick<br>au\u00dferhalb \u00f6ffnen<\/span><\/span><\/a><\/p>\n\t\t<\/div>\n\t\t<div class=\"cFlexColumnProImgAndCaption\">\n\t\t\t<div class=\"cFlexDivProImg\">\n\t\t\t\t<a target=\"_blank\" href=\"wp-content\\uploads\\images\\2026\\202608\\20260807_091746.847.jpg\" class=\"cFlexAInCaption\" rel=\"lightbox noopener noreferrer\"><img decoding=\"async\" class=\"cFlexImg\" src=\"wp-content\\uploads\\images\\2026\\202608\\Thumbs\\20260807_091746.847.jpg\" alt=\"Die Eider\"\/><\/a>\n\t\t\t<\/div>\n\t\t\t<p class=\"cFlexCaptiontext\">Die <a target=\"_blank\" href=\"https:\/\/de.wikipedia.org\/wiki\/Eider\" class=\"myAMap01\"><span class=\"mySpanLinkInCaption\">Eider<\/span><\/a>&nbsp;&nbsp;<a class=\"cFlexAInCaption\" target=\"_blank\" href=\"https:\/\/www.google.com\/maps\/search\/54.215070,9.530725\/@54.215070,9.530725,13z\" rel=\"nobox noopener noreferrer\"><span class=\"tooltip\"><span class=\"myWo\">Wo?<\/span><span class=\"tooltiptext\">Nach Rechtsklick<br>au\u00dferhalb \u00f6ffnen<\/span><\/span><\/a><\/p>\n\t\t<\/div>\n\t\t<div class=\"cFlexColumnProImgAndCaption\">\n\t\t\t<div class=\"cFlexDivProImg\">\n\t\t\t\t<a target=\"_blank\" href=\"wp-content\\uploads\\images\\2026\\202608\\20260807_115619.573.jpg\" class=\"cFlexAInCaption\" rel=\"lightbox noopener noreferrer\"><img decoding=\"async\" class=\"cFlexImg\" src=\"wp-content\\uploads\\images\\2026\\202608\\Thumbs\\20260807_115619.573.jpg\" alt=\"\"\/><\/a>\n\t\t\t<\/div>\n\t\t\t<p class=\"cFlexCaptiontext\">&nbsp;&nbsp;<a class=\"cFlexAInCaption\" target=\"_blank\" href=\"https:\/\/www.google.com\/maps\/search\/54.481443,9.550078\/@54.481443,9.550078,13z\" rel=\"nobox noopener noreferrer\"><span class=\"tooltip\"><span class=\"myWo\">Wo?<\/span><span class=\"tooltiptext\">Nach Rechtsklick<br>au\u00dferhalb \u00f6ffnen<\/span><\/span><\/a><\/p>\n\t\t<\/div>\n\t\t<div class=\"cFlexColumnProImgAndCaption\">\n\t\t\t<div class=\"cFlexDivProImg\">\n\t\t\t\t<a target=\"_blank\" href=\"wp-content\\uploads\\images\\2026\\202608\\20260807_123708.485.jpg\" class=\"cFlexAInCaption\" rel=\"lightbox noopener noreferrer\"><img decoding=\"async\" class=\"cFlexImg\" src=\"wp-content\\uploads\\images\\2026\\202608\\Thumbs\\20260807_123708.485.jpg\" alt=\"In Schleswig mit Blick auf das langgestreckte Ende der Schleim\u00fcndung\"\/><\/a>\n\t\t\t<\/div>\n\t\t\t<p class=\"cFlexCaptiontext\">In <a target=\"_blank\" href=\"https:\/\/de.wikipedia.org\/wiki\/Schleswig\" class=\"myAMap01\"><span class=\"mySpanLinkInCaption\">Schleswig<\/span><\/a> mit Blick auf das langgestreckte Ende der <a target=\"_blank\" href=\"https:\/\/de.wikipedia.org\/wiki\/Schlei\" class=\"myAMap01\"><span class=\"mySpanLinkInCaption\">Schleim\u00fcndung<\/span><\/a>&nbsp;&nbsp;<a class=\"cFlexAInCaption\" target=\"_blank\" href=\"https:\/\/www.google.com\/maps\/search\/54.509972,9.544808\/@54.509972,9.544808,13z\" rel=\"nobox noopener noreferrer\"><span class=\"tooltip\"><span class=\"myWo\">Wo?<\/span><span class=\"tooltiptext\">Nach Rechtsklick<br>au\u00dferhalb \u00f6ffnen<\/span><\/span><\/a><\/p>\n\t\t<\/div>\n\t\t<div class=\"cFlexColumnProImgAndCaption\">\n\t\t\t<div class=\"cFlexDivProImg\">\n\t\t\t\t<a target=\"_blank\" href=\"wp-content\\uploads\\images\\2026\\202608\\20260807_131739.524.jpg\" class=\"cFlexAInCaption\" rel=\"lightbox noopener noreferrer\"><img decoding=\"async\" class=\"cFlexImg\" src=\"wp-content\\uploads\\images\\2026\\202608\\Thumbs\\20260807_131739.524.jpg\" alt=\"Ebenfalls die Schleim\u00fcndung, etwas weiter \u00f6stlich\"\/><\/a>\n\t\t\t<\/div>\n\t\t\t<p class=\"cFlexCaptiontext\">Ebenfalls die Schleim\u00fcndung, etwas weiter \u00f6stlich&nbsp;&nbsp;<a class=\"cFlexAInCaption\" target=\"_blank\" href=\"https:\/\/www.google.com\/maps\/search\/54.536470,9.660306\/@54.536470,9.660306,13z\" rel=\"nobox noopener noreferrer\"><span class=\"tooltip\"><span class=\"myWo\">Wo?<\/span><span class=\"tooltiptext\">Nach Rechtsklick<br>au\u00dferhalb \u00f6ffnen<\/span><\/span><\/a><\/p>\n\t\t<\/div>\n\t\t<div class=\"cFlexColumnProImgAndCaption\">\n\t\t\t<div class=\"cFlexDivProImg\">\n\t\t\t\t<a target=\"_blank\" href=\"wp-content\\uploads\\images\\2026\\202608\\20260807_134820.168.jpg\" class=\"cFlexAInCaption\" rel=\"lightbox noopener noreferrer\"><img decoding=\"async\" class=\"cFlexImg\" src=\"wp-content\\uploads\\images\\2026\\202608\\Thumbs\\20260807_134820.168.jpg\" alt=\"Das Haus unserer Freunde in Ulsnis, in dem wir auch \u00fcbernachten durften\"\/><\/a>\n\t\t\t<\/div>\n\t\t\t<p class=\"cFlexCaptiontext\">Das Haus unserer Freunde in Ulsnis, in dem wir auch \u00fcbernachten durften&nbsp;&nbsp;<a class=\"cFlexAInCaption\" target=\"_blank\" href=\"https:\/\/www.google.com\/maps\/search\/54.568411,9.750036\/@54.568411,9.750036,13z\" rel=\"nobox noopener noreferrer\"><span class=\"tooltip\"><span class=\"myWo\">Wo?<\/span><span class=\"tooltiptext\">Nach Rechtsklick<br>au\u00dferhalb \u00f6ffnen<\/span><\/span><\/a><\/p>\n\t\t<\/div>\n\t<\/div>\n<br \/>\n<\/section>\n<h3 id=\"2026\/08\/09\">2026\/08\/09,&nbsp;Tag&nbsp;13 (13d),<br \/>Teilstrecke: 78,8&nbsp;km,<br \/>Gesamtstrecke: 568,0&nbsp;km<\/h3>\n<p>Dadurch, dass sich unser Gastgeber vorbildlich in der Verbindung engagiert und stark vernetzt ist, war es nicht verwunderlich, dass sich, nachdem wir bereits vorgestern einen Bundesbruder und seine Frau getroffen hatten, gestern zum Kaffeetrinken zwei andere Bundesbr\u00fcder einfanden.<\/p>\n<p>Von unseren Freunden an der Schlei mussten wir, da wir entlang der d\u00e4nische Nordseek\u00fcste nach Norden fahren wollen, nach Westen. Das h\u00e4tte bei der vorherrschenden nordwestlichen Windrichtung bedeutet, dass wir heute mit Gegenwind zu k\u00e4mpfen gehabt h\u00e4tten. Als wir gestern Abend die Wetterprognose studierten, stellten wir erfreut fest, dass es nicht nur trocken bleiben sollte, sondern sogar s\u00fcdlicher bis s\u00fcdwestlicher Wind herrschen sollte. Entsprechend leicht fuhr es sich heute und wir erreichten unsere Unterkunft in <a target=\"_blank\" href=\"https:\/\/de.wikipedia.org\/wiki\/S%C3%BCderl%C3%BCgum\" class=\"myAMap01\"><span class=\"mySpanLinkInText\">S\u00fcderl\u00fcgum<\/span><\/a> bereits vor 14&nbsp;Uhr.<\/p>\n<div class=\"leaflet-map WPLeafletMap\" style=\"height:500px; width:100%;\"><\/div><script>\nwindow.WPLeafletMapPlugin = window.WPLeafletMapPlugin || [];\nwindow.WPLeafletMapPlugin.push(function WPLeafletMapShortcode() {\/*<script>*\/\nvar baseUrl = atob('aHR0cHM6Ly97c30udGlsZS5vcGVuc3RyZWV0bWFwLm9yZy97en0ve3h9L3t5fS5wbmc=');\nvar base = (!baseUrl && window.MQ) ?\n    window.MQ.mapLayer() : L.tileLayer(baseUrl,\n        L.Util.extend({}, {\n            detectRetina: 0,\n        },\n        {\"subdomains\":\"abc\",\"noWrap\":false,\"maxZoom\":20}        )\n    );\n    var options = L.Util.extend({}, {\n        layers: [base],\n        attributionControl: false\n    },\n    {\"zoomControl\":false,\"scrollWheelZoom\":true,\"doubleClickZoom\":false,\"fitBounds\":true,\"minZoom\":0,\"maxZoom\":20,\"maxBounds\":null,\"attribution\":\"<a href=\\\"http:\\\/\\\/leafletjs.com\\\" title=\\\"A JS library for interactive maps\\\">Leaflet<\\\/a>; \\u00a9 <a href=\\\"http:\\\/\\\/www.openstreetmap.org\\\/copyright\\\">OpenStreetMap<\\\/a> contributors\"},\n    {});\nwindow.WPLeafletMapPlugin.createMap(options).setView([0,0],12);window.WPLeafletMapPlugin.createScale({});});<\/script>[elevation gpx=https:\/\/radreise.dosiek.de\/wp-content\/uploads\/gpx\/2026-08-09.gpx ]<br \/>\n[layerswitch ]<br \/>\n[fullscreen ]<br \/>\n[zoomhomemap =true ]\n<section class=\"mySection\" data-featherlight-gallery=\"\" data-featherlight-filter=\"a.myAImg01\">\n\t<p class=\"cFlexAufnDatum\" style=\"margin-top: 0px;margin-bottom: 0px;padding-top: 10px;\"><span class=\"cFlexSpanAufnDatum\">Aufnahmedatum 07\/08\/2026<\/span><\/p>\t<div class=\"cFlexDivProFigures\" style=\"margin-top: 0px;margin-left: 0px;margin-bottom: 0px;\">\n\t\t<div class=\"cFlexColumnProImgAndCaption\">\n\t\t\t<div class=\"cFlexDivProImg\">\n\t\t\t\t<a target=\"_blank\" href=\"wp-content\\uploads\\images\\2026\\202608\\20260807_165840.694.jpg\" class=\"cFlexAInCaption\" rel=\"lightbox noopener noreferrer\"><img decoding=\"async\" class=\"cFlexImg\" src=\"wp-content\\uploads\\images\\2026\\202608\\Thumbs\\20260807_165840.694.jpg\" alt=\"Unsere Gastgeber, rechts, und weitere G\u00e4ste, im Bild auf der linken Seite, mit denen wir ebenfalls befreundet sind\"\/><\/a>\n\t\t\t<\/div>\n\t\t\t<p class=\"cFlexCaptiontext\">Unsere Gastgeber, rechts, und weitere G\u00e4ste, im Bild auf der linken Seite, mit denen wir ebenfalls befreundet sind&nbsp;&nbsp;<a class=\"cFlexAInCaption\" target=\"_blank\" href=\"https:\/\/www.google.com\/maps\/search\/54.568373,9.750119\/@54.568373,9.750119,13z\" rel=\"nobox noopener noreferrer\"><span class=\"tooltip\"><span class=\"myWo\">Wo?<\/span><span class=\"tooltiptext\">Nach Rechtsklick<br>au\u00dferhalb \u00f6ffnen<\/span><\/span><\/a><\/p>\n\t\t<\/div>\n\t\t<div class=\"cFlexColumnProImgAndCaption\">\n\t\t\t<div class=\"cFlexDivProImg\">\n\t\t\t\t<a target=\"_blank\" href=\"wp-content\\uploads\\images\\2026\\202608\\20260807_184423.037.jpg\" class=\"cFlexAInCaption\" rel=\"lightbox noopener noreferrer\"><img decoding=\"async\" class=\"cFlexImg\" src=\"wp-content\\uploads\\images\\2026\\202608\\Thumbs\\20260807_184423.037.jpg\" alt=\"Unsere Freunde wohnen sehr naturnah, Rehe, Igel und Hasen sahen wir in deren Garten\"\/><\/a>\n\t\t\t<\/div>\n\t\t\t<p class=\"cFlexCaptiontext\">Unsere Freunde wohnen sehr naturnah, Rehe, Igel und Hasen sahen wir in deren Garten&nbsp;&nbsp;<a class=\"cFlexAInCaption\" target=\"_blank\" href=\"https:\/\/www.google.com\/maps\/search\/54.568373,9.750119\/@54.568373,9.750119,13z\" rel=\"nobox noopener noreferrer\"><span class=\"tooltip\"><span class=\"myWo\">Wo?<\/span><span class=\"tooltiptext\">Nach Rechtsklick<br>au\u00dferhalb \u00f6ffnen<\/span><\/span><\/a><\/p>\n\t\t<\/div>\n\t<\/div>\n\t<p class=\"cFlexAufnDatum\" style=\"margin-top: 0px;margin-bottom: 0px;padding-top: 10px;\"><span class=\"cFlexSpanAufnDatum\">Aufnahmedatum 08\/08\/2026<\/span><\/p>\t<div class=\"cFlexDivProFigures\" style=\"margin-top: 0px;margin-left: 0px;margin-bottom: 0px;\">\n\t\t<div class=\"cFlexColumnProImgAndCaption\">\n\t\t\t<div class=\"cFlexDivProImg\">\n\t\t\t\t<a target=\"_blank\" href=\"wp-content\\uploads\\images\\2026\\202608\\20260808_091849.126.jpg\" class=\"cFlexAInCaption\" rel=\"lightbox noopener noreferrer\"><img decoding=\"async\" class=\"cFlexImg\" src=\"wp-content\\uploads\\images\\2026\\202608\\Thumbs\\20260808_091849.126.jpg\" alt=\"Fr\u00fchst\u00fcck w\u00e4hrend des gestrigen Ruhetags\"\/><\/a>\n\t\t\t<\/div>\n\t\t\t<p class=\"cFlexCaptiontext\">Fr\u00fchst\u00fcck w\u00e4hrend des gestrigen Ruhetags&nbsp;&nbsp;<a class=\"cFlexAInCaption\" target=\"_blank\" href=\"https:\/\/www.google.com\/maps\/search\/54.568373,9.750119\/@54.568373,9.750119,13z\" rel=\"nobox noopener noreferrer\"><span class=\"tooltip\"><span class=\"myWo\">Wo?<\/span><span class=\"tooltiptext\">Nach Rechtsklick<br>au\u00dferhalb \u00f6ffnen<\/span><\/span><\/a><\/p>\n\t\t<\/div>\n\t<\/div>\n\t<p class=\"cFlexAufnDatum\" style=\"margin-top: 0px;margin-bottom: 0px;padding-top: 10px;\"><span class=\"cFlexSpanAufnDatum\">Aufnahmedatum 09\/08\/2026<\/span><\/p>\t<div class=\"cFlexDivProFigures\" style=\"margin-top: 0px;margin-left: 0px;margin-bottom: 0px;\">\n\t\t<div class=\"cFlexColumnProImgAndCaption\">\n\t\t\t<div class=\"cFlexDivProImg\">\n\t\t\t\t<a target=\"_blank\" href=\"wp-content\\uploads\\images\\2026\\202608\\20260809_135141.135.jpg\" class=\"cFlexAInCaption\" rel=\"lightbox noopener noreferrer\"><img decoding=\"async\" class=\"cFlexImg\" src=\"wp-content\\uploads\\images\\2026\\202608\\Thumbs\\20260809_135141.135.jpg\" alt=\"Unsere aktuelle Unterkunft in S\u00fcderl\u00fcgum\"\/><\/a>\n\t\t\t<\/div>\n\t\t\t<p class=\"cFlexCaptiontext\">Unsere aktuelle Unterkunft in <a target=\"_blank\" href=\"https:\/\/de.wikipedia.org\/wiki\/S%C3%BCderl%C3%BCgum\" class=\"myAMap01\"><span class=\"mySpanLinkInCaption\">S\u00fcderl\u00fcgum<\/span><\/a>&nbsp;&nbsp;<a class=\"cFlexAInCaption\" target=\"_blank\" href=\"https:\/\/www.google.com\/maps\/search\/54.869175,8.910080\/@54.869175,8.910080,13z\" rel=\"nobox noopener noreferrer\"><span class=\"tooltip\"><span class=\"myWo\">Wo?<\/span><span class=\"tooltiptext\">Nach Rechtsklick<br>au\u00dferhalb \u00f6ffnen<\/span><\/span><\/a><\/p>\n\t\t<\/div>\n\t<\/div>\n<br \/>\n<\/section>\n<h3 id=\"2026\/08\/11\">2026\/08\/11,&nbsp;Tag&nbsp;15 (15d),<br \/>Teilstrecke: 75,0&nbsp;km,<br \/>Gesamtstrecke: 643,0&nbsp;km<\/h3>\n<p>Unser letzter Ruhetag lag zeitlich perfekt, denn gestern weckte uns das Pl\u00e4tschern des Regenwassers im Regenrohr. Gegen halb zehn h\u00f6rte es auf und wir konnten im nahe gelegenen Aldi, der zu unserer \u00dcberraschung auch am Sonntag ge\u00f6ffnet hatte, f\u00fcr ein opulentes Fr\u00fchst\u00fcck einkaufen. Wir verbrachten einen ruhigen Tag. Eigentlich wollten wir einen weiteren Tag bleiben, denn das Wetter sollte k\u00fchl und windig werden. Leider war unsere Unterkunft jedoch ab heute bereits anderweitig vergeben.<\/p>\n<p>So starteten wir heute Morgen bei frischen 15&nbsp;Grad und als Tagesh\u00f6chsttemperatur waren 17&nbsp;Grad angek\u00fcndigt. Der Wind lie\u00df nicht lange auf sich warten. Meist wehte er schr\u00e4g von vorn, manchmal auch direkt von vorn. Er war relativ stark und nahm \u00fcber den Tag sogar noch zu.<\/p>\n<p>Am Grenz\u00fcbertritt nach D\u00e4nemark wurde, anders als wir es aufgrund der Medienberichterstattung erwartet hatten, nicht kontrolliert. Was im neuen Land sofort auffiel, war der bessere Zustand der Fahrradwege. Die letzten Etappen in Deutschland legten wir auf teils unzumutbaren Fahrradwegen zur\u00fcck.<\/p>\n<p>Von seine Radtour nach Skagen, 2011, wusste Diez noch, dass in D\u00e4nemark Fahrradfahrer beim Linksabbiegen an Kreuzungen zun\u00e4chst in Fahrtrichtung zur gegen\u00fcberliegenden Stra\u00dfenecke fahren m\u00fcssen. Dort muss man warten, bis die Stra\u00dfe frei ist, um die bisher gefahrene Stra\u00dfe queren zu k\u00f6nnen. Das Einordnen auf der Linksabbiegerspur wie in Deutschland ist in D\u00e4nemark verboten. Ein weiterer Unterschied ist, dass nicht nur das Abbiegen durch Handzeichen angek\u00fcndigt werden muss, sondern auch das Anhalten. In Deutschland w\u00e4ren wir froh, wenn wenigstens das Abbiegen angezeigt w\u00fcrde.<\/p>\n<p>Unterwegs drohten immer wieder dunkle Wolken und einmal bekamen wir einige Tropfen ab. Doch blieb es bis zum Ziel trocken und wir waren trotz der gegenwindbedingten sehr niedrigen Durchschnittsgeschwindigkeit am fr\u00fchen Nachmittag am Ziel. Diesmal haben wir auf einem Campingplatz eine H\u00fctte bezogen. Die Sanit\u00e4ranlagen und die K\u00fcche des Platzes, die wir nutzen m\u00fcssen, da die H\u00fctte weder ein eigenes Badezimmer noch flie\u00dfendes Wasser bietet, sind vorbildlich. Zumindest hat die Unterkunft eine Heizung, die bei den aktuellen Temperaturen sehr willkommen ist. Komfortabler als im Zelt ist die H\u00fctte allemal.<\/p>\n<p>Unsere W\u00e4sche konnten wir heute in einer Waschmaschine waschen, sodass es morgen ein entspannter Ruhetag werden sollte.<\/p>\n<div class=\"leaflet-map WPLeafletMap\" style=\"height:500px; width:100%;\"><\/div><script>\nwindow.WPLeafletMapPlugin = window.WPLeafletMapPlugin || [];\nwindow.WPLeafletMapPlugin.push(function WPLeafletMapShortcode() {\/*<script>*\/\nvar baseUrl = atob('aHR0cHM6Ly97c30udGlsZS5vcGVuc3RyZWV0bWFwLm9yZy97en0ve3h9L3t5fS5wbmc=');\nvar base = (!baseUrl && window.MQ) ?\n    window.MQ.mapLayer() : L.tileLayer(baseUrl,\n        L.Util.extend({}, {\n            detectRetina: 0,\n        },\n        {\"subdomains\":\"abc\",\"noWrap\":false,\"maxZoom\":20}        )\n    );\n    var options = L.Util.extend({}, {\n        layers: [base],\n        attributionControl: false\n    },\n    {\"zoomControl\":false,\"scrollWheelZoom\":true,\"doubleClickZoom\":false,\"fitBounds\":true,\"minZoom\":0,\"maxZoom\":20,\"maxBounds\":null,\"attribution\":\"<a href=\\\"http:\\\/\\\/leafletjs.com\\\" title=\\\"A JS library for interactive maps\\\">Leaflet<\\\/a>; \\u00a9 <a href=\\\"http:\\\/\\\/www.openstreetmap.org\\\/copyright\\\">OpenStreetMap<\\\/a> contributors\"},\n    {});\nwindow.WPLeafletMapPlugin.createMap(options).setView([0,0],12);window.WPLeafletMapPlugin.createScale({});});<\/script>[elevation gpx=https:\/\/radreise.dosiek.de\/wp-content\/uploads\/gpx\/2026-08-11.gpx ]<br \/>\n[layerswitch ]<br \/>\n[fullscreen ]<br \/>\n[zoomhomemap =true ]\n<section class=\"mySection\" data-featherlight-gallery=\"\" data-featherlight-filter=\"a.myAImg01\">\n\t<p class=\"cFlexAufnDatum\" style=\"margin-top: 0px;margin-bottom: 0px;padding-top: 10px;\"><span class=\"cFlexSpanAufnDatum\">Aufnahmedatum 11\/08\/2026<\/span><\/p>\t<div class=\"cFlexDivProFigures\" style=\"margin-top: 0px;margin-left: 0px;margin-bottom: 0px;\">\n\t\t<div class=\"cFlexColumnProImgAndCaption\">\n\t\t\t<div class=\"cFlexDivProImg\">\n\t\t\t\t<a target=\"_blank\" href=\"wp-content\\uploads\\images\\2026\\202608\\20260811_085846.284.jpg\" class=\"cFlexAInCaption\" rel=\"lightbox noopener noreferrer\"><img decoding=\"async\" class=\"cFlexImg\" src=\"wp-content\\uploads\\images\\2026\\202608\\Thumbs\\20260811_085846.284.jpg\" alt=\"An der d\u00e4nischen Grenze\"\/><\/a>\n\t\t\t<\/div>\n\t\t\t<p class=\"cFlexCaptiontext\">An der d\u00e4nischen Grenze&nbsp;&nbsp;<a class=\"cFlexAInCaption\" target=\"_blank\" href=\"https:\/\/www.google.com\/maps\/search\/54.903680,8.910261\/@54.903680,8.910261,13z\" rel=\"nobox noopener noreferrer\"><span class=\"tooltip\"><span class=\"myWo\">Wo?<\/span><span class=\"tooltiptext\">Nach Rechtsklick<br>au\u00dferhalb \u00f6ffnen<\/span><\/span><\/a><\/p>\n\t\t<\/div>\n\t\t<div class=\"cFlexColumnProImgAndCaption\">\n\t\t\t<div class=\"cFlexDivProImg\">\n\t\t\t\t<a target=\"_blank\" href=\"wp-content\\uploads\\images\\2026\\202608\\20260811_103948.087.jpg\" class=\"cFlexAInCaption\" rel=\"lightbox noopener noreferrer\"><img decoding=\"async\" class=\"cFlexImg\" src=\"wp-content\\uploads\\images\\2026\\202608\\Thumbs\\20260811_103948.087.jpg\" alt=\"Auf dem freien Feld hatte der Gegenwind freie Bahn\"\/><\/a>\n\t\t\t<\/div>\n\t\t\t<p class=\"cFlexCaptiontext\">Auf dem freien Feld hatte der Gegenwind freie Bahn&nbsp;&nbsp;<a class=\"cFlexAInCaption\" target=\"_blank\" href=\"https:\/\/www.google.com\/maps\/search\/55.065039,8.828208\/@55.065039,8.828208,13z\" rel=\"nobox noopener noreferrer\"><span class=\"tooltip\"><span class=\"myWo\">Wo?<\/span><span class=\"tooltiptext\">Nach Rechtsklick<br>au\u00dferhalb \u00f6ffnen<\/span><\/span><\/a><\/p>\n\t\t<\/div>\n\t\t<div class=\"cFlexColumnProImgAndCaption\">\n\t\t\t<div class=\"cFlexDivProImg\">\n\t\t\t\t<a target=\"_blank\" href=\"wp-content\\uploads\\images\\2026\\202608\\20260811_121734.389.jpg\" class=\"cFlexAInCaption\" rel=\"lightbox noopener noreferrer\"><img decoding=\"async\" class=\"cFlexImg\" src=\"wp-content\\uploads\\images\\2026\\202608\\Thumbs\\20260811_121734.389.jpg\" alt=\"Nur selten sch\u00fctzte Bewuchs etwas\"\/><\/a>\n\t\t\t<\/div>\n\t\t\t<p class=\"cFlexCaptiontext\">Nur selten sch\u00fctzte Bewuchs etwas&nbsp;&nbsp;<a class=\"cFlexAInCaption\" target=\"_blank\" href=\"https:\/\/www.google.com\/maps\/search\/55.185385,8.735796\/@55.185385,8.735796,13z\" rel=\"nobox noopener noreferrer\"><span class=\"tooltip\"><span class=\"myWo\">Wo?<\/span><span class=\"tooltiptext\">Nach Rechtsklick<br>au\u00dferhalb \u00f6ffnen<\/span><\/span><\/a><\/p>\n\t\t<\/div>\n\t\t<div class=\"cFlexColumnProImgAndCaption\">\n\t\t\t<div class=\"cFlexDivProImg\">\n\t\t\t\t<a target=\"_blank\" href=\"wp-content\\uploads\\images\\2026\\202608\\20260811_162507.181.jpg\" class=\"cFlexAInCaption\" rel=\"lightbox noopener noreferrer\"><img decoding=\"async\" class=\"cFlexImg\" src=\"wp-content\\uploads\\images\\2026\\202608\\Thumbs\\20260811_162507.181.jpg\" alt=\"Unsere aktuelle H\u00fctte in Store Darum\"\/><\/a>\n\t\t\t<\/div>\n\t\t\t<p class=\"cFlexCaptiontext\">Unsere aktuelle H\u00fctte in Store Darum&nbsp;&nbsp;<a class=\"cFlexAInCaption\" target=\"_blank\" href=\"https:\/\/www.google.com\/maps\/search\/55.434756,8.641173\/@55.434756,8.641173,13z\" rel=\"nobox noopener noreferrer\"><span class=\"tooltip\"><span class=\"myWo\">Wo?<\/span><span class=\"tooltiptext\">Nach Rechtsklick<br>au\u00dferhalb \u00f6ffnen<\/span><\/span><\/a><\/p>\n\t\t<\/div>\n\t<\/div>\n<br \/>\n<\/section>\n<h3 id=\"2026\/08\/13\">2026\/08\/13,&nbsp;Tag&nbsp;17 (17d),<br \/>Teilstrecke: 95,5&nbsp;km,<br \/>Gesamtstrecke: 738,5&nbsp;km<\/h3>\n<p>Unseren gestrigen Ruhetag hatten wir uns nach dem anstrengenden Windtag vorgestern mehr als verdient. Au\u00dfer einem Spaziergang zum 1,5&nbsp;km entfernten Supermarkt haben wir nicht viel unternommen. Am Abend beobachteten wir mit einem netten Niederl\u00e4nder und einer Familie aus dem M\u00fcnsterland bei einer die Sicht nur vernachl\u00e4ssigbar beeintr\u00e4chtigenden Wolkenschicht die partielle Sonnenfinsternis. Freundlicherweise \u00fcberlie\u00df uns die Familie eine ihrer Schutzbrillen, ohne die wir die Finsternis nicht h\u00e4tten verfolgen k\u00f6nnen.<\/p>\n<p>Nach den Anstrengungen durch den Gegenwind w\u00e4hrend der vorangegangenen Etappe studierten wir die Windprognose f\u00fcr den heutigen Tag genau. Vorhergesagt waren Sonnenschein, angenehme Temperaturen und leichter S\u00fcdwind. Ideale Voraussetzungen also f\u00fcr eine diesmal mit 95&nbsp;km etwas l\u00e4ngere Etappe. Mit kleinen Unterbrechungen f\u00fcr Besuche bei B\u00e4ckereien mit den d\u00e4nischen Spezialit\u00e4ten, fuhren wir \u00fcber kleine Nebenstra\u00dfen durch Viehweiden, Getreide- und Maisfelder. Als wir uns Ringk\u00f8bing n\u00e4herten, sahen wir den <a target=\"_blank\" href=\"https:\/\/de.wikipedia.org\/wiki\/Ringk%C3%B8bing_Fjord\" class=\"myAMap01\"><span class=\"mySpanLinkInText\">Ringk\u00f8bing Fjord<\/span><\/a>. Leider waren in Ringk\u00f8bing alle f\u00fcr uns in Frage kommenden Unterk\u00fcnfte ausgebucht. Wir h\u00e4tten uns gerne diese Kleinstadt und den Fjord aus der N\u00e4he angesehen. So jedoch mussten wir mit einer H\u00fctte auf einem etwas abgelegenen Campingplatz Vorlieb nehmen. Wir haben bei dieser Art Unterk\u00fcnften kein Problem mit der Unterbringung der Fahrr\u00e4der, meist gibt es auf den Campingpl\u00e4tzen Waschmaschinen und wir k\u00f6nnen die Annehmlichkeiten der Campingpl\u00e4tze nutzen, ohne im Zelt \u00fcbernachten zu m\u00fcssen.<\/p>\n<div class=\"leaflet-map WPLeafletMap\" style=\"height:500px; width:100%;\"><\/div><script>\nwindow.WPLeafletMapPlugin = window.WPLeafletMapPlugin || [];\nwindow.WPLeafletMapPlugin.push(function WPLeafletMapShortcode() {\/*<script>*\/\nvar baseUrl = atob('aHR0cHM6Ly97c30udGlsZS5vcGVuc3RyZWV0bWFwLm9yZy97en0ve3h9L3t5fS5wbmc=');\nvar base = (!baseUrl && window.MQ) ?\n    window.MQ.mapLayer() : L.tileLayer(baseUrl,\n        L.Util.extend({}, {\n            detectRetina: 0,\n        },\n        {\"subdomains\":\"abc\",\"noWrap\":false,\"maxZoom\":20}        )\n    );\n    var options = L.Util.extend({}, {\n        layers: [base],\n        attributionControl: false\n    },\n    {\"zoomControl\":false,\"scrollWheelZoom\":true,\"doubleClickZoom\":false,\"fitBounds\":true,\"minZoom\":0,\"maxZoom\":20,\"maxBounds\":null,\"attribution\":\"<a href=\\\"http:\\\/\\\/leafletjs.com\\\" title=\\\"A JS library for interactive maps\\\">Leaflet<\\\/a>; \\u00a9 <a href=\\\"http:\\\/\\\/www.openstreetmap.org\\\/copyright\\\">OpenStreetMap<\\\/a> contributors\"},\n    {});\nwindow.WPLeafletMapPlugin.createMap(options).setView([0,0],12);window.WPLeafletMapPlugin.createScale({});});<\/script>[elevation gpx=https:\/\/radreise.dosiek.de\/wp-content\/uploads\/gpx\/2026-08-13.gpx ]<br \/>\n[layerswitch ]<br \/>\n[fullscreen ]<br \/>\n[zoomhomemap =true ]\n<section class=\"mySection\" data-featherlight-gallery=\"\" data-featherlight-filter=\"a.myAImg01\">\n\t<p class=\"cFlexAufnDatum\" style=\"margin-top: 0px;margin-bottom: 0px;padding-top: 10px;\"><span class=\"cFlexSpanAufnDatum\">Aufnahmedatum 13\/08\/2026<\/span><\/p>\t<div class=\"cFlexDivProFigures\" style=\"margin-top: 0px;margin-left: 0px;margin-bottom: 0px;\">\n\t\t<div class=\"cFlexColumnProImgAndCaption\">\n\t\t\t<div class=\"cFlexDivProImg\">\n\t\t\t\t<a target=\"_blank\" href=\"wp-content\\uploads\\images\\2026\\202608\\20260813_112959.534.jpg\" class=\"cFlexAInCaption\" rel=\"lightbox noopener noreferrer\"><img decoding=\"async\" class=\"cFlexImg\" src=\"wp-content\\uploads\\images\\2026\\202608\\Thumbs\\20260813_112959.534.jpg\" alt=\"Das gewohnte Bild: Flache Landschaft, einsame Stra\u00dfe\"\/><\/a>\n\t\t\t<\/div>\n\t\t\t<p class=\"cFlexCaptiontext\">Das gewohnte Bild: Flache Landschaft, einsame Stra\u00dfe&nbsp;&nbsp;<a class=\"cFlexAInCaption\" target=\"_blank\" href=\"https:\/\/www.google.com\/maps\/search\/55.790652,8.629126\/@55.790652,8.629126,13z\" rel=\"nobox noopener noreferrer\"><span class=\"tooltip\"><span class=\"myWo\">Wo?<\/span><span class=\"tooltiptext\">Nach Rechtsklick<br>au\u00dferhalb \u00f6ffnen<\/span><\/span><\/a><\/p>\n\t\t<\/div>\n\t\t<div class=\"cFlexColumnProImgAndCaption\">\n\t\t\t<div class=\"cFlexDivProImg\">\n\t\t\t\t<a target=\"_blank\" href=\"wp-content\\uploads\\images\\2026\\202608\\20260813_113635.211.jpg\" class=\"cFlexAInCaption\" rel=\"lightbox noopener noreferrer\"><img decoding=\"async\" class=\"cFlexImg\" src=\"wp-content\\uploads\\images\\2026\\202608\\Thumbs\\20260813_113635.211.jpg\" alt=\"Der Wasserturm in \u00d8lgod\"\/><\/a>\n\t\t\t<\/div>\n\t\t\t<p class=\"cFlexCaptiontext\">Der <a target=\"_blank\" href=\"https:\/\/da.wikipedia.org\/wiki\/%C3%98lgod_Vandt%C3%A5rn\" class=\"myAMap01\"><span class=\"mySpanLinkInCaption\">Wasserturm in \u00d8lgod<\/span><\/a>&nbsp;&nbsp;<a class=\"cFlexAInCaption\" target=\"_blank\" href=\"https:\/\/www.google.com\/maps\/search\/55.805313,8.627721\/@55.805313,8.627721,13z\" rel=\"nobox noopener noreferrer\"><span class=\"tooltip\"><span class=\"myWo\">Wo?<\/span><span class=\"tooltiptext\">Nach Rechtsklick<br>au\u00dferhalb \u00f6ffnen<\/span><\/span><\/a><\/p>\n\t\t<\/div>\n\t\t<div class=\"cFlexColumnProImgAndCaption\">\n\t\t\t<div class=\"cFlexDivProImg\">\n\t\t\t\t<a target=\"_blank\" href=\"wp-content\\uploads\\images\\2026\\202608\\20260813_121552.237.jpg\" class=\"cFlexAInCaption\" rel=\"lightbox noopener noreferrer\"><img decoding=\"async\" class=\"cFlexImg\" src=\"wp-content\\uploads\\images\\2026\\202608\\Thumbs\\20260813_121552.237.jpg\" alt=\"Die Kirche in \u00c5dum so, wie sie hier alle aussehen\"\/><\/a>\n\t\t\t<\/div>\n\t\t\t<p class=\"cFlexCaptiontext\">Die <a target=\"_blank\" href=\"https:\/\/www.visitdenmark.se\/danmark\/planera-resan\/adum-church-gdk609766\" class=\"myAMap01\"><span class=\"mySpanLinkInCaption\">Kirche in \u00c5dum<\/span><\/a> so, wie sie hier alle aussehen&nbsp;&nbsp;<a class=\"cFlexAInCaption\" target=\"_blank\" href=\"https:\/\/www.google.com\/maps\/search\/55.874467,8.594258\/@55.874467,8.594258,13z\" rel=\"nobox noopener noreferrer\"><span class=\"tooltip\"><span class=\"myWo\">Wo?<\/span><span class=\"tooltiptext\">Nach Rechtsklick<br>au\u00dferhalb \u00f6ffnen<\/span><\/span><\/a><\/p>\n\t\t<\/div>\n\t\t<div class=\"cFlexColumnProImgAndCaption\">\n\t\t\t<div class=\"cFlexDivProImg\">\n\t\t\t\t<a target=\"_blank\" href=\"wp-content\\uploads\\images\\2026\\202608\\20260813_131331.548.jpg\" class=\"cFlexAInCaption\" rel=\"lightbox noopener noreferrer\"><img decoding=\"async\" class=\"cFlexImg\" src=\"wp-content\\uploads\\images\\2026\\202608\\Thumbs\\20260813_131331.548.jpg\" alt=\"F\u00fcr die Leute, die bezweifeln, dass es hier nichts zu sehen gibt\"\/><\/a>\n\t\t\t<\/div>\n\t\t\t<p class=\"cFlexCaptiontext\">F\u00fcr die Leute, die bezweifeln, dass es hier nichts zu sehen gibt&nbsp;&nbsp;<a class=\"cFlexAInCaption\" target=\"_blank\" href=\"https:\/\/www.google.com\/maps\/search\/55.927207,8.513563\/@55.927207,8.513563,13z\" rel=\"nobox noopener noreferrer\"><span class=\"tooltip\"><span class=\"myWo\">Wo?<\/span><span class=\"tooltiptext\">Nach Rechtsklick<br>au\u00dferhalb \u00f6ffnen<\/span><\/span><\/a><\/p>\n\t\t<\/div>\n\t\t<div class=\"cFlexColumnProImgAndCaption\">\n\t\t\t<div class=\"cFlexDivProImg\">\n\t\t\t\t<a target=\"_blank\" href=\"wp-content\\uploads\\images\\2026\\202608\\20260813_135455.538.jpg\" class=\"cFlexAInCaption\" rel=\"lightbox noopener noreferrer\"><img decoding=\"async\" class=\"cFlexImg\" src=\"wp-content\\uploads\\images\\2026\\202608\\Thumbs\\20260813_135455.538.jpg\" alt=\"Selbst die Kirchen gleichen sich, hier die in Stauning\"\/><\/a>\n\t\t\t<\/div>\n\t\t\t<p class=\"cFlexCaptiontext\">Selbst die Kirchen gleichen sich, hier die in Stauning&nbsp;&nbsp;<a class=\"cFlexAInCaption\" target=\"_blank\" href=\"https:\/\/www.google.com\/maps\/search\/55.966136,8.370004\/@55.966136,8.370004,13z\" rel=\"nobox noopener noreferrer\"><span class=\"tooltip\"><span class=\"myWo\">Wo?<\/span><span class=\"tooltiptext\">Nach Rechtsklick<br>au\u00dferhalb \u00f6ffnen<\/span><\/span><\/a><\/p>\n\t\t<\/div>\n\t\t<div class=\"cFlexColumnProImgAndCaption\">\n\t\t\t<div class=\"cFlexDivProImg\">\n\t\t\t\t<a target=\"_blank\" href=\"wp-content\\uploads\\images\\2026\\202608\\20260813_140143.684.jpg\" class=\"cFlexAInCaption\" rel=\"lightbox noopener noreferrer\"><img decoding=\"async\" class=\"cFlexImg\" src=\"wp-content\\uploads\\images\\2026\\202608\\Thumbs\\20260813_140143.684.jpg\" alt=\"Und noch mehr Nichts\"\/><\/a>\n\t\t\t<\/div>\n\t\t\t<p class=\"cFlexCaptiontext\">Und noch mehr Nichts&nbsp;&nbsp;<a class=\"cFlexAInCaption\" target=\"_blank\" href=\"https:\/\/www.google.com\/maps\/search\/55.977370,8.353115\/@55.977370,8.353115,13z\" rel=\"nobox noopener noreferrer\"><span class=\"tooltip\"><span class=\"myWo\">Wo?<\/span><span class=\"tooltiptext\">Nach Rechtsklick<br>au\u00dferhalb \u00f6ffnen<\/span><\/span><\/a><\/p>\n\t\t<\/div>\n\t\t<div class=\"cFlexColumnProImgAndCaption\">\n\t\t\t<div class=\"cFlexDivProImg\">\n\t\t\t\t<a target=\"_blank\" href=\"wp-content\\uploads\\images\\2026\\202608\\20260813_142318.604.jpg\" class=\"cFlexAInCaption\" rel=\"lightbox noopener noreferrer\"><img decoding=\"async\" class=\"cFlexImg\" src=\"wp-content\\uploads\\images\\2026\\202608\\Thumbs\\20260813_142318.604.jpg\" alt=\"Blick auf den Ringk\u00f8bing Fjord\"\/><\/a>\n\t\t\t<\/div>\n\t\t\t<p class=\"cFlexCaptiontext\">Blick auf den <a target=\"_blank\" href=\"https:\/\/de.wikipedia.org\/wiki\/Ringk%C3%B8bing_Fjord\" class=\"myAMap01\"><span class=\"mySpanLinkInCaption\">Ringk\u00f8bing Fjord<\/span><\/a>&nbsp;&nbsp;<a class=\"cFlexAInCaption\" target=\"_blank\" href=\"https:\/\/www.google.com\/maps\/search\/56.006795,8.314717\/@56.006795,8.314717,13z\" rel=\"nobox noopener noreferrer\"><span class=\"tooltip\"><span class=\"myWo\">Wo?<\/span><span class=\"tooltiptext\">Nach Rechtsklick<br>au\u00dferhalb \u00f6ffnen<\/span><\/span><\/a><\/p>\n\t\t<\/div>\n\t\t<div class=\"cFlexColumnProImgAndCaption\">\n\t\t\t<div class=\"cFlexDivProImg\">\n\t\t\t\t<a target=\"_blank\" href=\"wp-content\\uploads\\images\\2026\\202608\\20260813_144403.605.jpg\" class=\"cFlexAInCaption\" rel=\"lightbox noopener noreferrer\"><img decoding=\"async\" class=\"cFlexImg\" src=\"wp-content\\uploads\\images\\2026\\202608\\Thumbs\\20260813_144403.605.jpg\" alt=\"Diesmal Nichts mit Fjord\"\/><\/a>\n\t\t\t<\/div>\n\t\t\t<p class=\"cFlexCaptiontext\">Diesmal Nichts mit Fjord&nbsp;&nbsp;<a class=\"cFlexAInCaption\" target=\"_blank\" href=\"https:\/\/www.google.com\/maps\/search\/56.053938,8.311855\/@56.053938,8.311855,13z\" rel=\"nobox noopener noreferrer\"><span class=\"tooltip\"><span class=\"myWo\">Wo?<\/span><span class=\"tooltiptext\">Nach Rechtsklick<br>au\u00dferhalb \u00f6ffnen<\/span><\/span><\/a><\/p>\n\t\t<\/div>\n\t\t<div class=\"cFlexColumnProImgAndCaption\">\n\t\t\t<div class=\"cFlexDivProImg\">\n\t\t\t\t<a target=\"_blank\" href=\"wp-content\\uploads\\images\\2026\\202608\\20260813_151847.954.jpg\" class=\"cFlexAInCaption\" rel=\"lightbox noopener noreferrer\"><img decoding=\"async\" class=\"cFlexImg\" src=\"wp-content\\uploads\\images\\2026\\202608\\Thumbs\\20260813_151847.954.jpg\" alt=\"Unsere aktuelle H\u00fctte auf Ringk\u00f8bing Camping\"\/><\/a>\n\t\t\t<\/div>\n\t\t\t<p class=\"cFlexCaptiontext\">Unsere aktuelle H\u00fctte auf <a target=\"_blank\" href=\"https:\/\/www.ringkobingcamping.dk\/de\" class=\"myAMap01\"><span class=\"mySpanLinkInCaption\">Ringk\u00f8bing Camping<\/span><\/a>&nbsp;&nbsp;<a class=\"cFlexAInCaption\" target=\"_blank\" href=\"https:\/\/www.google.com\/maps\/search\/56.089172,8.317828\/@56.089172,8.317828,13z\" rel=\"nobox noopener noreferrer\"><span class=\"tooltip\"><span class=\"myWo\">Wo?<\/span><span class=\"tooltiptext\">Nach Rechtsklick<br>au\u00dferhalb \u00f6ffnen<\/span><\/span><\/a><\/p>\n\t\t<\/div>\n\t<\/div>\n<br \/>\n<\/section>\n<h3 id=\"2026\/08\/15\">2026\/08\/15,&nbsp;Tag&nbsp;19 (19d),<br \/>Teilstrecke: 72,3&nbsp;km,<br \/>Gesamtstrecke: 810,8&nbsp;km<\/h3>\n<p>Wir hatten die Hoffnung, dass der s\u00fcdliche Wind, der uns w\u00e4hrend der vorangegangenen Etappe unterst\u00fctzt hatte, noch etwas anhalten w\u00fcrde. Die Windprognose f\u00fcr den heutigen Tag machte diese Hoffnung jedoch zunichte. Es waren unangenehme 4&nbsp;Bft aus NW angesagt, nahezu aus der Richtung, in die wir fahren mussten. Wenigstens lag die Regenwahrscheinlichkeit nur bei 10&nbsp;%. Viel weiter als nach <a target=\"_blank\" href=\"https:\/\/de.wikipedia.org\/wiki\/Lemvig\" class=\"myAMap01\"><span class=\"mySpanLinkInText\">Lemvig<\/span><\/a> wollten wir bei diesen Windverh\u00e4ltnissen nicht fahren.<\/p>\n<p>Seit Leer bewegen wir uns meist parallel zur Nordseek\u00fcste und hatten dennoch die Nordsee w\u00e4hrend der aktuellen Reise nicht gesehen. Diese Gelegenheit bot sich heute mit einer Route \u00fcber die schmale Landzunge zwischen Nordsee und dem <a target=\"_blank\" href=\"https:\/\/de.wikipedia.org\/wiki\/Nissum_Fjord\" class=\"myAMap01\"><span class=\"mySpanLinkInText\">Nissum Fjord<\/span><\/a>. Die k\u00fcrzeste Verbindung zwischen Ringk\u00f8bing und Lemvig verl\u00e4uft dagegen weiter landeinw\u00e4rts. Wir entschieden uns, es dennoch mit der weiter westlich verlaufenden, l\u00e4ngeren Route zu versuchen. Google Maps lie\u00df erwarten, dass wir in dem kritischen, da unmittelbar in K\u00fcstenn\u00e4he verlaufenden Abschnitt, im Windschatten von D\u00fcnen fahren w\u00fcrden.<\/p>\n<p>Der Himmel war heute Morgen bedeckt und es herrschte anfangs n\u00e4ssender Nebel. Wir brachen, da wir das Hotel in Lemvig bereits gebucht hatten, dennoch wie geplant auf und uns traf, als wir aus dem durch B\u00e4ume gesch\u00fctzten Bereich des Campingplatzes herausfuhren, der angek\u00fcndigte Wind, der fast die gesamte Etappe unser Gegner blieb. Es war den gesamten Tag k\u00fchl, die Sonne kam lange nicht durch die grauen Wolken und ab und zu fielen sogar ein paar Tropfen.<\/p>\n<p>Nach etwa 25&nbsp;km h\u00e4tte es noch die M\u00f6glichkeit gegeben, auf eine weiter landeinw\u00e4rts verlaufende Route zu wechseln. Wir entschieden uns f\u00fcr den erwartbar landschaftlich sch\u00f6neren, schmalen Landstreifen westlich des Nissum Fjords. Im Nachhinein wohl die richtige Entscheidung, denn wie gehofft, brachen die hohen D\u00fcnen den heftigen Wind. In Thorsminde, wo der Nissum Fjord in die Nordsee m\u00fcndet, kehrten wir sogar in eines der in D\u00e4nemark \u00e4u\u00dferst seltenen Caf\u00e9s ein.<\/p>\n<p>W\u00e4hrend der letzten 10&nbsp;km fuhren wir in nord\u00f6stlicher Richtung. Das sorgte zwar f\u00fcr achterlichen Wind, die untergeordnete Stra\u00dfe nahm daf\u00fcr jedoch jeden H\u00fcgel mit. Nach nur gut 70&nbsp;km erreichten wir im Sonnenschein unser Hotel und haben am Hafen von Lemvig bereits Fisch zu Abend gegessen.<\/p>\n<div class=\"leaflet-map WPLeafletMap\" style=\"height:500px; width:100%;\"><\/div><script>\nwindow.WPLeafletMapPlugin = window.WPLeafletMapPlugin || [];\nwindow.WPLeafletMapPlugin.push(function WPLeafletMapShortcode() {\/*<script>*\/\nvar baseUrl = atob('aHR0cHM6Ly97c30udGlsZS5vcGVuc3RyZWV0bWFwLm9yZy97en0ve3h9L3t5fS5wbmc=');\nvar base = (!baseUrl && window.MQ) ?\n    window.MQ.mapLayer() : L.tileLayer(baseUrl,\n        L.Util.extend({}, {\n            detectRetina: 0,\n        },\n        {\"subdomains\":\"abc\",\"noWrap\":false,\"maxZoom\":20}        )\n    );\n    var options = L.Util.extend({}, {\n        layers: [base],\n        attributionControl: false\n    },\n    {\"zoomControl\":false,\"scrollWheelZoom\":true,\"doubleClickZoom\":false,\"fitBounds\":true,\"minZoom\":0,\"maxZoom\":20,\"maxBounds\":null,\"attribution\":\"<a href=\\\"http:\\\/\\\/leafletjs.com\\\" title=\\\"A JS library for interactive maps\\\">Leaflet<\\\/a>; \\u00a9 <a href=\\\"http:\\\/\\\/www.openstreetmap.org\\\/copyright\\\">OpenStreetMap<\\\/a> contributors\"},\n    {});\nwindow.WPLeafletMapPlugin.createMap(options).setView([0,0],12);window.WPLeafletMapPlugin.createScale({});});<\/script>[elevation gpx=https:\/\/radreise.dosiek.de\/wp-content\/uploads\/gpx\/2026-08-15.gpx ]<br \/>\n[layerswitch ]<br \/>\n[fullscreen ]<br \/>\n[zoomhomemap =true ]\n<section class=\"mySection\" data-featherlight-gallery=\"\" data-featherlight-filter=\"a.myAImg01\">\n\t<p class=\"cFlexAufnDatum\" style=\"margin-top: 0px;margin-bottom: 0px;padding-top: 10px;\"><span class=\"cFlexSpanAufnDatum\">Aufnahmedatum 15\/08\/2026<\/span><\/p>\t<div class=\"cFlexDivProFigures\" style=\"margin-top: 0px;margin-left: 0px;margin-bottom: 0px;\">\n\t\t<div class=\"cFlexColumnProImgAndCaption\">\n\t\t\t<div class=\"cFlexDivProImg\">\n\t\t\t\t<a target=\"_blank\" href=\"wp-content\\uploads\\images\\2026\\202608\\20260815_101502.948.jpg\" class=\"cFlexAInCaption\" rel=\"lightbox noopener noreferrer\"><img decoding=\"async\" class=\"cFlexImg\" src=\"wp-content\\uploads\\images\\2026\\202608\\Thumbs\\20260815_101502.948.jpg\" alt=\"Im Hintergrund der Husby S\u00f8, botanisch einer der artenreichsten Seen des Landes\"\/><\/a>\n\t\t\t<\/div>\n\t\t\t<p class=\"cFlexCaptiontext\">Im Hintergrund der <a target=\"_blank\" href=\"https:\/\/da.wikipedia.org\/wiki\/Husby_S%C3%B8\" class=\"myAMap01\"><span class=\"mySpanLinkInCaption\">Husby S\u00f8<\/span><\/a>, botanisch einer der artenreichsten Seen des Landes&nbsp;&nbsp;<a class=\"cFlexAInCaption\" target=\"_blank\" href=\"https:\/\/www.google.com\/maps\/search\/56.270872,8.219502\/@56.270872,8.219502,13z\" rel=\"nobox noopener noreferrer\"><span class=\"tooltip\"><span class=\"myWo\">Wo?<\/span><span class=\"tooltiptext\">Nach Rechtsklick<br>au\u00dferhalb \u00f6ffnen<\/span><\/span><\/a><\/p>\n\t\t<\/div>\n\t\t<div class=\"cFlexColumnProImgAndCaption\">\n\t\t\t<div class=\"cFlexDivProImg\">\n\t\t\t\t<a target=\"_blank\" href=\"wp-content\\uploads\\images\\2026\\202608\\20260815_113503.482.jpg\" class=\"cFlexAInCaption\" rel=\"lightbox noopener noreferrer\"><img decoding=\"async\" class=\"cFlexImg\" src=\"wp-content\\uploads\\images\\2026\\202608\\Thumbs\\20260815_113503.482.jpg\" alt=\"Die D\u00fcne, die den Nissum Fjord von der Nordsee trennt\"\/><\/a>\n\t\t\t<\/div>\n\t\t\t<p class=\"cFlexCaptiontext\">Die D\u00fcne, die den <a target=\"_blank\" href=\"https:\/\/de.wikipedia.org\/wiki\/Nissum_Fjord\" class=\"myAMap01\"><span class=\"mySpanLinkInCaption\">Nissum Fjord<\/span><\/a> von der Nordsee trennt&nbsp;&nbsp;<a class=\"cFlexAInCaption\" target=\"_blank\" href=\"https:\/\/www.google.com\/maps\/search\/56.322524,8.125834\/@56.322524,8.125834,13z\" rel=\"nobox noopener noreferrer\"><span class=\"tooltip\"><span class=\"myWo\">Wo?<\/span><span class=\"tooltiptext\">Nach Rechtsklick<br>au\u00dferhalb \u00f6ffnen<\/span><\/span><\/a><\/p>\n\t\t<\/div>\n\t\t<div class=\"cFlexColumnProImgAndCaption\">\n\t\t\t<div class=\"cFlexDivProImg\">\n\t\t\t\t<a target=\"_blank\" href=\"wp-content\\uploads\\images\\2026\\202608\\20260815_114828.015.jpg\" class=\"cFlexAInCaption\" rel=\"lightbox noopener noreferrer\"><img decoding=\"async\" class=\"cFlexImg\" src=\"wp-content\\uploads\\images\\2026\\202608\\Thumbs\\20260815_114828.015.jpg\" alt=\"Lange genug sind wir entlang der Nordsee-K\u00fcste gefahren, jetzt endlich bekamen wir das Meer zu Gesicht\"\/><\/a>\n\t\t\t<\/div>\n\t\t\t<p class=\"cFlexCaptiontext\">Lange genug sind wir entlang der Nordsee-K\u00fcste gefahren, jetzt endlich bekamen wir das Meer zu Gesicht&nbsp;&nbsp;<a class=\"cFlexAInCaption\" target=\"_blank\" href=\"https:\/\/www.google.com\/maps\/search\/56.323690,8.123095\/@56.323690,8.123095,13z\" rel=\"nobox noopener noreferrer\"><span class=\"tooltip\"><span class=\"myWo\">Wo?<\/span><span class=\"tooltiptext\">Nach Rechtsklick<br>au\u00dferhalb \u00f6ffnen<\/span><\/span><\/a><\/p>\n\t\t<\/div>\n\t\t<div class=\"cFlexColumnProImgAndCaption\">\n\t\t\t<div class=\"cFlexDivProImg\">\n\t\t\t\t<a target=\"_blank\" href=\"wp-content\\uploads\\images\\2026\\202608\\20260815_120232.953.jpg\" class=\"cFlexAInCaption\" rel=\"lightbox noopener noreferrer\"><img decoding=\"async\" class=\"cFlexImg\" src=\"wp-content\\uploads\\images\\2026\\202608\\Thumbs\\20260815_120232.953.jpg\" alt=\"Der Radweg entlang der D\u00fcne\"\/><\/a>\n\t\t\t<\/div>\n\t\t\t<p class=\"cFlexCaptiontext\">Der Radweg entlang der D\u00fcne&nbsp;&nbsp;<a class=\"cFlexAInCaption\" target=\"_blank\" href=\"https:\/\/www.google.com\/maps\/search\/56.329917,8.123247\/@56.329917,8.123247,13z\" rel=\"nobox noopener noreferrer\"><span class=\"tooltip\"><span class=\"myWo\">Wo?<\/span><span class=\"tooltiptext\">Nach Rechtsklick<br>au\u00dferhalb \u00f6ffnen<\/span><\/span><\/a><\/p>\n\t\t<\/div>\n\t\t<div class=\"cFlexColumnProImgAndCaption\">\n\t\t\t<div class=\"cFlexDivProImg\">\n\t\t\t\t<a target=\"_blank\" href=\"wp-content\\uploads\\images\\2026\\202608\\20260815_120635.027.jpg\" class=\"cFlexAInCaption\" rel=\"lightbox noopener noreferrer\"><img decoding=\"async\" class=\"cFlexImg\" src=\"wp-content\\uploads\\images\\2026\\202608\\Thumbs\\20260815_120635.027.jpg\" alt=\"Der Blick landeinw\u00e4rts Richtung Nissum Fjord\"\/><\/a>\n\t\t\t<\/div>\n\t\t\t<p class=\"cFlexCaptiontext\">Der Blick landeinw\u00e4rts Richtung Nissum Fjord&nbsp;&nbsp;<a class=\"cFlexAInCaption\" target=\"_blank\" href=\"https:\/\/www.google.com\/maps\/search\/56.337035,8.122975\/@56.337035,8.122975,13z\" rel=\"nobox noopener noreferrer\"><span class=\"tooltip\"><span class=\"myWo\">Wo?<\/span><span class=\"tooltiptext\">Nach Rechtsklick<br>au\u00dferhalb \u00f6ffnen<\/span><\/span><\/a><\/p>\n\t\t<\/div>\n\t\t<div class=\"cFlexColumnProImgAndCaption\">\n\t\t\t<div class=\"cFlexDivProImg\">\n\t\t\t\t<a target=\"_blank\" href=\"wp-content\\uploads\\images\\2026\\202608\\20260815_121521.833.jpg\" class=\"cFlexAInCaption\" rel=\"lightbox noopener noreferrer\"><img decoding=\"async\" class=\"cFlexImg\" src=\"wp-content\\uploads\\images\\2026\\202608\\Thumbs\\20260815_121521.833.jpg\" alt=\"Tafel, die an eine der gr\u00f6\u00dften Strandungskatastrophen erinnert (siehe Listen-Eintrag zum November\/Dezember 1811)\"\/><\/a>\n\t\t\t<\/div>\n\t\t\t<p class=\"cFlexCaptiontext\">Tafel, die an eine der gr\u00f6\u00dften <a target=\"_blank\" href=\"https:\/\/de.wikipedia.org\/wiki\/Liste_bedeutender_Seeunf%C3%A4lle_1801%E2%80%931850\" class=\"myAMap01\"><span class=\"mySpanLinkInCaption\">Strandungskatastrophen<\/span><\/a> erinnert (siehe Listen-Eintrag zum November\/Dezember 1811)&nbsp;&nbsp;<a class=\"cFlexAInCaption\" target=\"_blank\" href=\"https:\/\/www.google.com\/maps\/search\/56.349903,8.122642\/@56.349903,8.122642,13z\" rel=\"nobox noopener noreferrer\"><span class=\"tooltip\"><span class=\"myWo\">Wo?<\/span><span class=\"tooltiptext\">Nach Rechtsklick<br>au\u00dferhalb \u00f6ffnen<\/span><\/span><\/a><\/p>\n\t\t<\/div>\n\t\t<div class=\"cFlexColumnProImgAndCaption\">\n\t\t\t<div class=\"cFlexDivProImg\">\n\t\t\t\t<a target=\"_blank\" href=\"wp-content\\uploads\\images\\2026\\202608\\20260815_121618.138.jpg\" class=\"cFlexAInCaption\" rel=\"lightbox noopener noreferrer\"><img decoding=\"async\" class=\"cFlexImg\" src=\"wp-content\\uploads\\images\\2026\\202608\\Thumbs\\20260815_121618.138.jpg\" alt=\"Gedenkstein, der an die 1407 Toten der St George und Defence erinnert\"\/><\/a>\n\t\t\t<\/div>\n\t\t\t<p class=\"cFlexCaptiontext\">Gedenkstein, der an die 1407 Toten der <a target=\"_blank\" href=\"https:\/\/de.wikipedia.org\/wiki\/St_George_(Schiff,_1787)\" class=\"myAMap01\"><span class=\"mySpanLinkInCaption\">St George<\/span><\/a> und <a target=\"_blank\" href=\"https:\/\/de.wikipedia.org\/wiki\/Defence_(Schiff,_1770)\" class=\"myAMap01\"><span class=\"mySpanLinkInCaption\">Defence<\/span><\/a> erinnert&nbsp;&nbsp;<a class=\"cFlexAInCaption\" target=\"_blank\" href=\"https:\/\/www.google.com\/maps\/search\/56.349909,8.122639\/@56.349909,8.122639,13z\" rel=\"nobox noopener noreferrer\"><span class=\"tooltip\"><span class=\"myWo\">Wo?<\/span><span class=\"tooltiptext\">Nach Rechtsklick<br>au\u00dferhalb \u00f6ffnen<\/span><\/span><\/a><\/p>\n\t\t<\/div>\n\t\t<div class=\"cFlexColumnProImgAndCaption\">\n\t\t\t<div class=\"cFlexDivProImg\">\n\t\t\t\t<a target=\"_blank\" href=\"wp-content\\uploads\\images\\2026\\202608\\20260815_121652.733.jpg\" class=\"cFlexAInCaption\" rel=\"lightbox noopener noreferrer\"><img decoding=\"async\" class=\"cFlexImg\" src=\"wp-content\\uploads\\images\\2026\\202608\\Thumbs\\20260815_121652.733.jpg\" alt=\"\"\/><\/a>\n\t\t\t<\/div>\n\t\t\t<p class=\"cFlexCaptiontext\">&nbsp;&nbsp;<a class=\"cFlexAInCaption\" target=\"_blank\" href=\"https:\/\/www.google.com\/maps\/search\/56.349913,8.122636\/@56.349913,8.122636,13z\" rel=\"nobox noopener noreferrer\"><span class=\"tooltip\"><span class=\"myWo\">Wo?<\/span><span class=\"tooltiptext\">Nach Rechtsklick<br>au\u00dferhalb \u00f6ffnen<\/span><\/span><\/a><\/p>\n\t\t<\/div>\n\t\t<div class=\"cFlexColumnProImgAndCaption\">\n\t\t\t<div class=\"cFlexDivProImg\">\n\t\t\t\t<a target=\"_blank\" href=\"wp-content\\uploads\\images\\2026\\202608\\20260815_125314.806.jpg\" class=\"cFlexAInCaption\" rel=\"lightbox noopener noreferrer\"><img decoding=\"async\" class=\"cFlexImg\" src=\"wp-content\\uploads\\images\\2026\\202608\\Thumbs\\20260815_125314.806.jpg\" alt=\"Der Anker der St George\"\/><\/a>\n\t\t\t<\/div>\n\t\t\t<p class=\"cFlexCaptiontext\">Der Anker der St George&nbsp;&nbsp;<a class=\"cFlexAInCaption\" target=\"_blank\" href=\"https:\/\/www.google.com\/maps\/search\/56.373035,8.120100\/@56.373035,8.120100,13z\" rel=\"nobox noopener noreferrer\"><span class=\"tooltip\"><span class=\"myWo\">Wo?<\/span><span class=\"tooltiptext\">Nach Rechtsklick<br>au\u00dferhalb \u00f6ffnen<\/span><\/span><\/a><\/p>\n\t\t<\/div>\n\t\t<div class=\"cFlexColumnProImgAndCaption\">\n\t\t\t<div class=\"cFlexDivProImg\">\n\t\t\t\t<a target=\"_blank\" href=\"wp-content\\uploads\\images\\2026\\202608\\20260815_130843.278.jpg\" class=\"cFlexAInCaption\" rel=\"lightbox noopener noreferrer\"><img decoding=\"async\" class=\"cFlexImg\" src=\"wp-content\\uploads\\images\\2026\\202608\\Thumbs\\20260815_130843.278.jpg\" alt=\"Der Nissum Fjord\"\/><\/a>\n\t\t\t<\/div>\n\t\t\t<p class=\"cFlexCaptiontext\">Der Nissum Fjord&nbsp;&nbsp;<a class=\"cFlexAInCaption\" target=\"_blank\" href=\"https:\/\/www.google.com\/maps\/search\/56.399216,8.121733\/@56.399216,8.121733,13z\" rel=\"nobox noopener noreferrer\"><span class=\"tooltip\"><span class=\"myWo\">Wo?<\/span><span class=\"tooltiptext\">Nach Rechtsklick<br>au\u00dferhalb \u00f6ffnen<\/span><\/span><\/a><\/p>\n\t\t<\/div>\n\t\t<div class=\"cFlexColumnProImgAndCaption\">\n\t\t\t<div class=\"cFlexDivProImg\">\n\t\t\t\t<a target=\"_blank\" href=\"wp-content\\uploads\\images\\2026\\202608\\20260815_130901.268.jpg\" class=\"cFlexAInCaption\" rel=\"lightbox noopener noreferrer\"><img decoding=\"async\" class=\"cFlexImg\" src=\"wp-content\\uploads\\images\\2026\\202608\\Thumbs\\20260815_130901.268.jpg\" alt=\"\"\/><\/a>\n\t\t\t<\/div>\n\t\t\t<p class=\"cFlexCaptiontext\">&nbsp;&nbsp;<a class=\"cFlexAInCaption\" target=\"_blank\" href=\"https:\/\/www.google.com\/maps\/search\/56.399226,8.121729\/@56.399226,8.121729,13z\" rel=\"nobox noopener noreferrer\"><span class=\"tooltip\"><span class=\"myWo\">Wo?<\/span><span class=\"tooltiptext\">Nach Rechtsklick<br>au\u00dferhalb \u00f6ffnen<\/span><\/span><\/a><\/p>\n\t\t<\/div>\n\t\t<div class=\"cFlexColumnProImgAndCaption\">\n\t\t\t<div class=\"cFlexDivProImg\">\n\t\t\t\t<a target=\"_blank\" href=\"wp-content\\uploads\\images\\2026\\202608\\20260815_143236.753.jpg\" class=\"cFlexAInCaption\" rel=\"lightbox noopener noreferrer\"><img decoding=\"async\" class=\"cFlexImg\" src=\"wp-content\\uploads\\images\\2026\\202608\\Thumbs\\20260815_143236.753.jpg\" alt=\"Der Wind hat die Vegetation geformt\"\/><\/a>\n\t\t\t<\/div>\n\t\t\t<p class=\"cFlexCaptiontext\">Der Wind hat die Vegetation geformt&nbsp;&nbsp;<a class=\"cFlexAInCaption\" target=\"_blank\" href=\"https:\/\/www.google.com\/maps\/search\/56.520590,8.198496\/@56.520590,8.198496,13z\" rel=\"nobox noopener noreferrer\"><span class=\"tooltip\"><span class=\"myWo\">Wo?<\/span><span class=\"tooltiptext\">Nach Rechtsklick<br>au\u00dferhalb \u00f6ffnen<\/span><\/span><\/a><\/p>\n\t\t<\/div>\n\t\t<div class=\"cFlexColumnProImgAndCaption\">\n\t\t\t<div class=\"cFlexDivProImg\">\n\t\t\t\t<a target=\"_blank\" href=\"wp-content\\uploads\\images\\2026\\202608\\20260815_145442.324.jpg\" class=\"cFlexAInCaption\" rel=\"lightbox noopener noreferrer\"><img decoding=\"async\" class=\"cFlexImg\" src=\"wp-content\\uploads\\images\\2026\\202608\\Thumbs\\20260815_145442.324.jpg\" alt=\"Die Heldum Kirke\"\/><\/a>\n\t\t\t<\/div>\n\t\t\t<p class=\"cFlexCaptiontext\">Die <a target=\"_blank\" href=\"https:\/\/www.visitdenmark.de\/daenemark\/reiseplanung\/heldum-kirche-gdk726211\" class=\"myAMap01\"><span class=\"mySpanLinkInCaption\">Heldum Kirke<\/span><\/a>&nbsp;&nbsp;<a class=\"cFlexAInCaption\" target=\"_blank\" href=\"https:\/\/www.google.com\/maps\/search\/56.547066,8.272609\/@56.547066,8.272609,13z\" rel=\"nobox noopener noreferrer\"><span class=\"tooltip\"><span class=\"myWo\">Wo?<\/span><span class=\"tooltiptext\">Nach Rechtsklick<br>au\u00dferhalb \u00f6ffnen<\/span><\/span><\/a><\/p>\n\t\t<\/div>\n\t\t<div class=\"cFlexColumnProImgAndCaption\">\n\t\t\t<div class=\"cFlexDivProImg\">\n\t\t\t\t<a target=\"_blank\" href=\"wp-content\\uploads\\images\\2026\\202608\\20260815_150439.377.jpg\" class=\"cFlexAInCaption\" rel=\"lightbox noopener noreferrer\"><img decoding=\"async\" class=\"cFlexImg\" src=\"wp-content\\uploads\\images\\2026\\202608\\Thumbs\\20260815_150439.377.jpg\" alt=\"\"\/><\/a>\n\t\t\t<\/div>\n\t\t\t<p class=\"cFlexCaptiontext\">&nbsp;&nbsp;<a class=\"cFlexAInCaption\" target=\"_blank\" href=\"https:\/\/www.google.com\/maps\/search\/56.547038,8.272630\/@56.547038,8.272630,13z\" rel=\"nobox noopener noreferrer\"><span class=\"tooltip\"><span class=\"myWo\">Wo?<\/span><span class=\"tooltiptext\">Nach Rechtsklick<br>au\u00dferhalb \u00f6ffnen<\/span><\/span><\/a><\/p>\n\t\t<\/div>\n\t\t<div class=\"cFlexColumnProImgAndCaption\">\n\t\t\t<div class=\"cFlexDivProImg\">\n\t\t\t\t<a target=\"_blank\" href=\"wp-content\\uploads\\images\\2026\\202608\\20260815_151933.875.jpg\" class=\"cFlexAInCaption\" rel=\"lightbox noopener noreferrer\"><img decoding=\"async\" class=\"cFlexImg\" src=\"wp-content\\uploads\\images\\2026\\202608\\Thumbs\\20260815_151933.875.jpg\" alt=\"Unser aktuelles Hotel in Lemvig\"\/><\/a>\n\t\t\t<\/div>\n\t\t\t<p class=\"cFlexCaptiontext\">Unser aktuelles Hotel in <a target=\"_blank\" href=\"https:\/\/de.wikipedia.org\/wiki\/Lemvig\" class=\"myAMap01\"><span class=\"mySpanLinkInCaption\">Lemvig<\/span><\/a>&nbsp;&nbsp;<a class=\"cFlexAInCaption\" target=\"_blank\" href=\"https:\/\/www.google.com\/maps\/search\/56.548671,8.310544\/@56.548671,8.310544,13z\" rel=\"nobox noopener noreferrer\"><span class=\"tooltip\"><span class=\"myWo\">Wo?<\/span><span class=\"tooltiptext\">Nach Rechtsklick<br>au\u00dferhalb \u00f6ffnen<\/span><\/span><\/a><\/p>\n\t\t<\/div>\n\t<\/div>\n<br \/>\n<\/section>\n<h3 id=\"2026\/08\/17\">2026\/08\/17,&nbsp;Tag&nbsp;21 (21d),<br \/>Teilstrecke: 72,3&nbsp;km,<br \/>Gesamtstrecke: 883,1&nbsp;km<\/h3>\n<p>Mit gemischten Gef\u00fchlen starteten wir heute Morgen nach einem guten Fr\u00fchst\u00fcck von unserem Hotel. Zwar war es in dem Ort mit 14 Grad frisch, jedoch waren von den angek\u00fcndigten 6&nbsp;Bft  aus Nordwest noch nicht viel zu sp\u00fcren &#8211; erst auf dem freien Feld traf uns die Wucht des Windes. Die Windprognose hatte sich \u00fcber den Vortag immer weiter verschlechtert und wenn die n\u00e4chste Unterkunft nicht bereits gebucht gewesen w\u00e4re, h\u00e4tten wir wahrscheinlich versucht, noch einen Tag l\u00e4nger in Lemvig zu bleiben. Wir mussten uns entscheiden, ob wir die <a target=\"_blank\" href=\"https:\/\/en.wikipedia.org\/wiki\/Nissum_Bredning\" class=\"myAMap01\"><span class=\"mySpanLinkInText\">Nissum Bredning<\/span><\/a>, den westlichsten Teil des <a target=\"_blank\" href=\"https:\/\/de.wikipedia.org\/wiki\/Limfjord\" class=\"myAMap01\"><span class=\"mySpanLinkInText\">Limfjords<\/span><\/a>, \u00f6stlich oder westlich und damit n\u00e4her an der Nordsee umfahren wollten. In Erwartung einer sch\u00f6neren Landschaft (und der um etwa 10&nbsp;km k\u00fcrzeren Strecke) gaben wir der Strecke \u00fcber <a target=\"_blank\" href=\"https:\/\/de.wikipedia.org\/wiki\/Thybor%C3%B8n\" class=\"myAMap01\"><span class=\"mySpanLinkInText\">Thybor\u00f8n<\/span><\/a> den Vorzug, obwohl wegen der K\u00fcstenn\u00e4he hier mit dem st\u00e4rkeren Wind zu rechnen war. Googles <a target=\"_blank\" href=\"https:\/\/www.google.com\/maps\/place\/7680+Thybor%C3%B8n\/@56.740447,8.2504336,3a,75y,183.04h,84.64t\/data=!3m7!1e1!3m5!1s0Ok7SMA30nsr2hMu4DHGMQ!2e0!6shttps:%2F%2Fstreetviewpixels-pa.googleapis.com%2Fv1%2Fthumbnail%3Fcb_client%3Dmaps_sv.tactile%26w%3D900%26h%3D600%26pitch%3D5.363599381324832%26panoid%3D0Ok7SMA30nsr2hMu4DHGMQ%26yaw%3D183.04205210269234!7i16384!8i8192!4m6!3m5!1s0x4649f4e3c4868d1d:0x5bbae0a795aaf20a!8m2!3d56.69983!4d8.211547!16s%2Fm%2F02pqq3h?authuser=0&#038;entry=ttu&#038;g_ep=EgoyMDI2MDgxNi4wIKXMDSoASAFQAw%3D%3D\" class=\"myAMap01\"><span class=\"mySpanLinkInText\">Street View<\/span><\/a> hatte uns verraten, dass uns auf dem Damm n\u00f6rdlich von Thybor\u00f8n keine D\u00fcne sch\u00fctzen w\u00fcrde \u2013 nicht wie bei der vorangegangenen Etappe.<\/p>\n<p>Das erste Zwischenziel war der F\u00e4hranleger in Thybor\u00f8n. Diese knapp 22&nbsp;km hatten es in sich. Der Wind kam meist direkt von vorn \u2013 auch wenn die 6&nbsp;Bft wahrscheinlich w\u00e4hrend der gesamten Etappe nicht erreicht wurden. Es war nicht nur windig, sondern auch relativ k\u00fchl und lud nicht zu l\u00e4ngeren Pausen ein. Bis zum Ablegen der F\u00e4hre mussten wir etwa eine halbe Stunde warten. W\u00e4hrenddessen kamen wir mit drei Fahrradfahrern aus Mallorca ins Gespr\u00e4ch, die ebenfalls \u00fcber die westliche \u00d6ffnung des Limfjords zur Nordsee \u00fcbersetzen wollten. Wir wunderten uns, wie man auf die Idee kommen konnte, die W\u00e4rme zu verlassen, um sich dem windigen, kalten D\u00e4nemark auszusetzen. Das konnten uns die drei Spanier, die wohl alles angezogen hatten, was das Gep\u00e4ck hergab, auch nicht erkl\u00e4ren. Sie hatten sich die Reise wohl etwas anders vorgestellt.<\/p>\n<p>Die \u00dcberfahrt auf die Nehrung <a target=\"_blank\" href=\"https:\/\/de.wikipedia.org\/wiki\/Agger_Tange\" class=\"myAMap01\"><span class=\"mySpanLinkInText\">Agger Tange<\/span><\/a> war kurz und mit knapp 15&nbsp;\u20ac nicht so billig wie vergleichbare F\u00e4hrfahrten in der Vergangenheit. Wie erwartet, verlief der Radweg auf einem schmalen Damm ohne D\u00fcnenschutz, sodass der Wind uns ungehindert schr\u00e4g von vorn angriff. Graue Wolken drohten st\u00e4ndig, mit Regen die Fahrt noch k\u00e4lter und unangenehmer zu machen. Es war anstrengend, denn der Radweg war in keinem guten Zustand und die Einsicht, dass wir bei besserem Wetter auch nicht sehr viel schneller h\u00e4tten fahren k\u00f6nnen, tr\u00f6stete nicht wirklich. Es blieb trocken und nach gut acht windigen Kilometern hatten wir den beschwerlichsten Teil der Etappe geschafft. Die restlichen Kilometer waren weniger anstrengend, da bei unserer Fahrt in nord\u00f6stlicher Richtung der Wind meist von der Seite kam.<\/p>\n<p>Gegen 15:30&nbsp;Uhr erreichten wir den Campingplatz mit unsere H\u00fctte. Diesmal haben wir einen wunderbaren Blick auf den Limfjord. Wir nutzten die Waschmaschine, kauften beim nahegelegenen Lidl noch etwas zum Abendessen und fielen gegen 21&nbsp;Uhr m\u00fcde ins Bett.<\/p>\n<div class=\"leaflet-map WPLeafletMap\" style=\"height:500px; width:100%;\"><\/div><script>\nwindow.WPLeafletMapPlugin = window.WPLeafletMapPlugin || [];\nwindow.WPLeafletMapPlugin.push(function WPLeafletMapShortcode() {\/*<script>*\/\nvar baseUrl = atob('aHR0cHM6Ly97c30udGlsZS5vcGVuc3RyZWV0bWFwLm9yZy97en0ve3h9L3t5fS5wbmc=');\nvar base = (!baseUrl && window.MQ) ?\n    window.MQ.mapLayer() : L.tileLayer(baseUrl,\n        L.Util.extend({}, {\n            detectRetina: 0,\n        },\n        {\"subdomains\":\"abc\",\"noWrap\":false,\"maxZoom\":20}        )\n    );\n    var options = L.Util.extend({}, {\n        layers: [base],\n        attributionControl: false\n    },\n    {\"zoomControl\":false,\"scrollWheelZoom\":true,\"doubleClickZoom\":false,\"fitBounds\":true,\"minZoom\":0,\"maxZoom\":20,\"maxBounds\":null,\"attribution\":\"<a href=\\\"http:\\\/\\\/leafletjs.com\\\" title=\\\"A JS library for interactive maps\\\">Leaflet<\\\/a>; \\u00a9 <a href=\\\"http:\\\/\\\/www.openstreetmap.org\\\/copyright\\\">OpenStreetMap<\\\/a> contributors\"},\n    {});\nwindow.WPLeafletMapPlugin.createMap(options).setView([0,0],12);window.WPLeafletMapPlugin.createScale({});});<\/script>[elevation gpx=https:\/\/radreise.dosiek.de\/wp-content\/uploads\/gpx\/2026-08-17.gpx ]<br \/>\n[layerswitch ]<br \/>\n[fullscreen ]<br \/>\n[zoomhomemap =true ]\n<section class=\"mySection\" data-featherlight-gallery=\"\" data-featherlight-filter=\"a.myAImg01\">\n\t<p class=\"cFlexAufnDatum\" style=\"margin-top: 0px;margin-bottom: 0px;padding-top: 10px;\"><span class=\"cFlexSpanAufnDatum\">Aufnahmedatum 17\/08\/2026<\/span><\/p>\t<div class=\"cFlexDivProFigures\" style=\"margin-top: 0px;margin-left: 0px;margin-bottom: 0px;\">\n\t\t<div class=\"cFlexColumnProImgAndCaption\">\n\t\t\t<div class=\"cFlexDivProImg\">\n\t\t\t\t<a target=\"_blank\" href=\"wp-content\\uploads\\images\\2026\\202608\\20260817_083027.582.jpg\" class=\"cFlexAInCaption\" rel=\"lightbox noopener noreferrer\"><img decoding=\"async\" class=\"cFlexImg\" src=\"wp-content\\uploads\\images\\2026\\202608\\Thumbs\\20260817_083027.582.jpg\" alt=\"Zum heftigen Gegenwind kam hier noch eine lange Steigung\"\/><\/a>\n\t\t\t<\/div>\n\t\t\t<p class=\"cFlexCaptiontext\">Zum heftigen Gegenwind kam hier noch eine lange Steigung&nbsp;&nbsp;<a class=\"cFlexAInCaption\" target=\"_blank\" href=\"https:\/\/www.google.com\/maps\/search\/56.579889,8.202645\/@56.579889,8.202645,13z\" rel=\"nobox noopener noreferrer\"><span class=\"tooltip\"><span class=\"myWo\">Wo?<\/span><span class=\"tooltiptext\">Nach Rechtsklick<br>au\u00dferhalb \u00f6ffnen<\/span><\/span><\/a><\/p>\n\t\t<\/div>\n\t\t<div class=\"cFlexColumnProImgAndCaption\">\n\t\t\t<div class=\"cFlexDivProImg\">\n\t\t\t\t<a target=\"_blank\" href=\"wp-content\\uploads\\images\\2026\\202608\\20260817_090036.931.jpg\" class=\"cFlexAInCaption\" rel=\"lightbox noopener noreferrer\"><img decoding=\"async\" class=\"cFlexImg\" src=\"wp-content\\uploads\\images\\2026\\202608\\Thumbs\\20260817_090036.931.jpg\" alt=\"Nissum Bredning, ein Teil des Limfjords\"\/><\/a>\n\t\t\t<\/div>\n\t\t\t<p class=\"cFlexCaptiontext\">Nissum Bredning, ein Teil des Limfjords&nbsp;&nbsp;<a class=\"cFlexAInCaption\" target=\"_blank\" href=\"https:\/\/www.google.com\/maps\/search\/56.633236,8.185135\/@56.633236,8.185135,13z\" rel=\"nobox noopener noreferrer\"><span class=\"tooltip\"><span class=\"myWo\">Wo?<\/span><span class=\"tooltiptext\">Nach Rechtsklick<br>au\u00dferhalb \u00f6ffnen<\/span><\/span><\/a><\/p>\n\t\t<\/div>\n\t\t<div class=\"cFlexColumnProImgAndCaption\">\n\t\t\t<div class=\"cFlexDivProImg\">\n\t\t\t\t<a target=\"_blank\" href=\"wp-content\\uploads\\images\\2026\\202608\\20260817_090044.321.jpg\" class=\"cFlexAInCaption\" rel=\"lightbox noopener noreferrer\"><img decoding=\"async\" class=\"cFlexImg\" src=\"wp-content\\uploads\\images\\2026\\202608\\Thumbs\\20260817_090044.321.jpg\" alt=\"Auf dem Damm entlang des Limfjords nach Thybor\u00f8n\"\/><\/a>\n\t\t\t<\/div>\n\t\t\t<p class=\"cFlexCaptiontext\">Auf dem Damm entlang des <a target=\"_blank\" href=\"https:\/\/de.wikipedia.org\/wiki\/Limfjord\" class=\"myAMap01\"><span class=\"mySpanLinkInCaption\">Limfjords<\/span><\/a> nach <a target=\"_blank\" href=\"https:\/\/de.wikipedia.org\/wiki\/Thybor%C3%B8n\" class=\"myAMap01\"><span class=\"mySpanLinkInCaption\">Thybor\u00f8n<\/span><\/a>&nbsp;&nbsp;<a class=\"cFlexAInCaption\" target=\"_blank\" href=\"https:\/\/www.google.com\/maps\/search\/56.633240,8.185136\/@56.633240,8.185136,13z\" rel=\"nobox noopener noreferrer\"><span class=\"tooltip\"><span class=\"myWo\">Wo?<\/span><span class=\"tooltiptext\">Nach Rechtsklick<br>au\u00dferhalb \u00f6ffnen<\/span><\/span><\/a><\/p>\n\t\t<\/div>\n\t\t<div class=\"cFlexColumnProImgAndCaption\">\n\t\t\t<div class=\"cFlexDivProImg\">\n\t\t\t\t<a target=\"_blank\" href=\"wp-content\\uploads\\images\\2026\\202608\\20260817_093818.854.jpg\" class=\"cFlexAInCaption\" rel=\"lightbox noopener noreferrer\"><img decoding=\"async\" class=\"cFlexImg\" src=\"wp-content\\uploads\\images\\2026\\202608\\Thumbs\\20260817_093818.854.jpg\" alt=\"Die F\u00e4hre, die uns von Thybor\u00f8n zum n\u00f6rdlichen Damm durch den Limfjord brachte\"\/><\/a>\n\t\t\t<\/div>\n\t\t\t<p class=\"cFlexCaptiontext\">Die F\u00e4hre, die uns von Thybor\u00f8n zum n\u00f6rdlichen Damm durch den Limfjord brachte&nbsp;&nbsp;<a class=\"cFlexAInCaption\" target=\"_blank\" href=\"https:\/\/www.google.com\/maps\/search\/56.684641,8.224609\/@56.684641,8.224609,13z\" rel=\"nobox noopener noreferrer\"><span class=\"tooltip\"><span class=\"myWo\">Wo?<\/span><span class=\"tooltiptext\">Nach Rechtsklick<br>au\u00dferhalb \u00f6ffnen<\/span><\/span><\/a><\/p>\n\t\t<\/div>\n\t\t<div class=\"cFlexColumnProImgAndCaption\">\n\t\t\t<div class=\"cFlexDivProImg\">\n\t\t\t\t<a target=\"_blank\" href=\"wp-content\\uploads\\images\\2026\\202608\\20260817_095921.746.jpg\" class=\"cFlexAInCaption\" rel=\"lightbox noopener noreferrer\"><img decoding=\"async\" class=\"cFlexImg\" src=\"wp-content\\uploads\\images\\2026\\202608\\Thumbs\\20260817_095921.746.jpg\" alt=\"\"\/><\/a>\n\t\t\t<\/div>\n\t\t\t<p class=\"cFlexCaptiontext\">&nbsp;&nbsp;<a class=\"cFlexAInCaption\" target=\"_blank\" href=\"https:\/\/www.google.com\/maps\/search\/56.684430,8.225606\/@56.684430,8.225606,13z\" rel=\"nobox noopener noreferrer\"><span class=\"tooltip\"><span class=\"myWo\">Wo?<\/span><span class=\"tooltiptext\">Nach Rechtsklick<br>au\u00dferhalb \u00f6ffnen<\/span><\/span><\/a><\/p>\n\t\t<\/div>\n\t\t<div class=\"cFlexColumnProImgAndCaption\">\n\t\t\t<div class=\"cFlexDivProImg\">\n\t\t\t\t<a target=\"_blank\" href=\"wp-content\\uploads\\images\\2026\\202608\\20260817_104000.051.jpg\" class=\"cFlexAInCaption\" rel=\"lightbox noopener noreferrer\"><img decoding=\"async\" class=\"cFlexImg\" src=\"wp-content\\uploads\\images\\2026\\202608\\Thumbs\\20260817_104000.051.jpg\" alt=\"N\u00f6rdlich von Thybor\u00f8n waren wir dem Wind ungesch\u00fctzt ausgesetzt\"\/><\/a>\n\t\t\t<\/div>\n\t\t\t<p class=\"cFlexCaptiontext\">N\u00f6rdlich von Thybor\u00f8n waren wir dem Wind ungesch\u00fctzt ausgesetzt&nbsp;&nbsp;<a class=\"cFlexAInCaption\" target=\"_blank\" href=\"https:\/\/www.google.com\/maps\/search\/56.735098,8.249888\/@56.735098,8.249888,13z\" rel=\"nobox noopener noreferrer\"><span class=\"tooltip\"><span class=\"myWo\">Wo?<\/span><span class=\"tooltiptext\">Nach Rechtsklick<br>au\u00dferhalb \u00f6ffnen<\/span><\/span><\/a><\/p>\n\t\t<\/div>\n\t\t<div class=\"cFlexColumnProImgAndCaption\">\n\t\t\t<div class=\"cFlexDivProImg\">\n\t\t\t\t<a target=\"_blank\" href=\"wp-content\\uploads\\images\\2026\\202608\\20260817_104011.762.jpg\" class=\"cFlexAInCaption\" rel=\"lightbox noopener noreferrer\"><img decoding=\"async\" class=\"cFlexImg\" src=\"wp-content\\uploads\\images\\2026\\202608\\Thumbs\\20260817_104011.762.jpg\" alt=\"Blick vom Damm Richtung Nordsee\"\/><\/a>\n\t\t\t<\/div>\n\t\t\t<p class=\"cFlexCaptiontext\">Blick vom Damm Richtung Nordsee&nbsp;&nbsp;<a class=\"cFlexAInCaption\" target=\"_blank\" href=\"https:\/\/www.google.com\/maps\/search\/56.735106,8.249889\/@56.735106,8.249889,13z\" rel=\"nobox noopener noreferrer\"><span class=\"tooltip\"><span class=\"myWo\">Wo?<\/span><span class=\"tooltiptext\">Nach Rechtsklick<br>au\u00dferhalb \u00f6ffnen<\/span><\/span><\/a><\/p>\n\t\t<\/div>\n\t\t<div class=\"cFlexColumnProImgAndCaption\">\n\t\t\t<div class=\"cFlexDivProImg\">\n\t\t\t\t<a target=\"_blank\" href=\"wp-content\\uploads\\images\\2026\\202608\\20260817_104017.862.jpg\" class=\"cFlexAInCaption\" rel=\"lightbox noopener noreferrer\"><img decoding=\"async\" class=\"cFlexImg\" src=\"wp-content\\uploads\\images\\2026\\202608\\Thumbs\\20260817_104017.862.jpg\" alt=\"Wir k\u00e4mpften immer noch mit dem Wind\"\/><\/a>\n\t\t\t<\/div>\n\t\t\t<p class=\"cFlexCaptiontext\">Wir k\u00e4mpften immer noch mit dem Wind&nbsp;&nbsp;<a class=\"cFlexAInCaption\" target=\"_blank\" href=\"https:\/\/www.google.com\/maps\/search\/56.735110,8.249889\/@56.735110,8.249889,13z\" rel=\"nobox noopener noreferrer\"><span class=\"tooltip\"><span class=\"myWo\">Wo?<\/span><span class=\"tooltiptext\">Nach Rechtsklick<br>au\u00dferhalb \u00f6ffnen<\/span><\/span><\/a><\/p>\n\t\t<\/div>\n\t\t<div class=\"cFlexColumnProImgAndCaption\">\n\t\t\t<div class=\"cFlexDivProImg\">\n\t\t\t\t<a target=\"_blank\" href=\"wp-content\\uploads\\images\\2026\\202608\\20260817_111809.148.jpg\" class=\"cFlexAInCaption\" rel=\"lightbox noopener noreferrer\"><img decoding=\"async\" class=\"cFlexImg\" src=\"wp-content\\uploads\\images\\2026\\202608\\Thumbs\\20260817_111809.148.jpg\" alt=\"Nur die Kitesurfer freuten sich \u00fcber den Wind\"\/><\/a>\n\t\t\t<\/div>\n\t\t\t<p class=\"cFlexCaptiontext\">Nur die Kitesurfer freuten sich \u00fcber den Wind&nbsp;&nbsp;<a class=\"cFlexAInCaption\" target=\"_blank\" href=\"https:\/\/www.google.com\/maps\/search\/56.771926,8.274653\/@56.771926,8.274653,13z\" rel=\"nobox noopener noreferrer\"><span class=\"tooltip\"><span class=\"myWo\">Wo?<\/span><span class=\"tooltiptext\">Nach Rechtsklick<br>au\u00dferhalb \u00f6ffnen<\/span><\/span><\/a><\/p>\n\t\t<\/div>\n\t\t<div class=\"cFlexColumnProImgAndCaption\">\n\t\t\t<div class=\"cFlexDivProImg\">\n\t\t\t\t<a target=\"_blank\" href=\"wp-content\\uploads\\images\\2026\\202608\\20260817_112906.154.jpg\" class=\"cFlexAInCaption\" rel=\"lightbox noopener noreferrer\"><img decoding=\"async\" class=\"cFlexImg\" src=\"wp-content\\uploads\\images\\2026\\202608\\Thumbs\\20260817_112906.154.jpg\" alt=\"\"\/><\/a>\n\t\t\t<\/div>\n\t\t\t<p class=\"cFlexCaptiontext\">&nbsp;&nbsp;<a class=\"cFlexAInCaption\" target=\"_blank\" href=\"https:\/\/www.google.com\/maps\/search\/56.770245,8.301347\/@56.770245,8.301347,13z\" rel=\"nobox noopener noreferrer\"><span class=\"tooltip\"><span class=\"myWo\">Wo?<\/span><span class=\"tooltiptext\">Nach Rechtsklick<br>au\u00dferhalb \u00f6ffnen<\/span><\/span><\/a><\/p>\n\t\t<\/div>\n\t\t<div class=\"cFlexColumnProImgAndCaption\">\n\t\t\t<div class=\"cFlexDivProImg\">\n\t\t\t\t<a target=\"_blank\" href=\"wp-content\\uploads\\images\\2026\\202608\\20260817_134805.567.jpg\" class=\"cFlexAInCaption\" rel=\"lightbox noopener noreferrer\"><img decoding=\"async\" class=\"cFlexImg\" src=\"wp-content\\uploads\\images\\2026\\202608\\Thumbs\\20260817_134805.567.jpg\" alt=\"Ebenfalls der Limfjord\"\/><\/a>\n\t\t\t<\/div>\n\t\t\t<p class=\"cFlexCaptiontext\">Ebenfalls der Limfjord&nbsp;&nbsp;<a class=\"cFlexAInCaption\" target=\"_blank\" href=\"https:\/\/www.google.com\/maps\/search\/56.911103,8.609305\/@56.911103,8.609305,13z\" rel=\"nobox noopener noreferrer\"><span class=\"tooltip\"><span class=\"myWo\">Wo?<\/span><span class=\"tooltiptext\">Nach Rechtsklick<br>au\u00dferhalb \u00f6ffnen<\/span><\/span><\/a><\/p>\n\t\t<\/div>\n\t\t<div class=\"cFlexColumnProImgAndCaption\">\n\t\t\t<div class=\"cFlexDivProImg\">\n\t\t\t\t<a target=\"_blank\" href=\"wp-content\\uploads\\images\\2026\\202608\\20260817_143956.200.jpg\" class=\"cFlexAInCaption\" rel=\"lightbox noopener noreferrer\"><img decoding=\"async\" class=\"cFlexImg\" src=\"wp-content\\uploads\\images\\2026\\202608\\Thumbs\\20260817_143956.200.jpg\" alt=\"Unsere aktuelle Unterkunft in Thisted mit Blick auf den Limfjord\"\/><\/a>\n\t\t\t<\/div>\n\t\t\t<p class=\"cFlexCaptiontext\">Unsere aktuelle Unterkunft in <a target=\"_blank\" href=\"https:\/\/de.wikipedia.org\/wiki\/Thisted\" class=\"myAMap01\"><span class=\"mySpanLinkInCaption\">Thisted<\/span><\/a> mit Blick auf den Limfjord&nbsp;&nbsp;<a class=\"cFlexAInCaption\" target=\"_blank\" href=\"https:\/\/www.google.com\/maps\/search\/56.952540,8.712966\/@56.952540,8.712966,13z\" rel=\"nobox noopener noreferrer\"><span class=\"tooltip\"><span class=\"myWo\">Wo?<\/span><span class=\"tooltiptext\">Nach Rechtsklick<br>au\u00dferhalb \u00f6ffnen<\/span><\/span><\/a><\/p>\n\t\t<\/div>\n\t<\/div>\n<br \/>\n<\/section>\n<h3 id=\"2026\/08\/20\">2026\/08\/20,&nbsp;Tag&nbsp;24 (24d),<br \/>Teilstrecke: 98,3&nbsp;km,<br \/>Gesamtstrecke: 981,4&nbsp;km<\/h3>\n<p>Wie \u00fcblich wollten wir wieder nach nur einem Ruhetag weiterfahren. Der Wetterbericht hatte jedoch Regen prophezeit, der uns gestern sicher mehrmals h\u00e4tte nass werden lassen. So verbrachten wir einen weiteren Tag in unserer H\u00fctte in Thisted. F\u00fcr den heutigen Tag sollten die beiden wichtigsten Voraussetzungen stimmen: R\u00fcckenwind und trockenes Wetter. Nur dass es morgens so kalt ist, dass wir in langen Sachen starten, st\u00f6rt etwas. Angesichts der deutlich besseren Bedingungen trauten wir uns die fast 100&nbsp;km bis L\u00f8kken zu.<\/p>\n<p>Wir fuhren bei klarem Himmel durch das von viel Wasser gepr\u00e4gte Umland des Limfjords. Entsprechend viele Wasserv\u00f6gel sahen wir. Unser Weg f\u00fchrte wieder meist \u00fcber kleine Nebenstra\u00dfen durch Felder und wenn wir st\u00e4rker befahrenen Stra\u00dfen folgen mussten, gab es meist Radwege. Nur sind die Seitenstreifen mit etwa 40&nbsp;cm Breite ungewohnt schmal und erfordern insbesondere bei starkem Seitenwind und wenn wir von LKW \u00fcberholt werden erh\u00f6hte Aufmerksamkeit. Knapp 30&nbsp;km vor unserem Ziel durchfuhren wir eine Heidelandschaft. Erfreulich ist, dass hier gro\u00dfe Hotelanlagen selten sind. Die kleinen Sommerh\u00e4user f\u00fcgen sich hingegen gut in die Landschaft ein.<\/p>\n<div class=\"leaflet-map WPLeafletMap\" style=\"height:500px; width:100%;\"><\/div><script>\nwindow.WPLeafletMapPlugin = window.WPLeafletMapPlugin || [];\nwindow.WPLeafletMapPlugin.push(function WPLeafletMapShortcode() {\/*<script>*\/\nvar baseUrl = atob('aHR0cHM6Ly97c30udGlsZS5vcGVuc3RyZWV0bWFwLm9yZy97en0ve3h9L3t5fS5wbmc=');\nvar base = (!baseUrl && window.MQ) ?\n    window.MQ.mapLayer() : L.tileLayer(baseUrl,\n        L.Util.extend({}, {\n            detectRetina: 0,\n        },\n        {\"subdomains\":\"abc\",\"noWrap\":false,\"maxZoom\":20}        )\n    );\n    var options = L.Util.extend({}, {\n        layers: [base],\n        attributionControl: false\n    },\n    {\"zoomControl\":false,\"scrollWheelZoom\":true,\"doubleClickZoom\":false,\"fitBounds\":true,\"minZoom\":0,\"maxZoom\":20,\"maxBounds\":null,\"attribution\":\"<a href=\\\"http:\\\/\\\/leafletjs.com\\\" title=\\\"A JS library for interactive maps\\\">Leaflet<\\\/a>; \\u00a9 <a href=\\\"http:\\\/\\\/www.openstreetmap.org\\\/copyright\\\">OpenStreetMap<\\\/a> contributors\"},\n    {});\nwindow.WPLeafletMapPlugin.createMap(options).setView([0,0],12);window.WPLeafletMapPlugin.createScale({});});<\/script>[elevation gpx=https:\/\/radreise.dosiek.de\/wp-content\/uploads\/gpx\/2026-08-20.gpx ]<br \/>\n[layerswitch ]<br \/>\n[fullscreen ]<br \/>\n[zoomhomemap =true ]\n<section class=\"mySection\" data-featherlight-gallery=\"\" data-featherlight-filter=\"a.myAImg01\">\n\t<p class=\"cFlexAufnDatum\" style=\"margin-top: 0px;margin-bottom: 0px;padding-top: 10px;\"><span class=\"cFlexSpanAufnDatum\">Aufnahmedatum 18\/08\/2026<\/span><\/p>\t<div class=\"cFlexDivProFigures\" style=\"margin-top: 0px;margin-left: 0px;margin-bottom: 0px;\">\n\t\t<div class=\"cFlexColumnProImgAndCaption\">\n\t\t\t<div class=\"cFlexDivProImg\">\n\t\t\t\t<a target=\"_blank\" href=\"wp-content\\uploads\\images\\2026\\202608\\20260818_142803.049.jpg\" class=\"cFlexAInCaption\" rel=\"lightbox noopener noreferrer\"><img decoding=\"async\" class=\"cFlexImg\" src=\"wp-content\\uploads\\images\\2026\\202608\\Thumbs\\20260818_142803.049.jpg\" alt=\"In der Kirche von Thisted\"\/><\/a>\n\t\t\t<\/div>\n\t\t\t<p class=\"cFlexCaptiontext\">In der Kirche von <a target=\"_blank\" href=\"https:\/\/de.wikipedia.org\/wiki\/Thisted\" class=\"myAMap01\"><span class=\"mySpanLinkInCaption\">Thisted<\/span><\/a>&nbsp;&nbsp;<a class=\"cFlexAInCaption\" target=\"_blank\" href=\"https:\/\/www.google.com\/maps\/search\/56.954667,8.689182\/@56.954667,8.689182,13z\" rel=\"nobox noopener noreferrer\"><span class=\"tooltip\"><span class=\"myWo\">Wo?<\/span><span class=\"tooltiptext\">Nach Rechtsklick<br>au\u00dferhalb \u00f6ffnen<\/span><\/span><\/a><\/p>\n\t\t<\/div>\n\t\t<div class=\"cFlexColumnProImgAndCaption\">\n\t\t\t<div class=\"cFlexDivProImg\">\n\t\t\t\t<a target=\"_blank\" href=\"wp-content\\uploads\\images\\2026\\202608\\20260818_142836.670.jpg\" class=\"cFlexAInCaption\" rel=\"lightbox noopener noreferrer\"><img decoding=\"async\" class=\"cFlexImg\" src=\"wp-content\\uploads\\images\\2026\\202608\\Thumbs\\20260818_142836.670.jpg\" alt=\"\"\/><\/a>\n\t\t\t<\/div>\n\t\t\t<p class=\"cFlexCaptiontext\">&nbsp;&nbsp;<a class=\"cFlexAInCaption\" target=\"_blank\" href=\"https:\/\/www.google.com\/maps\/search\/56.954667,8.689182\/@56.954667,8.689182,13z\" rel=\"nobox noopener noreferrer\"><span class=\"tooltip\"><span class=\"myWo\">Wo?<\/span><span class=\"tooltiptext\">Nach Rechtsklick<br>au\u00dferhalb \u00f6ffnen<\/span><\/span><\/a><\/p>\n\t\t<\/div>\n\t\t<div class=\"cFlexColumnProImgAndCaption\">\n\t\t\t<div class=\"cFlexDivProImg\">\n\t\t\t\t<a target=\"_blank\" href=\"wp-content\\uploads\\images\\2026\\202608\\20260818_142951.272.jpg\" class=\"cFlexAInCaption\" rel=\"lightbox noopener noreferrer\"><img decoding=\"async\" class=\"cFlexImg\" src=\"wp-content\\uploads\\images\\2026\\202608\\Thumbs\\20260818_142951.272.jpg\" alt=\"\"\/><\/a>\n\t\t\t<\/div>\n\t\t\t<p class=\"cFlexCaptiontext\">&nbsp;&nbsp;<a class=\"cFlexAInCaption\" target=\"_blank\" href=\"https:\/\/www.google.com\/maps\/search\/56.954667,8.689182\/@56.954667,8.689182,13z\" rel=\"nobox noopener noreferrer\"><span class=\"tooltip\"><span class=\"myWo\">Wo?<\/span><span class=\"tooltiptext\">Nach Rechtsklick<br>au\u00dferhalb \u00f6ffnen<\/span><\/span><\/a><\/p>\n\t\t<\/div>\n\t\t<div class=\"cFlexColumnProImgAndCaption\">\n\t\t\t<div class=\"cFlexDivProImg\">\n\t\t\t\t<a target=\"_blank\" href=\"wp-content\\uploads\\images\\2026\\202608\\20260818_151047.480.jpg\" class=\"cFlexAInCaption\" rel=\"lightbox noopener noreferrer\"><img decoding=\"async\" class=\"cFlexImg\" src=\"wp-content\\uploads\\images\\2026\\202608\\Thumbs\\20260818_151047.480.jpg\" alt=\"In Thisted\"\/><\/a>\n\t\t\t<\/div>\n\t\t\t<p class=\"cFlexCaptiontext\">In Thisted<\/p>\n\t\t<\/div>\n\t\t<div class=\"cFlexColumnProImgAndCaption\">\n\t\t\t<div class=\"cFlexDivProImg\">\n\t\t\t\t<a target=\"_blank\" href=\"wp-content\\uploads\\images\\2026\\202608\\20260818_192217.555.jpg\" class=\"cFlexAInCaption\" rel=\"lightbox noopener noreferrer\"><img decoding=\"async\" class=\"cFlexImg\" src=\"wp-content\\uploads\\images\\2026\\202608\\Thumbs\\20260818_192217.555.jpg\" alt=\"Das Thisted gegen\u00fcberliegende Hanklit (gelistet als UNESCO World Heritage)\"\/><\/a>\n\t\t\t<\/div>\n\t\t\t<p class=\"cFlexCaptiontext\">Das Thisted gegen\u00fcberliegende <a target=\"_blank\" href=\"https:\/\/de.wikipedia.org\/wiki\/Mors_(Insel)#Naturdenkm%C3%A4ler\" class=\"myAMap01\"><span class=\"mySpanLinkInCaption\">Hanklit<\/span><\/a> (gelistet als UNESCO World Heritage)&nbsp;&nbsp;<a class=\"cFlexAInCaption\" target=\"_blank\" href=\"https:\/\/www.google.com\/maps\/search\/56.951918,8.713132\/@56.951918,8.713132,13z\" rel=\"nobox noopener noreferrer\"><span class=\"tooltip\"><span class=\"myWo\">Wo?<\/span><span class=\"tooltiptext\">Nach Rechtsklick<br>au\u00dferhalb \u00f6ffnen<\/span><\/span><\/a><\/p>\n\t\t<\/div>\n\t<\/div>\n\t<p class=\"cFlexAufnDatum\" style=\"margin-top: 0px;margin-bottom: 0px;padding-top: 10px;\"><span class=\"cFlexSpanAufnDatum\">Aufnahmedatum 20\/08\/2026<\/span><\/p>\t<div class=\"cFlexDivProFigures\" style=\"margin-top: 0px;margin-left: 0px;margin-bottom: 0px;\">\n\t\t<div class=\"cFlexColumnProImgAndCaption\">\n\t\t\t<div class=\"cFlexDivProImg\">\n\t\t\t\t<a target=\"_blank\" href=\"wp-content\\uploads\\images\\2026\\202608\\20260820_074541.821.jpg\" class=\"cFlexAInCaption\" rel=\"lightbox noopener noreferrer\"><img decoding=\"async\" class=\"cFlexImg\" src=\"wp-content\\uploads\\images\\2026\\202608\\Thumbs\\20260820_074541.821.jpg\" alt=\"Radfahren in einer sch\u00f6nen Umgebung\"\/><\/a>\n\t\t\t<\/div>\n\t\t\t<p class=\"cFlexCaptiontext\">Radfahren in einer sch\u00f6nen Umgebung&nbsp;&nbsp;<a class=\"cFlexAInCaption\" target=\"_blank\" href=\"https:\/\/www.google.com\/maps\/search\/56.978857,8.819371\/@56.978857,8.819371,13z\" rel=\"nobox noopener noreferrer\"><span class=\"tooltip\"><span class=\"myWo\">Wo?<\/span><span class=\"tooltiptext\">Nach Rechtsklick<br>au\u00dferhalb \u00f6ffnen<\/span><\/span><\/a><\/p>\n\t\t<\/div>\n\t\t<div class=\"cFlexColumnProImgAndCaption\">\n\t\t\t<div class=\"cFlexDivProImg\">\n\t\t\t\t<a target=\"_blank\" href=\"wp-content\\uploads\\images\\2026\\202608\\20260820_075041.672.jpg\" class=\"cFlexAInCaption\" rel=\"lightbox noopener noreferrer\"><img decoding=\"async\" class=\"cFlexImg\" src=\"wp-content\\uploads\\images\\2026\\202608\\Thumbs\\20260820_075041.672.jpg\" alt=\"\"\/><\/a>\n\t\t\t<\/div>\n\t\t\t<p class=\"cFlexCaptiontext\">&nbsp;&nbsp;<a class=\"cFlexAInCaption\" target=\"_blank\" href=\"https:\/\/www.google.com\/maps\/search\/56.988308,8.825195\/@56.988308,8.825195,13z\" rel=\"nobox noopener noreferrer\"><span class=\"tooltip\"><span class=\"myWo\">Wo?<\/span><span class=\"tooltiptext\">Nach Rechtsklick<br>au\u00dferhalb \u00f6ffnen<\/span><\/span><\/a><\/p>\n\t\t<\/div>\n\t\t<div class=\"cFlexColumnProImgAndCaption\">\n\t\t\t<div class=\"cFlexDivProImg\">\n\t\t\t\t<a target=\"_blank\" href=\"wp-content\\uploads\\images\\2026\\202608\\20260820_075058.702.jpg\" class=\"cFlexAInCaption\" rel=\"lightbox noopener noreferrer\"><img decoding=\"async\" class=\"cFlexImg\" src=\"wp-content\\uploads\\images\\2026\\202608\\Thumbs\\20260820_075058.702.jpg\" alt=\"\"\/><\/a>\n\t\t\t<\/div>\n\t\t\t<p class=\"cFlexCaptiontext\">&nbsp;&nbsp;<a class=\"cFlexAInCaption\" target=\"_blank\" href=\"https:\/\/www.google.com\/maps\/search\/56.988311,8.825186\/@56.988311,8.825186,13z\" rel=\"nobox noopener noreferrer\"><span class=\"tooltip\"><span class=\"myWo\">Wo?<\/span><span class=\"tooltiptext\">Nach Rechtsklick<br>au\u00dferhalb \u00f6ffnen<\/span><\/span><\/a><\/p>\n\t\t<\/div>\n\t\t<div class=\"cFlexColumnProImgAndCaption\">\n\t\t\t<div class=\"cFlexDivProImg\">\n\t\t\t\t<a target=\"_blank\" href=\"wp-content\\uploads\\images\\2026\\202608\\20260820_075455.964.jpg\" class=\"cFlexAInCaption\" rel=\"lightbox noopener noreferrer\"><img decoding=\"async\" class=\"cFlexImg\" src=\"wp-content\\uploads\\images\\2026\\202608\\Thumbs\\20260820_075455.964.jpg\" alt=\"\"\/><\/a>\n\t\t\t<\/div>\n\t\t\t<p class=\"cFlexCaptiontext\">&nbsp;&nbsp;<a class=\"cFlexAInCaption\" target=\"_blank\" href=\"https:\/\/www.google.com\/maps\/search\/56.991882,8.824089\/@56.991882,8.824089,13z\" rel=\"nobox noopener noreferrer\"><span class=\"tooltip\"><span class=\"myWo\">Wo?<\/span><span class=\"tooltiptext\">Nach Rechtsklick<br>au\u00dferhalb \u00f6ffnen<\/span><\/span><\/a><\/p>\n\t\t<\/div>\n\t\t<div class=\"cFlexColumnProImgAndCaption\">\n\t\t\t<div class=\"cFlexDivProImg\">\n\t\t\t\t<a target=\"_blank\" href=\"wp-content\\uploads\\images\\2026\\202608\\20260820_075743.507.jpg\" class=\"cFlexAInCaption\" rel=\"lightbox noopener noreferrer\"><img decoding=\"async\" class=\"cFlexImg\" src=\"wp-content\\uploads\\images\\2026\\202608\\Thumbs\\20260820_075743.507.jpg\" alt=\"\"\/><\/a>\n\t\t\t<\/div>\n\t\t\t<p class=\"cFlexCaptiontext\">&nbsp;&nbsp;<a class=\"cFlexAInCaption\" target=\"_blank\" href=\"https:\/\/www.google.com\/maps\/search\/56.993402,8.829293\/@56.993402,8.829293,13z\" rel=\"nobox noopener noreferrer\"><span class=\"tooltip\"><span class=\"myWo\">Wo?<\/span><span class=\"tooltiptext\">Nach Rechtsklick<br>au\u00dferhalb \u00f6ffnen<\/span><\/span><\/a><\/p>\n\t\t<\/div>\n\t\t<div class=\"cFlexColumnProImgAndCaption\">\n\t\t\t<div class=\"cFlexDivProImg\">\n\t\t\t\t<a target=\"_blank\" href=\"wp-content\\uploads\\images\\2026\\202608\\20260820_080655.501.jpg\" class=\"cFlexAInCaption\" rel=\"lightbox noopener noreferrer\"><img decoding=\"async\" class=\"cFlexImg\" src=\"wp-content\\uploads\\images\\2026\\202608\\Thumbs\\20260820_080655.501.jpg\" alt=\"Viele G\u00e4nse auf einem abgeernteten Getreidefeld\"\/><\/a>\n\t\t\t<\/div>\n\t\t\t<p class=\"cFlexCaptiontext\">Viele G\u00e4nse auf einem abgeernteten Getreidefeld&nbsp;&nbsp;<a class=\"cFlexAInCaption\" target=\"_blank\" href=\"https:\/\/www.google.com\/maps\/search\/57.007490,8.843163\/@57.007490,8.843163,13z\" rel=\"nobox noopener noreferrer\"><span class=\"tooltip\"><span class=\"myWo\">Wo?<\/span><span class=\"tooltiptext\">Nach Rechtsklick<br>au\u00dferhalb \u00f6ffnen<\/span><\/span><\/a><\/p>\n\t\t<\/div>\n\t\t<div class=\"cFlexColumnProImgAndCaption\">\n\t\t\t<div class=\"cFlexDivProImg\">\n\t\t\t\t<a target=\"_blank\" href=\"wp-content\\uploads\\images\\2026\\202608\\20260820_081429.323.jpg\" class=\"cFlexAInCaption\" rel=\"lightbox noopener noreferrer\"><img decoding=\"async\" class=\"cFlexImg\" src=\"wp-content\\uploads\\images\\2026\\202608\\Thumbs\\20260820_081429.323.jpg\" alt=\"\"\/><\/a>\n\t\t\t<\/div>\n\t\t\t<p class=\"cFlexCaptiontext\">&nbsp;&nbsp;<a class=\"cFlexAInCaption\" target=\"_blank\" href=\"https:\/\/www.google.com\/maps\/search\/57.020140,8.845204\/@57.020140,8.845204,13z\" rel=\"nobox noopener noreferrer\"><span class=\"tooltip\"><span class=\"myWo\">Wo?<\/span><span class=\"tooltiptext\">Nach Rechtsklick<br>au\u00dferhalb \u00f6ffnen<\/span><\/span><\/a><\/p>\n\t\t<\/div>\n\t\t<div class=\"cFlexColumnProImgAndCaption\">\n\t\t\t<div class=\"cFlexDivProImg\">\n\t\t\t\t<a target=\"_blank\" href=\"wp-content\\uploads\\images\\2026\\202608\\20260820_091332.913.jpg\" class=\"cFlexAInCaption\" rel=\"lightbox noopener noreferrer\"><img decoding=\"async\" class=\"cFlexImg\" src=\"wp-content\\uploads\\images\\2026\\202608\\Thumbs\\20260820_091332.913.jpg\" alt=\"\"\/><\/a>\n\t\t\t<\/div>\n\t\t\t<p class=\"cFlexCaptiontext\">&nbsp;&nbsp;<a class=\"cFlexAInCaption\" target=\"_blank\" href=\"https:\/\/www.google.com\/maps\/search\/57.023549,9.054432\/@57.023549,9.054432,13z\" rel=\"nobox noopener noreferrer\"><span class=\"tooltip\"><span class=\"myWo\">Wo?<\/span><span class=\"tooltiptext\">Nach Rechtsklick<br>au\u00dferhalb \u00f6ffnen<\/span><\/span><\/a><\/p>\n\t\t<\/div>\n\t\t<div class=\"cFlexColumnProImgAndCaption\">\n\t\t\t<div class=\"cFlexDivProImg\">\n\t\t\t\t<a target=\"_blank\" href=\"wp-content\\uploads\\images\\2026\\202608\\20260820_091402.455.jpg\" class=\"cFlexAInCaption\" rel=\"lightbox noopener noreferrer\"><img decoding=\"async\" class=\"cFlexImg\" src=\"wp-content\\uploads\\images\\2026\\202608\\Thumbs\\20260820_091402.455.jpg\" alt=\"\"\/><\/a>\n\t\t\t<\/div>\n\t\t\t<p class=\"cFlexCaptiontext\">&nbsp;&nbsp;<a class=\"cFlexAInCaption\" target=\"_blank\" href=\"https:\/\/www.google.com\/maps\/search\/57.023548,9.054495\/@57.023548,9.054495,13z\" rel=\"nobox noopener noreferrer\"><span class=\"tooltip\"><span class=\"myWo\">Wo?<\/span><span class=\"tooltiptext\">Nach Rechtsklick<br>au\u00dferhalb \u00f6ffnen<\/span><\/span><\/a><\/p>\n\t\t<\/div>\n\t\t<div class=\"cFlexColumnProImgAndCaption\">\n\t\t\t<div class=\"cFlexDivProImg\">\n\t\t\t\t<a target=\"_blank\" href=\"wp-content\\uploads\\images\\2026\\202608\\20260820_092132.880.jpg\" class=\"cFlexAInCaption\" rel=\"lightbox noopener noreferrer\"><img decoding=\"async\" class=\"cFlexImg\" src=\"wp-content\\uploads\\images\\2026\\202608\\Thumbs\\20260820_092132.880.jpg\" alt=\"Das flache Land am n\u00f6rdlichen Rand der L\u00f8gst\u00f8r Bredning\"\/><\/a>\n\t\t\t<\/div>\n\t\t\t<p class=\"cFlexCaptiontext\">Das flache Land am n\u00f6rdlichen Rand der L\u00f8gst\u00f8r Bredning&nbsp;&nbsp;<a class=\"cFlexAInCaption\" target=\"_blank\" href=\"https:\/\/www.google.com\/maps\/search\/57.029737,9.088941\/@57.029737,9.088941,13z\" rel=\"nobox noopener noreferrer\"><span class=\"tooltip\"><span class=\"myWo\">Wo?<\/span><span class=\"tooltiptext\">Nach Rechtsklick<br>au\u00dferhalb \u00f6ffnen<\/span><\/span><\/a><\/p>\n\t\t<\/div>\n\t\t<div class=\"cFlexColumnProImgAndCaption\">\n\t\t\t<div class=\"cFlexDivProImg\">\n\t\t\t\t<a target=\"_blank\" href=\"wp-content\\uploads\\images\\2026\\202608\\20260820_120755.708.jpg\" class=\"cFlexAInCaption\" rel=\"lightbox noopener noreferrer\"><img decoding=\"async\" class=\"cFlexImg\" src=\"wp-content\\uploads\\images\\2026\\202608\\Thumbs\\20260820_120755.708.jpg\" alt=\"Heide\"\/><\/a>\n\t\t\t<\/div>\n\t\t\t<p class=\"cFlexCaptiontext\">Heide&nbsp;&nbsp;<a class=\"cFlexAInCaption\" target=\"_blank\" href=\"https:\/\/www.google.com\/maps\/search\/57.198145,9.548327\/@57.198145,9.548327,13z\" rel=\"nobox noopener noreferrer\"><span class=\"tooltip\"><span class=\"myWo\">Wo?<\/span><span class=\"tooltiptext\">Nach Rechtsklick<br>au\u00dferhalb \u00f6ffnen<\/span><\/span><\/a><\/p>\n\t\t<\/div>\n\t\t<div class=\"cFlexColumnProImgAndCaption\">\n\t\t\t<div class=\"cFlexDivProImg\">\n\t\t\t\t<a target=\"_blank\" href=\"wp-content\\uploads\\images\\2026\\202608\\20260820_121701.921.jpg\" class=\"cFlexAInCaption\" rel=\"lightbox noopener noreferrer\"><img decoding=\"async\" class=\"cFlexImg\" src=\"wp-content\\uploads\\images\\2026\\202608\\Thumbs\\20260820_121701.921.jpg\" alt=\"\"\/><\/a>\n\t\t\t<\/div>\n\t\t\t<p class=\"cFlexCaptiontext\">&nbsp;&nbsp;<a class=\"cFlexAInCaption\" target=\"_blank\" href=\"https:\/\/www.google.com\/maps\/search\/57.210390,9.549097\/@57.210390,9.549097,13z\" rel=\"nobox noopener noreferrer\"><span class=\"tooltip\"><span class=\"myWo\">Wo?<\/span><span class=\"tooltiptext\">Nach Rechtsklick<br>au\u00dferhalb \u00f6ffnen<\/span><\/span><\/a><\/p>\n\t\t<\/div>\n\t\t<div class=\"cFlexColumnProImgAndCaption\">\n\t\t\t<div class=\"cFlexDivProImg\">\n\t\t\t\t<a target=\"_blank\" href=\"wp-content\\uploads\\images\\2026\\202608\\20260820_140934.644.jpg\" class=\"cFlexAInCaption\" rel=\"lightbox noopener noreferrer\"><img decoding=\"async\" class=\"cFlexImg\" src=\"wp-content\\uploads\\images\\2026\\202608\\Thumbs\\20260820_140934.644.jpg\" alt=\"Unsere aktuelle Unterkunft nahe L\u00f8kken\"\/><\/a>\n\t\t\t<\/div>\n\t\t\t<p class=\"cFlexCaptiontext\">Unsere aktuelle Unterkunft nahe <a target=\"_blank\" href=\"https:\/\/de.wikipedia.org\/wiki\/L%C3%B8kken\" class=\"myAMap01\"><span class=\"mySpanLinkInCaption\">L\u00f8kken<\/span><\/a>&nbsp;&nbsp;<a class=\"cFlexAInCaption\" target=\"_blank\" href=\"https:\/\/www.google.com\/maps\/search\/57.378845,9.740063\/@57.378845,9.740063,13z\" rel=\"nobox noopener noreferrer\"><span class=\"tooltip\"><span class=\"myWo\">Wo?<\/span><span class=\"tooltiptext\">Nach Rechtsklick<br>au\u00dferhalb \u00f6ffnen<\/span><\/span><\/a><\/p>\n\t\t<\/div>\n\t<\/div>\n<br \/>\n<\/section>\n<h3 id=\"2026\/08\/22\">2026\/08\/22,&nbsp;Tag&nbsp;26 (26d),<br \/>Teilstrecke: 85,7&nbsp;km,<br \/>Gesamtstrecke: 1.067,1&nbsp;km<\/h3>\n<p>Der Blick auf die Wetterprognose ist angesichts des unbest\u00e4ndigen Wetters und des starken Windes aktuell unverzichtbar f\u00fcr die Reiseplanung. Diesmal war es weniger der Wind, der weiterhin aus Nordwest kommend uns wegen unseres Kurses nach Nordost eher seitlich treffen sollte, sondern eine Regenwahrscheinlichkeit, die nicht nur eine feuchte, sondern in Kombination mit dem Wind und der Temperatur um die 15 Grad auch eine unangenehm k\u00fchle Fahrt erwarten lie\u00df. Mit einem weiteren Ruhetag h\u00e4tte sich die Situation nicht entspannt, denn auch f\u00fcr den Folgetag war Regen angek\u00fcndigt. Zu entscheiden war, ob wir weitere zwei Tage in dem relativ kleinen Zimmer in der nicht von vielen Sehensw\u00fcrdigkeiten gepr\u00e4gten Gegend verbleiben wollten oder ob wir das Risiko einer Regenetappe eingehen sollten. Die Wetterlage macht es aktuell auch nicht attraktiv zu zelten. Da feste Unterk\u00fcnfte in dieser Gegend gut ausgelastet sind, reservieren wir bereits im Voraus, um nicht doch noch zelten zu m\u00fcssen. Zu starten und bei zu heftigem Regen im n\u00e4chstbesten Hotel auf Wetterbesserung zu hoffen, ist daher hier keine Option. Die letzte Etappe Richtung Norden endet nach nur gut 75&nbsp;km. Das trauten wir uns auch zu, wenn es regnen w\u00fcrde und so reservierten wir eine Unterkunft in Skagen.<\/p>\n<p>Der morgendliche Blick in den Himmel lie\u00df vom angek\u00fcndigten Regen noch nichts erahnen. Mit der Zeit zeigten sich zwar ein paar mehr Wolken und der Wind, 4&nbsp;Bft waren angek\u00fcndigt, hatte zwar \u00fcber den ganzen Tag eine Gegenwindkomponente, doch zu unserer Freude blieb es trocken.<\/p>\n<p>Unser aktuelles Routenplanungsprogramm, <a target=\"_blank\" href=\"https:\/\/www.komoot.com\/de-de\" class=\"myAMap01\"><span class=\"mySpanLinkInText\">komoot<\/span><\/a>, f\u00fchrt uns, zumindest im Modus \u201eRennrad\u201c, entweder \u00fcber kleinere, gut zu befahrende Stra\u00dfen oder Radwege entlang st\u00e4rker befahrener Stra\u00dfen. Nur selten m\u00fcssen wir auf die Seitenstreifen von Stra\u00dfen, die deutschen Bundesstra\u00dfen \u00e4hneln. Die Seitenstreifen haben oft nur eine Breite von etwa 40&nbsp;cm, was bei starkem Seitenwind und \u00fcberholenden LKW oft nicht ausreicht. Die d\u00e4nischen Auto- und LKW-Fahrer haben sich jedoch als sehr r\u00fccksichtsvoll erwiesen, sodass es bisher keine kritischen Situationen gab. Die Markierung, mit der die Seitenstreifen abgetrennt werden, sind wohl gewollt so wellig, dass auf ihnen nicht bequem zu fahren ist. In solchen Situationen bekommen wir von der Landschaft wenig mit, da wir uns voll auf das Spurhalten konzentrieren m\u00fcssen.<\/p>\n<p>Es wechselten sich sehr flache mit h\u00fcgeligen Landschaften ab; meist sind sie landwirtschaftlich genutzt, es gibt jedoch auch Waldgebiete und insbesondere gegen Ende der Etappe Heidelandschaften. \u00dcber den Tag besserte sich das Wetter und Skagen empfing uns mit strahlendblauem Himmel. Nachdem wir eingecheckt hatten und eingezogen waren, entschieden wir uns, das sch\u00f6ne Wetter zu nutzen, um die Sehensw\u00fcrdigkeiten der Gegend \u201eabzuarbeiten\u201c, solange wir noch Radfahrkleidung trugen. Da war zun\u00e4chst die vom D\u00fcnensand versch\u00fcttete \u201eTilsandede Kirke\u201c, auf die ein Schild auf dem Weg nach Grenen hinweist. Anschlie\u00dfend fuhren wir zur Landzunge <a target=\"_blank\" href=\"https:\/\/de.wikipedia.org\/wiki\/Grenen\" class=\"myAMap01\"><span class=\"mySpanLinkInText\">Grenen<\/span><\/a>, den Ort, der in keinem Besichtigungsprogramm von Nordj\u00fctland fehlen darf. Auf dem R\u00fcckweg zu unserem Hostel in <a target=\"_blank\" href=\"https:\/\/de.wikipedia.org\/wiki\/Skagen\" class=\"myAMap01\"><span class=\"mySpanLinkInText\">Skagen<\/span><\/a> machten wir einen Stopp beim Wippfeuer, <a target=\"_blank\" href=\"https:\/\/en.wikipedia.org\/wiki\/Skagen%27s_Vippefyr\" class=\"myAMap01\"><span class=\"mySpanLinkInText\">Vippefyret<\/span><\/a>. Entlang des Hafens Skagen fuhren wir zur\u00fcck zu unserer Unterkunft.<\/p>\n<div class=\"leaflet-map WPLeafletMap\" style=\"height:500px; width:100%;\"><\/div><script>\nwindow.WPLeafletMapPlugin = window.WPLeafletMapPlugin || [];\nwindow.WPLeafletMapPlugin.push(function WPLeafletMapShortcode() {\/*<script>*\/\nvar baseUrl = atob('aHR0cHM6Ly97c30udGlsZS5vcGVuc3RyZWV0bWFwLm9yZy97en0ve3h9L3t5fS5wbmc=');\nvar base = (!baseUrl && window.MQ) ?\n    window.MQ.mapLayer() : L.tileLayer(baseUrl,\n        L.Util.extend({}, {\n            detectRetina: 0,\n        },\n        {\"subdomains\":\"abc\",\"noWrap\":false,\"maxZoom\":20}        )\n    );\n    var options = L.Util.extend({}, {\n        layers: [base],\n        attributionControl: false\n    },\n    {\"zoomControl\":false,\"scrollWheelZoom\":true,\"doubleClickZoom\":false,\"fitBounds\":true,\"minZoom\":0,\"maxZoom\":20,\"maxBounds\":null,\"attribution\":\"<a href=\\\"http:\\\/\\\/leafletjs.com\\\" title=\\\"A JS library for interactive maps\\\">Leaflet<\\\/a>; \\u00a9 <a href=\\\"http:\\\/\\\/www.openstreetmap.org\\\/copyright\\\">OpenStreetMap<\\\/a> contributors\"},\n    {});\nwindow.WPLeafletMapPlugin.createMap(options).setView([0,0],12);window.WPLeafletMapPlugin.createScale({});});<\/script>[elevation gpx=https:\/\/radreise.dosiek.de\/wp-content\/uploads\/gpx\/2026-08-22.gpx ]<br \/>\n[layerswitch ]<br \/>\n[fullscreen ]<br \/>\n[zoomhomemap =true ]\n<section class=\"mySection\" data-featherlight-gallery=\"\" data-featherlight-filter=\"a.myAImg01\">\n\t<p class=\"cFlexAufnDatum\" style=\"margin-top: 0px;margin-bottom: 0px;padding-top: 10px;\"><span class=\"cFlexSpanAufnDatum\">Aufnahmedatum 21\/08\/2026<\/span><\/p>\t<div class=\"cFlexDivProFigures\" style=\"margin-top: 0px;margin-left: 0px;margin-bottom: 0px;\">\n\t\t<div class=\"cFlexColumnProImgAndCaption\">\n\t\t\t<div class=\"cFlexDivProImg\">\n\t\t\t\t<a target=\"_blank\" href=\"wp-content\\uploads\\images\\2026\\202608\\20260821_155435.973.jpg\" class=\"cFlexAInCaption\" rel=\"lightbox noopener noreferrer\"><img decoding=\"async\" class=\"cFlexImg\" src=\"wp-content\\uploads\\images\\2026\\202608\\Thumbs\\20260821_155435.973.jpg\" alt=\"Die Nordsee vor L\u00f8kken\"\/><\/a>\n\t\t\t<\/div>\n\t\t\t<p class=\"cFlexCaptiontext\">Die Nordsee vor L\u00f8kken&nbsp;&nbsp;<a class=\"cFlexAInCaption\" target=\"_blank\" href=\"https:\/\/www.google.com\/maps\/search\/57.382649,9.720519\/@57.382649,9.720519,13z\" rel=\"nobox noopener noreferrer\"><span class=\"tooltip\"><span class=\"myWo\">Wo?<\/span><span class=\"tooltiptext\">Nach Rechtsklick<br>au\u00dferhalb \u00f6ffnen<\/span><\/span><\/a><\/p>\n\t\t<\/div>\n\t\t<div class=\"cFlexColumnProImgAndCaption\">\n\t\t\t<div class=\"cFlexDivProImg\">\n\t\t\t\t<a target=\"_blank\" href=\"wp-content\\uploads\\images\\2026\\202608\\20260821_160942.305.jpg\" class=\"cFlexAInCaption\" rel=\"lightbox noopener noreferrer\"><img decoding=\"async\" class=\"cFlexImg\" src=\"wp-content\\uploads\\images\\2026\\202608\\Thumbs\\20260821_160942.305.jpg\" alt=\"Teile der abgerutschten Reste der Furreby K\u00fcstenbatterie\"\/><\/a>\n\t\t\t<\/div>\n\t\t\t<p class=\"cFlexCaptiontext\">Teile der abgerutschten Reste der <a target=\"_blank\" href=\"https:\/\/atlantvolden.dk\/lokaliteter\/loekken-nord#gallery-17\" class=\"myAMap01\"><span class=\"mySpanLinkInCaption\">Furreby K\u00fcstenbatterie<\/span><\/a>&nbsp;&nbsp;<a class=\"cFlexAInCaption\" target=\"_blank\" href=\"https:\/\/www.google.com\/maps\/search\/57.381712,9.719231\/@57.381712,9.719231,13z\" rel=\"nobox noopener noreferrer\"><span class=\"tooltip\"><span class=\"myWo\">Wo?<\/span><span class=\"tooltiptext\">Nach Rechtsklick<br>au\u00dferhalb \u00f6ffnen<\/span><\/span><\/a><\/p>\n\t\t<\/div>\n\t\t<div class=\"cFlexColumnProImgAndCaption\">\n\t\t\t<div class=\"cFlexDivProImg\">\n\t\t\t\t<a target=\"_blank\" href=\"wp-content\\uploads\\images\\2026\\202608\\20260821_161022.151.jpg\" class=\"cFlexAInCaption\" rel=\"lightbox noopener noreferrer\"><img decoding=\"async\" class=\"cFlexImg\" src=\"wp-content\\uploads\\images\\2026\\202608\\Thumbs\\20260821_161022.151.jpg\" alt=\"\"\/><\/a>\n\t\t\t<\/div>\n\t\t\t<p class=\"cFlexCaptiontext\">&nbsp;&nbsp;<a class=\"cFlexAInCaption\" target=\"_blank\" href=\"https:\/\/www.google.com\/maps\/search\/57.380463,9.718051\/@57.380463,9.718051,13z\" rel=\"nobox noopener noreferrer\"><span class=\"tooltip\"><span class=\"myWo\">Wo?<\/span><span class=\"tooltiptext\">Nach Rechtsklick<br>au\u00dferhalb \u00f6ffnen<\/span><\/span><\/a><\/p>\n\t\t<\/div>\n\t<\/div>\n\t<p class=\"cFlexAufnDatum\" style=\"margin-top: 0px;margin-bottom: 0px;padding-top: 10px;\"><span class=\"cFlexSpanAufnDatum\">Aufnahmedatum 22\/08\/2026<\/span><\/p>\t<div class=\"cFlexDivProFigures\" style=\"margin-top: 0px;margin-left: 0px;margin-bottom: 0px;\">\n\t\t<div class=\"cFlexColumnProImgAndCaption\">\n\t\t\t<div class=\"cFlexDivProImg\">\n\t\t\t\t<a target=\"_blank\" href=\"wp-content\\uploads\\images\\2026\\202608\\20260822_090223.071.jpg\" class=\"cFlexAInCaption\" rel=\"lightbox noopener noreferrer\"><img decoding=\"async\" class=\"cFlexImg\" src=\"wp-content\\uploads\\images\\2026\\202608\\Thumbs\\20260822_090223.071.jpg\" alt=\"Neben st\u00e4rker befahrenen Stra\u00dfen verl\u00e4uft oft ein Radweg\"\/><\/a>\n\t\t\t<\/div>\n\t\t\t<p class=\"cFlexCaptiontext\">Neben st\u00e4rker befahrenen Stra\u00dfen verl\u00e4uft oft ein Radweg&nbsp;&nbsp;<a class=\"cFlexAInCaption\" target=\"_blank\" href=\"https:\/\/www.google.com\/maps\/search\/57.441496,9.886765\/@57.441496,9.886765,13z\" rel=\"nobox noopener noreferrer\"><span class=\"tooltip\"><span class=\"myWo\">Wo?<\/span><span class=\"tooltiptext\">Nach Rechtsklick<br>au\u00dferhalb \u00f6ffnen<\/span><\/span><\/a><\/p>\n\t\t<\/div>\n\t\t<div class=\"cFlexColumnProImgAndCaption\">\n\t\t\t<div class=\"cFlexDivProImg\">\n\t\t\t\t<a target=\"_blank\" href=\"wp-content\\uploads\\images\\2026\\202608\\20260822_102935.579.jpg\" class=\"cFlexAInCaption\" rel=\"lightbox noopener noreferrer\"><img decoding=\"async\" class=\"cFlexImg\" src=\"wp-content\\uploads\\images\\2026\\202608\\Thumbs\\20260822_102935.579.jpg\" alt=\"Nicht \u00fcberall ist es flach\"\/><\/a>\n\t\t\t<\/div>\n\t\t\t<p class=\"cFlexCaptiontext\">Nicht \u00fcberall ist es flach&nbsp;&nbsp;<a class=\"cFlexAInCaption\" target=\"_blank\" href=\"https:\/\/www.google.com\/maps\/search\/57.495468,10.124867\/@57.495468,10.124867,13z\" rel=\"nobox noopener noreferrer\"><span class=\"tooltip\"><span class=\"myWo\">Wo?<\/span><span class=\"tooltiptext\">Nach Rechtsklick<br>au\u00dferhalb \u00f6ffnen<\/span><\/span><\/a><\/p>\n\t\t<\/div>\n\t\t<div class=\"cFlexColumnProImgAndCaption\">\n\t\t\t<div class=\"cFlexDivProImg\">\n\t\t\t\t<a target=\"_blank\" href=\"wp-content\\uploads\\images\\2026\\202608\\20260822_121002.522.jpg\" class=\"cFlexAInCaption\" rel=\"lightbox noopener noreferrer\"><img decoding=\"async\" class=\"cFlexImg\" src=\"wp-content\\uploads\\images\\2026\\202608\\Thumbs\\20260822_121002.522.jpg\" alt=\"Das Navigationsprogramm komoot f\u00fchrt Routen f\u00fcr Rennr\u00e4der oft \u00fcber gut zu befahrende Nebenstra\u00dfen\"\/><\/a>\n\t\t\t<\/div>\n\t\t\t<p class=\"cFlexCaptiontext\">Das Navigationsprogramm <a target=\"_blank\" href=\"https:\/\/www.komoot.com\/de-de\" class=\"myAMap01\"><span class=\"mySpanLinkInCaption\">komoot<\/span><\/a> f\u00fchrt Routen f\u00fcr Rennr\u00e4der oft \u00fcber gut zu befahrende Nebenstra\u00dfen&nbsp;&nbsp;<a class=\"cFlexAInCaption\" target=\"_blank\" href=\"https:\/\/www.google.com\/maps\/search\/57.567563,10.300712\/@57.567563,10.300712,13z\" rel=\"nobox noopener noreferrer\"><span class=\"tooltip\"><span class=\"myWo\">Wo?<\/span><span class=\"tooltiptext\">Nach Rechtsklick<br>au\u00dferhalb \u00f6ffnen<\/span><\/span><\/a><\/p>\n\t\t<\/div>\n\t\t<div class=\"cFlexColumnProImgAndCaption\">\n\t\t\t<div class=\"cFlexDivProImg\">\n\t\t\t\t<a target=\"_blank\" href=\"wp-content\\uploads\\images\\2026\\202608\\20260822_135131.833.jpg\" class=\"cFlexAInCaption\" rel=\"lightbox noopener noreferrer\"><img decoding=\"async\" class=\"cFlexImg\" src=\"wp-content\\uploads\\images\\2026\\202608\\Thumbs\\20260822_135131.833.jpg\" alt=\"Ausgedehnte Heidefl\u00e4chen an der Nordspritze von D\u00e4nemark zwischen Skagen und Grenen\"\/><\/a>\n\t\t\t<\/div>\n\t\t\t<p class=\"cFlexCaptiontext\">Ausgedehnte Heidefl\u00e4chen an der Nordspritze von D\u00e4nemark zwischen <a target=\"_blank\" href=\"https:\/\/de.wikipedia.org\/wiki\/Skagen\" class=\"myAMap01\"><span class=\"mySpanLinkInCaption\">Skagen<\/span><\/a> und <a target=\"_blank\" href=\"https:\/\/de.wikipedia.org\/wiki\/Grenen\" class=\"myAMap01\"><span class=\"mySpanLinkInCaption\">Grenen<\/span><\/a>&nbsp;&nbsp;<a class=\"cFlexAInCaption\" target=\"_blank\" href=\"https:\/\/www.google.com\/maps\/search\/57.686630,10.502229\/@57.686630,10.502229,13z\" rel=\"nobox noopener noreferrer\"><span class=\"tooltip\"><span class=\"myWo\">Wo?<\/span><span class=\"tooltiptext\">Nach Rechtsklick<br>au\u00dferhalb \u00f6ffnen<\/span><\/span><\/a><\/p>\n\t\t<\/div>\n\t\t<div class=\"cFlexColumnProImgAndCaption\">\n\t\t\t<div class=\"cFlexDivProImg\">\n\t\t\t\t<a target=\"_blank\" href=\"wp-content\\uploads\\images\\2026\\202608\\20260822_135146.334.jpg\" class=\"cFlexAInCaption\" rel=\"lightbox noopener noreferrer\"><img decoding=\"async\" class=\"cFlexImg\" src=\"wp-content\\uploads\\images\\2026\\202608\\Thumbs\\20260822_135146.334.jpg\" alt=\"\"\/><\/a>\n\t\t\t<\/div>\n\t\t\t<p class=\"cFlexCaptiontext\">&nbsp;&nbsp;<a class=\"cFlexAInCaption\" target=\"_blank\" href=\"https:\/\/www.google.com\/maps\/search\/57.686636,10.502220\/@57.686636,10.502220,13z\" rel=\"nobox noopener noreferrer\"><span class=\"tooltip\"><span class=\"myWo\">Wo?<\/span><span class=\"tooltiptext\">Nach Rechtsklick<br>au\u00dferhalb \u00f6ffnen<\/span><\/span><\/a><\/p>\n\t\t<\/div>\n\t\t<div class=\"cFlexColumnProImgAndCaption\">\n\t\t\t<div class=\"cFlexDivProImg\">\n\t\t\t\t<a target=\"_blank\" href=\"wp-content\\uploads\\images\\2026\\202608\\20260822_141458.722.jpg\" class=\"cFlexAInCaption\" rel=\"lightbox noopener noreferrer\"><img decoding=\"async\" class=\"cFlexImg\" src=\"wp-content\\uploads\\images\\2026\\202608\\Thumbs\\20260822_141458.722.jpg\" alt=\"Die Versandete Kirche\"\/><\/a>\n\t\t\t<\/div>\n\t\t\t<p class=\"cFlexCaptiontext\">Die <a target=\"_blank\" href=\"https:\/\/www.enjoynordjylland.de\/nordjutland\/reiseplanung\/die-versandete-kirche-gdk695262\" class=\"myAMap01\"><span class=\"mySpanLinkInCaption\">Versandete Kirche<\/span><\/a>&nbsp;&nbsp;<a class=\"cFlexAInCaption\" target=\"_blank\" href=\"https:\/\/www.google.com\/maps\/search\/57.713864,10.549103\/@57.713864,10.549103,13z\" rel=\"nobox noopener noreferrer\"><span class=\"tooltip\"><span class=\"myWo\">Wo?<\/span><span class=\"tooltiptext\">Nach Rechtsklick<br>au\u00dferhalb \u00f6ffnen<\/span><\/span><\/a><\/p>\n\t\t<\/div>\n\t\t<div class=\"cFlexColumnProImgAndCaption\">\n\t\t\t<div class=\"cFlexDivProImg\">\n\t\t\t\t<a target=\"_blank\" href=\"wp-content\\uploads\\images\\2026\\202608\\20260822_141702.416.jpg\" class=\"cFlexAInCaption\" rel=\"lightbox noopener noreferrer\"><img decoding=\"async\" class=\"cFlexImg\" src=\"wp-content\\uploads\\images\\2026\\202608\\Thumbs\\20260822_141702.416.jpg\" alt=\"\"\/><\/a>\n\t\t\t<\/div>\n\t\t\t<p class=\"cFlexCaptiontext\">&nbsp;&nbsp;<a class=\"cFlexAInCaption\" target=\"_blank\" href=\"https:\/\/www.google.com\/maps\/search\/57.713882,10.549054\/@57.713882,10.549054,13z\" rel=\"nobox noopener noreferrer\"><span class=\"tooltip\"><span class=\"myWo\">Wo?<\/span><span class=\"tooltiptext\">Nach Rechtsklick<br>au\u00dferhalb \u00f6ffnen<\/span><\/span><\/a><\/p>\n\t\t<\/div>\n\t\t<div class=\"cFlexColumnProImgAndCaption\">\n\t\t\t<div class=\"cFlexDivProImg\">\n\t\t\t\t<a target=\"_blank\" href=\"wp-content\\uploads\\images\\2026\\202608\\20260822_141703.000.jpg\" class=\"cFlexAInCaption\" rel=\"lightbox noopener noreferrer\"><img decoding=\"async\" class=\"cFlexImg\" src=\"wp-content\\uploads\\images\\2026\\202608\\Thumbs\\20260822_141703.000.jpg\" alt=\"Die Google-\u00dcbersetzung der Hinweistafel\"\/><\/a>\n\t\t\t<\/div>\n\t\t\t<p class=\"cFlexCaptiontext\">Die Google-\u00dcbersetzung der Hinweistafel&nbsp;&nbsp;<a class=\"cFlexAInCaption\" target=\"_blank\" href=\"https:\/\/www.google.com\/maps\/search\/57.713882,10.549054\/@57.713882,10.549054,13z\" rel=\"nobox noopener noreferrer\"><span class=\"tooltip\"><span class=\"myWo\">Wo?<\/span><span class=\"tooltiptext\">Nach Rechtsklick<br>au\u00dferhalb \u00f6ffnen<\/span><\/span><\/a><\/p>\n\t\t<\/div>\n\t\t<div class=\"cFlexColumnProImgAndCaption\">\n\t\t\t<div class=\"cFlexDivProImg\">\n\t\t\t\t<a target=\"_blank\" href=\"wp-content\\uploads\\images\\2026\\202608\\20260822_144234.736.jpg\" class=\"cFlexAInCaption\" rel=\"lightbox noopener noreferrer\"><img decoding=\"async\" class=\"cFlexImg\" src=\"wp-content\\uploads\\images\\2026\\202608\\Thumbs\\20260822_144234.736.jpg\" alt=\"Unsere aktuelle Unterkunft in Skagen\"\/><\/a>\n\t\t\t<\/div>\n\t\t\t<p class=\"cFlexCaptiontext\">Unsere aktuelle Unterkunft in Skagen&nbsp;&nbsp;<a class=\"cFlexAInCaption\" target=\"_blank\" href=\"https:\/\/www.google.com\/maps\/search\/57.721809,10.568092\/@57.721809,10.568092,13z\" rel=\"nobox noopener noreferrer\"><span class=\"tooltip\"><span class=\"myWo\">Wo?<\/span><span class=\"tooltiptext\">Nach Rechtsklick<br>au\u00dferhalb \u00f6ffnen<\/span><\/span><\/a><\/p>\n\t\t<\/div>\n\t\t<div class=\"cFlexColumnProImgAndCaption\">\n\t\t\t<div class=\"cFlexDivProImg\">\n\t\t\t\t<a target=\"_blank\" href=\"wp-content\\uploads\\images\\2026\\202608\\20260822_163241.504.jpg\" class=\"cFlexAInCaption\" rel=\"lightbox noopener noreferrer\"><img decoding=\"async\" class=\"cFlexImg\" src=\"wp-content\\uploads\\images\\2026\\202608\\Thumbs\\20260822_163241.504.jpg\" alt=\"Das Skagen Gr\u00e5 Fyr\"\/><\/a>\n\t\t\t<\/div>\n\t\t\t<p class=\"cFlexCaptiontext\">Das <a target=\"_blank\" href=\"https:\/\/detgraafyr.dk\/english\/about-us\" class=\"myAMap01\"><span class=\"mySpanLinkInCaption\">Skagen Gr\u00e5 Fyr<\/span><\/a>&nbsp;&nbsp;<a class=\"cFlexAInCaption\" target=\"_blank\" href=\"https:\/\/www.google.com\/maps\/search\/57.735527,10.627883\/@57.735527,10.627883,13z\" rel=\"nobox noopener noreferrer\"><span class=\"tooltip\"><span class=\"myWo\">Wo?<\/span><span class=\"tooltiptext\">Nach Rechtsklick<br>au\u00dferhalb \u00f6ffnen<\/span><\/span><\/a><\/p>\n\t\t<\/div>\n\t\t<div class=\"cFlexColumnProImgAndCaption\">\n\t\t\t<div class=\"cFlexDivProImg\">\n\t\t\t\t<a target=\"_blank\" href=\"wp-content\\uploads\\images\\2026\\202608\\20260822_164132.058.jpg\" class=\"cFlexAInCaption\" rel=\"lightbox noopener noreferrer\"><img decoding=\"async\" class=\"cFlexImg\" src=\"wp-content\\uploads\\images\\2026\\202608\\Thumbs\\20260822_164132.058.jpg\" alt=\"Die sandige Landspitze Grenen wo sich Skagerrak und Kattegat treffen\"\/><\/a>\n\t\t\t<\/div>\n\t\t\t<p class=\"cFlexCaptiontext\">Die sandige Landspitze <a target=\"_blank\" href=\"https:\/\/de.wikipedia.org\/wiki\/Grenen\" class=\"myAMap01\"><span class=\"mySpanLinkInCaption\">Grenen<\/span><\/a> wo sich <a target=\"_blank\" href=\"https:\/\/de.wikipedia.org\/wiki\/Skagerrak\" class=\"myAMap01\"><span class=\"mySpanLinkInCaption\">Skagerrak<\/span><\/a> und <a target=\"_blank\" href=\"https:\/\/de.wikipedia.org\/wiki\/Kattegat\" class=\"myAMap01\"><span class=\"mySpanLinkInCaption\">Kattegat<\/span><\/a> treffen&nbsp;&nbsp;<a class=\"cFlexAInCaption\" target=\"_blank\" href=\"https:\/\/www.google.com\/maps\/search\/57.738624,10.634489\/@57.738624,10.634489,13z\" rel=\"nobox noopener noreferrer\"><span class=\"tooltip\"><span class=\"myWo\">Wo?<\/span><span class=\"tooltiptext\">Nach Rechtsklick<br>au\u00dferhalb \u00f6ffnen<\/span><\/span><\/a><\/p>\n\t\t<\/div>\n\t\t<div class=\"cFlexColumnProImgAndCaption\">\n\t\t\t<div class=\"cFlexDivProImg\">\n\t\t\t\t<a target=\"_blank\" href=\"wp-content\\uploads\\images\\2026\\202608\\20260822_164243.250.jpg\" class=\"cFlexAInCaption\" rel=\"lightbox noopener noreferrer\"><img decoding=\"async\" class=\"cFlexImg\" src=\"wp-content\\uploads\\images\\2026\\202608\\Thumbs\\20260822_164243.250.jpg\" alt=\"Der Sandormen (Sandwurm), der Touristen an die Landspitze von Grenen bringt\"\/><\/a>\n\t\t\t<\/div>\n\t\t\t<p class=\"cFlexCaptiontext\">Der <a target=\"_blank\" href=\"https:\/\/sandormen.dk\/de\" class=\"myAMap01\"><span class=\"mySpanLinkInCaption\">Sandormen<\/span><\/a> (Sandwurm), der Touristen an die Landspitze von Grenen bringt&nbsp;&nbsp;<a class=\"cFlexAInCaption\" target=\"_blank\" href=\"https:\/\/www.google.com\/maps\/search\/57.738625,10.634492\/@57.738625,10.634492,13z\" rel=\"nobox noopener noreferrer\"><span class=\"tooltip\"><span class=\"myWo\">Wo?<\/span><span class=\"tooltiptext\">Nach Rechtsklick<br>au\u00dferhalb \u00f6ffnen<\/span><\/span><\/a><\/p>\n\t\t<\/div>\n\t\t<div class=\"cFlexColumnProImgAndCaption\">\n\t\t\t<div class=\"cFlexDivProImg\">\n\t\t\t\t<a target=\"_blank\" href=\"wp-content\\uploads\\images\\2026\\202608\\20260822_164300.950.jpg\" class=\"cFlexAInCaption\" rel=\"lightbox noopener noreferrer\"><img decoding=\"async\" class=\"cFlexImg\" src=\"wp-content\\uploads\\images\\2026\\202608\\Thumbs\\20260822_164300.950.jpg\" alt=\"\"\/><\/a>\n\t\t\t<\/div>\n\t\t\t<p class=\"cFlexCaptiontext\">&nbsp;&nbsp;<a class=\"cFlexAInCaption\" target=\"_blank\" href=\"https:\/\/www.google.com\/maps\/search\/57.738625,10.634493\/@57.738625,10.634493,13z\" rel=\"nobox noopener noreferrer\"><span class=\"tooltip\"><span class=\"myWo\">Wo?<\/span><span class=\"tooltiptext\">Nach Rechtsklick<br>au\u00dferhalb \u00f6ffnen<\/span><\/span><\/a><\/p>\n\t\t<\/div>\n\t\t<div class=\"cFlexColumnProImgAndCaption\">\n\t\t\t<div class=\"cFlexDivProImg\">\n\t\t\t\t<a target=\"_blank\" href=\"wp-content\\uploads\\images\\2026\\202608\\20260822_164533.252.jpg\" class=\"cFlexAInCaption\" rel=\"lightbox noopener noreferrer\"><img decoding=\"async\" class=\"cFlexImg\" src=\"wp-content\\uploads\\images\\2026\\202608\\Thumbs\\20260822_164533.252.jpg\" alt=\"Das obligatorische Selfie\"\/><\/a>\n\t\t\t<\/div>\n\t\t\t<p class=\"cFlexCaptiontext\">Das obligatorische Selfie&nbsp;&nbsp;<a class=\"cFlexAInCaption\" target=\"_blank\" href=\"https:\/\/www.google.com\/maps\/search\/57.738626,10.634500\/@57.738626,10.634500,13z\" rel=\"nobox noopener noreferrer\"><span class=\"tooltip\"><span class=\"myWo\">Wo?<\/span><span class=\"tooltiptext\">Nach Rechtsklick<br>au\u00dferhalb \u00f6ffnen<\/span><\/span><\/a><\/p>\n\t\t<\/div>\n\t\t<div class=\"cFlexColumnProImgAndCaption\">\n\t\t\t<div class=\"cFlexDivProImg\">\n\t\t\t\t<a target=\"_blank\" href=\"wp-content\\uploads\\images\\2026\\202608\\20260822_170410.615.jpg\" class=\"cFlexAInCaption\" rel=\"lightbox noopener noreferrer\"><img decoding=\"async\" class=\"cFlexImg\" src=\"wp-content\\uploads\\images\\2026\\202608\\Thumbs\\20260822_170410.615.jpg\" alt=\"Das Vippefyret (Wippfeuer)\"\/><\/a>\n\t\t\t<\/div>\n\t\t\t<p class=\"cFlexCaptiontext\">Das <a target=\"_blank\" href=\"https:\/\/en.wikipedia.org\/wiki\/Skagen%27s_Vippefyr\" class=\"myAMap01\"><span class=\"mySpanLinkInCaption\">Vippefyret<\/span><\/a> (Wippfeuer)&nbsp;&nbsp;<a class=\"cFlexAInCaption\" target=\"_blank\" href=\"https:\/\/www.google.com\/maps\/search\/57.727173,10.607453\/@57.727173,10.607453,13z\" rel=\"nobox noopener noreferrer\"><span class=\"tooltip\"><span class=\"myWo\">Wo?<\/span><span class=\"tooltiptext\">Nach Rechtsklick<br>au\u00dferhalb \u00f6ffnen<\/span><\/span><\/a><\/p>\n\t\t<\/div>\n\t\t<div class=\"cFlexColumnProImgAndCaption\">\n\t\t\t<div class=\"cFlexDivProImg\">\n\t\t\t\t<a target=\"_blank\" href=\"wp-content\\uploads\\images\\2026\\202608\\20260822_170643.324.jpg\" class=\"cFlexAInCaption\" rel=\"lightbox noopener noreferrer\"><img decoding=\"async\" class=\"cFlexImg\" src=\"wp-content\\uploads\\images\\2026\\202608\\Thumbs\\20260822_170643.324.jpg\" alt=\"Schiffe, mit denen fl\u00fcssiges CO<sub>2<\/sub> im Rahmen des CCS transportiert wird\"\/><\/a>\n\t\t\t<\/div>\n\t\t\t<p class=\"cFlexCaptiontext\">Schiffe, mit denen fl\u00fcssiges CO<sub>2<\/sub> im Rahmen des <a target=\"_blank\" href=\"https:\/\/de.wikipedia.org\/wiki\/CO2-Abscheidung_und_-Speicherung\" class=\"myAMap01\"><span class=\"mySpanLinkInCaption\">CCS<\/span><\/a> transportiert wird&nbsp;&nbsp;<a class=\"cFlexAInCaption\" target=\"_blank\" href=\"https:\/\/www.google.com\/maps\/search\/57.727148,10.607429\/@57.727148,10.607429,13z\" rel=\"nobox noopener noreferrer\"><span class=\"tooltip\"><span class=\"myWo\">Wo?<\/span><span class=\"tooltiptext\">Nach Rechtsklick<br>au\u00dferhalb \u00f6ffnen<\/span><\/span><\/a><\/p>\n\t\t<\/div>\n\t\t<div class=\"cFlexColumnProImgAndCaption\">\n\t\t\t<div class=\"cFlexDivProImg\">\n\t\t\t\t<a target=\"_blank\" href=\"wp-content\\uploads\\images\\2026\\202608\\20260822_170847.423.jpg\" class=\"cFlexAInCaption\" rel=\"lightbox noopener noreferrer\"><img decoding=\"async\" class=\"cFlexImg\" src=\"wp-content\\uploads\\images\\2026\\202608\\Thumbs\\20260822_170847.423.jpg\" alt=\"\"\/><\/a>\n\t\t\t<\/div>\n\t\t\t<p class=\"cFlexCaptiontext\">&nbsp;&nbsp;<a class=\"cFlexAInCaption\" target=\"_blank\" href=\"https:\/\/www.google.com\/maps\/search\/57.727129,10.607410\/@57.727129,10.607410,13z\" rel=\"nobox noopener noreferrer\"><span class=\"tooltip\"><span class=\"myWo\">Wo?<\/span><span class=\"tooltiptext\">Nach Rechtsklick<br>au\u00dferhalb \u00f6ffnen<\/span><\/span><\/a><\/p>\n\t\t<\/div>\n\t<\/div>\n<br \/>\n<\/section>\n<h3 id=\"2026\/08\/25\">2026\/08\/25,&nbsp;Tag&nbsp;29 (29d),<br \/>Teilstrecke: 77,6&nbsp;km,<br \/>Gesamtstrecke: 1.144,7&nbsp;km<\/h3>\n<p>Unsere Ruhetage in Skagen verbrachten wir mit W\u00e4schewaschen, einem Spaziergang durch Skagens Fu\u00dfg\u00e4ngerzone und entlang des Hafens. Laut Wetterbericht sollte es im Anschluss an die beiden Ruhetage in Skagen drei Tage trocken bleiben, bevor sich eine mehrt\u00e4gige unbest\u00e4ndige Wetterlage mit Regen einstellt. Die Phase mit sch\u00f6nem Wetter wollten wir ausnutzen, um m\u00f6glichst weit zu kommen.<\/p>\n<p>Zu unserem Start am Dienstagmorgen war es frisch. Wie so viele der sich nicht erf\u00fcllenden Verhei\u00dfungen der \u00d6kos bleiben auch die versprochenen h\u00f6heren Temperaturen aus. Skagen, das Dagmar bereits oft besucht hatte, machte ihr auch diesmal den Abschied schwer. Der Himmel war strahlend blau und die Route f\u00fchrte durch die D\u00fcnenlandschaft, die wir bereits w\u00e4hrend der Hinfahrt genie\u00dfen durften. Wir fuhren heute meist auf Nebenstra\u00dfen, beinahe ohne Wind und im Tagesverlauf gestiegenen Temperaturen. Unterwegs erstanden wir in einem Outlet-Center zu Schlussverkaufspreisen Fahrradhosen und Shirts. In S\u00e6by stie\u00dfen wir auf eines der in D\u00e4nemark raren Caf\u00e9s und nutzten diese Gelegenheit nat\u00fcrlich. Der einzige Wermutstropfen der heutigen Etappe war ein Speichenbruch an Diez\u2018 Hinterrad, der bislang einzige Defekt der aktuellen Reise.<\/p>\n<p>Angekommen in unserer H\u00fctte auf dem Campingplatz in Asaa reichte die Zeit noch f\u00fcr eine kleine W\u00e4sche. Zum Abendessen gab es Pizza, die wir in der K\u00fcche der H\u00fctte zubereiteten.<\/p>\n<div class=\"leaflet-map WPLeafletMap\" style=\"height:500px; width:100%;\"><\/div><script>\nwindow.WPLeafletMapPlugin = window.WPLeafletMapPlugin || [];\nwindow.WPLeafletMapPlugin.push(function WPLeafletMapShortcode() {\/*<script>*\/\nvar baseUrl = atob('aHR0cHM6Ly97c30udGlsZS5vcGVuc3RyZWV0bWFwLm9yZy97en0ve3h9L3t5fS5wbmc=');\nvar base = (!baseUrl && window.MQ) ?\n    window.MQ.mapLayer() : L.tileLayer(baseUrl,\n        L.Util.extend({}, {\n            detectRetina: 0,\n        },\n        {\"subdomains\":\"abc\",\"noWrap\":false,\"maxZoom\":20}        )\n    );\n    var options = L.Util.extend({}, {\n        layers: [base],\n        attributionControl: false\n    },\n    {\"zoomControl\":false,\"scrollWheelZoom\":true,\"doubleClickZoom\":false,\"fitBounds\":true,\"minZoom\":0,\"maxZoom\":20,\"maxBounds\":null,\"attribution\":\"<a href=\\\"http:\\\/\\\/leafletjs.com\\\" title=\\\"A JS library for interactive maps\\\">Leaflet<\\\/a>; \\u00a9 <a href=\\\"http:\\\/\\\/www.openstreetmap.org\\\/copyright\\\">OpenStreetMap<\\\/a> contributors\"},\n    {});\nwindow.WPLeafletMapPlugin.createMap(options).setView([0,0],12);window.WPLeafletMapPlugin.createScale({});});<\/script>[elevation gpx=https:\/\/radreise.dosiek.de\/wp-content\/uploads\/gpx\/2026-08-25.gpx ]<br \/>\n[layerswitch ]<br \/>\n[fullscreen ]<br \/>\n[zoomhomemap =true ]\n<section class=\"mySection\" data-featherlight-gallery=\"\" data-featherlight-filter=\"a.myAImg01\">\n\t<p class=\"cFlexAufnDatum\" style=\"margin-top: 0px;margin-bottom: 0px;padding-top: 10px;\"><span class=\"cFlexSpanAufnDatum\">Aufnahmedatum 23\/08\/2026<\/span><\/p>\t<div class=\"cFlexDivProFigures\" style=\"margin-top: 0px;margin-left: 0px;margin-bottom: 0px;\">\n\t\t<div class=\"cFlexColumnProImgAndCaption\">\n\t\t\t<div class=\"cFlexDivProImg\">\n\t\t\t\t<a target=\"_blank\" href=\"wp-content\\uploads\\images\\2026\\202608\\20260823_152142.162.jpg\" class=\"cFlexAInCaption\" rel=\"lightbox noopener noreferrer\"><img decoding=\"async\" class=\"cFlexImg\" src=\"wp-content\\uploads\\images\\2026\\202608\\Thumbs\\20260823_152142.162.jpg\" alt=\"In der Haupteinkaufsstra\u00dfe von Skagen\"\/><\/a>\n\t\t\t<\/div>\n\t\t\t<p class=\"cFlexCaptiontext\">In der Haupteinkaufsstra\u00dfe von Skagen&nbsp;&nbsp;<a class=\"cFlexAInCaption\" target=\"_blank\" href=\"https:\/\/www.google.com\/maps\/search\/57.722111,10.588632\/@57.722111,10.588632,13z\" rel=\"nobox noopener noreferrer\"><span class=\"tooltip\"><span class=\"myWo\">Wo?<\/span><span class=\"tooltiptext\">Nach Rechtsklick<br>au\u00dferhalb \u00f6ffnen<\/span><\/span><\/a><\/p>\n\t\t<\/div>\n\t\t<div class=\"cFlexColumnProImgAndCaption\">\n\t\t\t<div class=\"cFlexDivProImg\">\n\t\t\t\t<a target=\"_blank\" href=\"wp-content\\uploads\\images\\2026\\202608\\20260823_153706.440.jpg\" class=\"cFlexAInCaption\" rel=\"lightbox noopener noreferrer\"><img decoding=\"async\" class=\"cFlexImg\" src=\"wp-content\\uploads\\images\\2026\\202608\\Thumbs\\20260823_153706.440.jpg\" alt=\"Die Georg Stage lag drei Tage im Hafen von Skagen\"\/><\/a>\n\t\t\t<\/div>\n\t\t\t<p class=\"cFlexCaptiontext\">Die <a target=\"_blank\" href=\"https:\/\/de.wikipedia.org\/wiki\/Georg_Stage\" class=\"myAMap01\"><span class=\"mySpanLinkInCaption\">Georg Stage<\/span><\/a> lag drei Tage im Hafen von Skagen&nbsp;&nbsp;<a class=\"cFlexAInCaption\" target=\"_blank\" href=\"https:\/\/www.google.com\/maps\/search\/57.718853,10.590101\/@57.718853,10.590101,13z\" rel=\"nobox noopener noreferrer\"><span class=\"tooltip\"><span class=\"myWo\">Wo?<\/span><span class=\"tooltiptext\">Nach Rechtsklick<br>au\u00dferhalb \u00f6ffnen<\/span><\/span><\/a><\/p>\n\t\t<\/div>\n\t\t<div class=\"cFlexColumnProImgAndCaption\">\n\t\t\t<div class=\"cFlexDivProImg\">\n\t\t\t\t<a target=\"_blank\" href=\"wp-content\\uploads\\images\\2026\\202608\\20260823_153901.549.jpg\" class=\"cFlexAInCaption\" rel=\"lightbox noopener noreferrer\"><img decoding=\"async\" class=\"cFlexImg\" src=\"wp-content\\uploads\\images\\2026\\202608\\Thumbs\\20260823_153901.549.jpg\" alt=\"Trawler\"\/><\/a>\n\t\t\t<\/div>\n\t\t\t<p class=\"cFlexCaptiontext\">Trawler<\/p>\n\t\t<\/div>\n\t\t<div class=\"cFlexColumnProImgAndCaption\">\n\t\t\t<div class=\"cFlexDivProImg\">\n\t\t\t\t<a target=\"_blank\" href=\"wp-content\\uploads\\images\\2026\\202608\\20260823_155113.078.jpg\" class=\"cFlexAInCaption\" rel=\"lightbox noopener noreferrer\"><img decoding=\"async\" class=\"cFlexImg\" src=\"wp-content\\uploads\\images\\2026\\202608\\Thumbs\\20260823_155113.078.jpg\" alt=\"\"\/><\/a>\n\t\t\t<\/div>\n\t\t\t<p class=\"cFlexCaptiontext\">&nbsp;&nbsp;<a class=\"cFlexAInCaption\" target=\"_blank\" href=\"https:\/\/www.google.com\/maps\/search\/57.718567,10.589801\/@57.718567,10.589801,13z\" rel=\"nobox noopener noreferrer\"><span class=\"tooltip\"><span class=\"myWo\">Wo?<\/span><span class=\"tooltiptext\">Nach Rechtsklick<br>au\u00dferhalb \u00f6ffnen<\/span><\/span><\/a><\/p>\n\t\t<\/div>\n\t\t<div class=\"cFlexColumnProImgAndCaption\">\n\t\t\t<div class=\"cFlexDivProImg\">\n\t\t\t\t<a target=\"_blank\" href=\"wp-content\\uploads\\images\\2026\\202608\\20260823_155505.900.jpg\" class=\"cFlexAInCaption\" rel=\"lightbox noopener noreferrer\"><img decoding=\"async\" class=\"cFlexImg\" src=\"wp-content\\uploads\\images\\2026\\202608\\Thumbs\\20260823_155505.900.jpg\" alt=\"Restaurants im Hafengel\u00e4nde\"\/><\/a>\n\t\t\t<\/div>\n\t\t\t<p class=\"cFlexCaptiontext\">Restaurants im Hafengel\u00e4nde&nbsp;&nbsp;<a class=\"cFlexAInCaption\" target=\"_blank\" href=\"https:\/\/www.google.com\/maps\/search\/57.718756,10.587537\/@57.718756,10.587537,13z\" rel=\"nobox noopener noreferrer\"><span class=\"tooltip\"><span class=\"myWo\">Wo?<\/span><span class=\"tooltiptext\">Nach Rechtsklick<br>au\u00dferhalb \u00f6ffnen<\/span><\/span><\/a><\/p>\n\t\t<\/div>\n\t<\/div>\n\t<p class=\"cFlexAufnDatum\" style=\"margin-top: 0px;margin-bottom: 0px;padding-top: 10px;\"><span class=\"cFlexSpanAufnDatum\">Aufnahmedatum 25\/08\/2026<\/span><\/p>\t<div class=\"cFlexDivProFigures\" style=\"margin-top: 0px;margin-left: 0px;margin-bottom: 0px;\">\n\t\t<div class=\"cFlexColumnProImgAndCaption\">\n\t\t\t<div class=\"cFlexDivProImg\">\n\t\t\t\t<a target=\"_blank\" href=\"wp-content\\uploads\\images\\2026\\202608\\20260825_093946.547.jpg\" class=\"cFlexAInCaption\" rel=\"lightbox noopener noreferrer\"><img decoding=\"async\" class=\"cFlexImg\" src=\"wp-content\\uploads\\images\\2026\\202608\\Thumbs\\20260825_093946.547.jpg\" alt=\"Wir verlie\u00dfen Skagen durch die Heidelandschaft\"\/><\/a>\n\t\t\t<\/div>\n\t\t\t<p class=\"cFlexCaptiontext\">Wir verlie\u00dfen Skagen durch die Heidelandschaft&nbsp;&nbsp;<a class=\"cFlexAInCaption\" target=\"_blank\" href=\"https:\/\/www.google.com\/maps\/search\/57.691643,10.502636\/@57.691643,10.502636,13z\" rel=\"nobox noopener noreferrer\"><span class=\"tooltip\"><span class=\"myWo\">Wo?<\/span><span class=\"tooltiptext\">Nach Rechtsklick<br>au\u00dferhalb \u00f6ffnen<\/span><\/span><\/a><\/p>\n\t\t<\/div>\n\t\t<div class=\"cFlexColumnProImgAndCaption\">\n\t\t\t<div class=\"cFlexDivProImg\">\n\t\t\t\t<a target=\"_blank\" href=\"wp-content\\uploads\\images\\2026\\202608\\20260825_103145.509.jpg\" class=\"cFlexAInCaption\" rel=\"lightbox noopener noreferrer\"><img decoding=\"async\" class=\"cFlexImg\" src=\"wp-content\\uploads\\images\\2026\\202608\\Thumbs\\20260825_103145.509.jpg\" alt=\"\"\/><\/a>\n\t\t\t<\/div>\n\t\t\t<p class=\"cFlexCaptiontext\">&nbsp;&nbsp;<a class=\"cFlexAInCaption\" target=\"_blank\" href=\"https:\/\/www.google.com\/maps\/search\/57.565067,10.414569\/@57.565067,10.414569,13z\" rel=\"nobox noopener noreferrer\"><span class=\"tooltip\"><span class=\"myWo\">Wo?<\/span><span class=\"tooltiptext\">Nach Rechtsklick<br>au\u00dferhalb \u00f6ffnen<\/span><\/span><\/a><\/p>\n\t\t<\/div>\n\t\t<div class=\"cFlexColumnProImgAndCaption\">\n\t\t\t<div class=\"cFlexDivProImg\">\n\t\t\t\t<a target=\"_blank\" href=\"wp-content\\uploads\\images\\2026\\202608\\20260825_103830.987.jpg\" class=\"cFlexAInCaption\" rel=\"lightbox noopener noreferrer\"><img decoding=\"async\" class=\"cFlexImg\" src=\"wp-content\\uploads\\images\\2026\\202608\\Thumbs\\20260825_103830.987.jpg\" alt=\"Zur Seite des Kattegats gibt es keine D\u00fcnen\"\/><\/a>\n\t\t\t<\/div>\n\t\t\t<p class=\"cFlexCaptiontext\">Zur Seite des Kattegats gibt es keine D\u00fcnen&nbsp;&nbsp;<a class=\"cFlexAInCaption\" target=\"_blank\" href=\"https:\/\/www.google.com\/maps\/search\/57.546692,10.413596\/@57.546692,10.413596,13z\" rel=\"nobox noopener noreferrer\"><span class=\"tooltip\"><span class=\"myWo\">Wo?<\/span><span class=\"tooltiptext\">Nach Rechtsklick<br>au\u00dferhalb \u00f6ffnen<\/span><\/span><\/a><\/p>\n\t\t<\/div>\n\t\t<div class=\"cFlexColumnProImgAndCaption\">\n\t\t\t<div class=\"cFlexDivProImg\">\n\t\t\t\t<a target=\"_blank\" href=\"wp-content\\uploads\\images\\2026\\202608\\20260825_125447.456.jpg\" class=\"cFlexAInCaption\" rel=\"lightbox noopener noreferrer\"><img decoding=\"async\" class=\"cFlexImg\" src=\"wp-content\\uploads\\images\\2026\\202608\\Thumbs\\20260825_125447.456.jpg\" alt=\"Der Hafen von Frederikshavn\"\/><\/a>\n\t\t\t<\/div>\n\t\t\t<p class=\"cFlexCaptiontext\">Der Hafen von <a target=\"_blank\" href=\"https:\/\/de.wikipedia.org\/wiki\/Frederikshavn\" class=\"myAMap01\"><span class=\"mySpanLinkInCaption\">Frederikshavn<\/span><\/a>&nbsp;&nbsp;<a class=\"cFlexAInCaption\" target=\"_blank\" href=\"https:\/\/www.google.com\/maps\/search\/57.427865,10.525525\/@57.427865,10.525525,13z\" rel=\"nobox noopener noreferrer\"><span class=\"tooltip\"><span class=\"myWo\">Wo?<\/span><span class=\"tooltiptext\">Nach Rechtsklick<br>au\u00dferhalb \u00f6ffnen<\/span><\/span><\/a><\/p>\n\t\t<\/div>\n\t\t<div class=\"cFlexColumnProImgAndCaption\">\n\t\t\t<div class=\"cFlexDivProImg\">\n\t\t\t\t<a target=\"_blank\" href=\"wp-content\\uploads\\images\\2026\\202608\\20260825_130627.750.jpg\" class=\"cFlexAInCaption\" rel=\"lightbox noopener noreferrer\"><img decoding=\"async\" class=\"cFlexImg\" src=\"wp-content\\uploads\\images\\2026\\202608\\Thumbs\\20260825_130627.750.jpg\" alt=\"Lange fuhren wir mit Blick aufs Kattegat\"\/><\/a>\n\t\t\t<\/div>\n\t\t\t<p class=\"cFlexCaptiontext\">Lange fuhren wir mit Blick aufs Kattegat&nbsp;&nbsp;<a class=\"cFlexAInCaption\" target=\"_blank\" href=\"https:\/\/www.google.com\/maps\/search\/57.403711,10.520794\/@57.403711,10.520794,13z\" rel=\"nobox noopener noreferrer\"><span class=\"tooltip\"><span class=\"myWo\">Wo?<\/span><span class=\"tooltiptext\">Nach Rechtsklick<br>au\u00dferhalb \u00f6ffnen<\/span><\/span><\/a><\/p>\n\t\t<\/div>\n\t\t<div class=\"cFlexColumnProImgAndCaption\">\n\t\t\t<div class=\"cFlexDivProImg\">\n\t\t\t\t<a target=\"_blank\" href=\"wp-content\\uploads\\images\\2026\\202608\\20260825_140705.708.jpg\" class=\"cFlexAInCaption\" rel=\"lightbox noopener noreferrer\"><img decoding=\"async\" class=\"cFlexImg\" src=\"wp-content\\uploads\\images\\2026\\202608\\Thumbs\\20260825_140705.708.jpg\" alt=\"Pause in einem der in D\u00e4nemark seltenen Caf&#233;s\"\/><\/a>\n\t\t\t<\/div>\n\t\t\t<p class=\"cFlexCaptiontext\">Pause in einem der in D\u00e4nemark seltenen Caf&#233;s&nbsp;&nbsp;<a class=\"cFlexAInCaption\" target=\"_blank\" href=\"https:\/\/www.google.com\/maps\/search\/57.334831,10.520052\/@57.334831,10.520052,13z\" rel=\"nobox noopener noreferrer\"><span class=\"tooltip\"><span class=\"myWo\">Wo?<\/span><span class=\"tooltiptext\">Nach Rechtsklick<br>au\u00dferhalb \u00f6ffnen<\/span><\/span><\/a><\/p>\n\t\t<\/div>\n\t\t<div class=\"cFlexColumnProImgAndCaption\">\n\t\t\t<div class=\"cFlexDivProImg\">\n\t\t\t\t<a target=\"_blank\" href=\"wp-content\\uploads\\images\\2026\\202608\\20260825_145223.232.jpg\" class=\"cFlexAInCaption\" rel=\"lightbox noopener noreferrer\"><img decoding=\"async\" class=\"cFlexImg\" src=\"wp-content\\uploads\\images\\2026\\202608\\Thumbs\\20260825_145223.232.jpg\" alt=\"Weiterhin entlang des Kattegats\"\/><\/a>\n\t\t\t<\/div>\n\t\t\t<p class=\"cFlexCaptiontext\">Weiterhin entlang des Kattegats&nbsp;&nbsp;<a class=\"cFlexAInCaption\" target=\"_blank\" href=\"https:\/\/www.google.com\/maps\/search\/57.312568,10.528492\/@57.312568,10.528492,13z\" rel=\"nobox noopener noreferrer\"><span class=\"tooltip\"><span class=\"myWo\">Wo?<\/span><span class=\"tooltiptext\">Nach Rechtsklick<br>au\u00dferhalb \u00f6ffnen<\/span><\/span><\/a><\/p>\n\t\t<\/div>\n\t\t<div class=\"cFlexColumnProImgAndCaption\">\n\t\t\t<div class=\"cFlexDivProImg\">\n\t\t\t\t<a target=\"_blank\" href=\"wp-content\\uploads\\images\\2026\\202608\\20260825_153702.686.jpg\" class=\"cFlexAInCaption\" rel=\"lightbox noopener noreferrer\"><img decoding=\"async\" class=\"cFlexImg\" src=\"wp-content\\uploads\\images\\2026\\202608\\Thumbs\\20260825_153702.686.jpg\" alt=\"\"\/><\/a>\n\t\t\t<\/div>\n\t\t\t<p class=\"cFlexCaptiontext\">&nbsp;&nbsp;<a class=\"cFlexAInCaption\" target=\"_blank\" href=\"https:\/\/www.google.com\/maps\/search\/57.204929,10.485075\/@57.204929,10.485075,13z\" rel=\"nobox noopener noreferrer\"><span class=\"tooltip\"><span class=\"myWo\">Wo?<\/span><span class=\"tooltiptext\">Nach Rechtsklick<br>au\u00dferhalb \u00f6ffnen<\/span><\/span><\/a><\/p>\n\t\t<\/div>\n\t\t<div class=\"cFlexColumnProImgAndCaption\">\n\t\t\t<div class=\"cFlexDivProImg\">\n\t\t\t\t<a target=\"_blank\" href=\"wp-content\\uploads\\images\\2026\\202608\\20260825_154054.984.jpg\" class=\"cFlexAInCaption\" rel=\"lightbox noopener noreferrer\"><img decoding=\"async\" class=\"cFlexImg\" src=\"wp-content\\uploads\\images\\2026\\202608\\Thumbs\\20260825_154054.984.jpg\" alt=\"\"\/><\/a>\n\t\t\t<\/div>\n\t\t\t<p class=\"cFlexCaptiontext\">&nbsp;&nbsp;<a class=\"cFlexAInCaption\" target=\"_blank\" href=\"https:\/\/www.google.com\/maps\/search\/57.199168,10.473982\/@57.199168,10.473982,13z\" rel=\"nobox noopener noreferrer\"><span class=\"tooltip\"><span class=\"myWo\">Wo?<\/span><span class=\"tooltiptext\">Nach Rechtsklick<br>au\u00dferhalb \u00f6ffnen<\/span><\/span><\/a><\/p>\n\t\t<\/div>\n\t\t<div class=\"cFlexColumnProImgAndCaption\">\n\t\t\t<div class=\"cFlexDivProImg\">\n\t\t\t\t<a target=\"_blank\" href=\"wp-content\\uploads\\images\\2026\\202608\\20260825_161930.116.jpg\" class=\"cFlexAInCaption\" rel=\"lightbox noopener noreferrer\"><img decoding=\"async\" class=\"cFlexImg\" src=\"wp-content\\uploads\\images\\2026\\202608\\Thumbs\\20260825_161930.116.jpg\" alt=\"Unsere aktuelle Unterkunft in Asaa (am Kattegat, etwa 19&nbsp;km n\u00f6rdlich des Limfjords)\"\/><\/a>\n\t\t\t<\/div>\n\t\t\t<p class=\"cFlexCaptiontext\">Unsere aktuelle Unterkunft in Asaa (am Kattegat, etwa 19&nbsp;km n\u00f6rdlich des Limfjords)&nbsp;&nbsp;<a class=\"cFlexAInCaption\" target=\"_blank\" href=\"https:\/\/www.google.com\/maps\/search\/57.144723,10.407036\/@57.144723,10.407036,13z\" rel=\"nobox noopener noreferrer\"><span class=\"tooltip\"><span class=\"myWo\">Wo?<\/span><span class=\"tooltiptext\">Nach Rechtsklick<br>au\u00dferhalb \u00f6ffnen<\/span><\/span><\/a><\/p>\n\t\t<\/div>\n\t\t<div class=\"cFlexColumnProImgAndCaption\">\n\t\t\t<div class=\"cFlexDivProImg\">\n\t\t\t\t<a target=\"_blank\" href=\"wp-content\\uploads\\images\\2026\\202608\\20260825_181831.163.jpg\" class=\"cFlexAInCaption\" rel=\"lightbox noopener noreferrer\"><img decoding=\"async\" class=\"cFlexImg\" src=\"wp-content\\uploads\\images\\2026\\202608\\Thumbs\\20260825_181831.163.jpg\" alt=\"Zu viel Carlsberg getrunken?\"\/><\/a>\n\t\t\t<\/div>\n\t\t\t<p class=\"cFlexCaptiontext\">Zu viel <a target=\"_blank\" href=\"https:\/\/de.wikipedia.org\/wiki\/Carlsberg_(Brauerei)\" class=\"myAMap01\"><span class=\"mySpanLinkInCaption\">Carlsberg<\/span><\/a> getrunken?<\/p>\n\t\t<\/div>\n\t\t<div class=\"cFlexColumnProImgAndCaption\">\n\t\t\t<div class=\"cFlexDivProImg\">\n\t\t\t\t<a target=\"_blank\" href=\"wp-content\\uploads\\images\\2026\\202608\\20260825_182818.857.jpg\" class=\"cFlexAInCaption\" rel=\"lightbox noopener noreferrer\"><img decoding=\"async\" class=\"cFlexImg\" src=\"wp-content\\uploads\\images\\2026\\202608\\Thumbs\\20260825_182818.857.jpg\" alt=\"H\u00fctten auf einer Halbinsel vor Asaa\"\/><\/a>\n\t\t\t<\/div>\n\t\t\t<p class=\"cFlexCaptiontext\">H\u00fctten auf einer Halbinsel vor Asaa&nbsp;&nbsp;<a class=\"cFlexAInCaption\" target=\"_blank\" href=\"https:\/\/www.google.com\/maps\/search\/57.146624,10.413322\/@57.146624,10.413322,13z\" rel=\"nobox noopener noreferrer\"><span class=\"tooltip\"><span class=\"myWo\">Wo?<\/span><span class=\"tooltiptext\">Nach Rechtsklick<br>au\u00dferhalb \u00f6ffnen<\/span><\/span><\/a><\/p>\n\t\t<\/div>\n\t<\/div>\n<br \/>\n<\/section>\n<h3 id=\"2026\/08\/26\">2026\/08\/26,&nbsp;Tag&nbsp;30 (30d),<br \/>Teilstrecke: 99,4&nbsp;km,<br \/>Gesamtstrecke: 1.244,1&nbsp;km<\/h3>\n<p>Da zum Wochenende Regen angesagt ist, verzichteten wir diesmal auf den \u00fcblichen Ruhetag. Auch heute Morgen war es wieder frisch und das erste Mal auch sehr feucht. Da wir fast 100&nbsp;km vor uns hatten, sa\u00dfen wir bereits um 7:45&nbsp;Uhr auf den R\u00e4dern. Anfangs fuhren wir direkt an der Ostsee auf kleinen Stra\u00dfen. Wir genossen die Ruhe und die Ausblicke auf das Meer. Um 9&nbsp;Uhr querten wir mit der F\u00e4hre den <a target=\"_blank\" href=\"https:\/\/de.wikipedia.org\/wiki\/Mariager_Fjord\" class=\"myAMap01\"><span class=\"mySpanLinkInText\">Mariager Fjord<\/span><\/a>. Als wir den Anleger erreichten, fuhren bereits Autos auf die F\u00e4hre. Vom Automaten an der Zufahrt k\u00f6nnen keine Tickets f\u00fcr Fu\u00dfg\u00e4nger oder Fahrr\u00e4der gekauft werden. Vor der verschlossenen Schranke stehend, wies uns der Kapit\u00e4n der F\u00e4hre auf einen zweiten Automaten hin, den \u00fcblicherweiese nur die Fu\u00dfg\u00e4nger passieren. Erst mit den von diesem ausgegebenen Tickets erhielten wir Zufahrt zu F\u00e4hre. Der Kapit\u00e4n wartete freundlicherweise bis wir alles erledigt hatten.<\/p>\n<p>Das Wetter hielt auch heute. Nur am sp\u00e4ten Nachmittag frischte der Wind etwas auf. Die Landschaft wurde h\u00fcgeliger und wir fuhren etliche Kilometer einer Art Bundesstra\u00dfe ohne Radweg. So war der letzte Teil unserer heutigen Etappe anstrengender als der morgendliche. Trotz der fast 100&nbsp;km erreichten wir bereits gegen 16&nbsp;Uhr unser heutiges Ziel, ein einfaches Motel ohne interessante Umgebung und ohne Verpflegungsm\u00f6glichkeit in der N\u00e4he, sodass wir beschlossen haben, trotz der beiden aufeinanderfolgenden Fahrtage und der beschwerlichen Etappe heute, die Fahrt bereits morgen fortzusetzen, um nicht die angek\u00fcndigte Schlechtwetterperiode hier abwettern zu m\u00fcssen.<\/p>\n<div class=\"leaflet-map WPLeafletMap\" style=\"height:500px; width:100%;\"><\/div><script>\nwindow.WPLeafletMapPlugin = window.WPLeafletMapPlugin || [];\nwindow.WPLeafletMapPlugin.push(function WPLeafletMapShortcode() {\/*<script>*\/\nvar baseUrl = atob('aHR0cHM6Ly97c30udGlsZS5vcGVuc3RyZWV0bWFwLm9yZy97en0ve3h9L3t5fS5wbmc=');\nvar base = (!baseUrl && window.MQ) ?\n    window.MQ.mapLayer() : L.tileLayer(baseUrl,\n        L.Util.extend({}, {\n            detectRetina: 0,\n        },\n        {\"subdomains\":\"abc\",\"noWrap\":false,\"maxZoom\":20}        )\n    );\n    var options = L.Util.extend({}, {\n        layers: [base],\n        attributionControl: false\n    },\n    {\"zoomControl\":false,\"scrollWheelZoom\":true,\"doubleClickZoom\":false,\"fitBounds\":true,\"minZoom\":0,\"maxZoom\":20,\"maxBounds\":null,\"attribution\":\"<a href=\\\"http:\\\/\\\/leafletjs.com\\\" title=\\\"A JS library for interactive maps\\\">Leaflet<\\\/a>; \\u00a9 <a href=\\\"http:\\\/\\\/www.openstreetmap.org\\\/copyright\\\">OpenStreetMap<\\\/a> contributors\"},\n    {});\nwindow.WPLeafletMapPlugin.createMap(options).setView([0,0],12);window.WPLeafletMapPlugin.createScale({});});<\/script>[elevation gpx=https:\/\/radreise.dosiek.de\/wp-content\/uploads\/gpx\/2026-08-26.gpx ]<br \/>\n[layerswitch ]<br \/>\n[fullscreen ]<br \/>\n[zoomhomemap =true ]\n<section class=\"mySection\" data-featherlight-gallery=\"\" data-featherlight-filter=\"a.myAImg01\">\n\t<p class=\"cFlexAufnDatum\" style=\"margin-top: 0px;margin-bottom: 0px;padding-top: 10px;\"><span class=\"cFlexSpanAufnDatum\">Aufnahmedatum 26\/08\/2026<\/span><\/p>\t<div class=\"cFlexDivProFigures\" style=\"margin-top: 0px;margin-left: 0px;margin-bottom: 0px;\">\n\t\t<div class=\"cFlexColumnProImgAndCaption\">\n\t\t\t<div class=\"cFlexDivProImg\">\n\t\t\t\t<a target=\"_blank\" href=\"wp-content\\uploads\\images\\2026\\202608\\20260826_081134.415.jpg\" class=\"cFlexAInCaption\" rel=\"lightbox noopener noreferrer\"><img decoding=\"async\" class=\"cFlexImg\" src=\"wp-content\\uploads\\images\\2026\\202608\\Thumbs\\20260826_081134.415.jpg\" alt=\"Morgentau\"\/><\/a>\n\t\t\t<\/div>\n\t\t\t<p class=\"cFlexCaptiontext\">Morgentau&nbsp;&nbsp;<a class=\"cFlexAInCaption\" target=\"_blank\" href=\"https:\/\/www.google.com\/maps\/search\/57.100687,10.383671\/@57.100687,10.383671,13z\" rel=\"nobox noopener noreferrer\"><span class=\"tooltip\"><span class=\"myWo\">Wo?<\/span><span class=\"tooltiptext\">Nach Rechtsklick<br>au\u00dferhalb \u00f6ffnen<\/span><\/span><\/a><\/p>\n\t\t<\/div>\n\t\t<div class=\"cFlexColumnProImgAndCaption\">\n\t\t\t<div class=\"cFlexDivProImg\">\n\t\t\t\t<a target=\"_blank\" href=\"wp-content\\uploads\\images\\2026\\202608\\20260826_081206.956.jpg\" class=\"cFlexAInCaption\" rel=\"lightbox noopener noreferrer\"><img decoding=\"async\" class=\"cFlexImg\" src=\"wp-content\\uploads\\images\\2026\\202608\\Thumbs\\20260826_081206.956.jpg\" alt=\"\"\/><\/a>\n\t\t\t<\/div>\n\t\t\t<p class=\"cFlexCaptiontext\">&nbsp;&nbsp;<a class=\"cFlexAInCaption\" target=\"_blank\" href=\"https:\/\/www.google.com\/maps\/search\/57.100681,10.383665\/@57.100681,10.383665,13z\" rel=\"nobox noopener noreferrer\"><span class=\"tooltip\"><span class=\"myWo\">Wo?<\/span><span class=\"tooltiptext\">Nach Rechtsklick<br>au\u00dferhalb \u00f6ffnen<\/span><\/span><\/a><\/p>\n\t\t<\/div>\n\t\t<div class=\"cFlexColumnProImgAndCaption\">\n\t\t\t<div class=\"cFlexDivProImg\">\n\t\t\t\t<a target=\"_blank\" href=\"wp-content\\uploads\\images\\2026\\202608\\20260826_082046.054.jpg\" class=\"cFlexAInCaption\" rel=\"lightbox noopener noreferrer\"><img decoding=\"async\" class=\"cFlexImg\" src=\"wp-content\\uploads\\images\\2026\\202608\\Thumbs\\20260826_082046.054.jpg\" alt=\"\"\/><\/a>\n\t\t\t<\/div>\n\t\t\t<p class=\"cFlexCaptiontext\">&nbsp;&nbsp;<a class=\"cFlexAInCaption\" target=\"_blank\" href=\"https:\/\/www.google.com\/maps\/search\/57.082482,10.380193\/@57.082482,10.380193,13z\" rel=\"nobox noopener noreferrer\"><span class=\"tooltip\"><span class=\"myWo\">Wo?<\/span><span class=\"tooltiptext\">Nach Rechtsklick<br>au\u00dferhalb \u00f6ffnen<\/span><\/span><\/a><\/p>\n\t\t<\/div>\n\t\t<div class=\"cFlexColumnProImgAndCaption\">\n\t\t\t<div class=\"cFlexDivProImg\">\n\t\t\t\t<a target=\"_blank\" href=\"wp-content\\uploads\\images\\2026\\202608\\20260826_082724.966.jpg\" class=\"cFlexAInCaption\" rel=\"lightbox noopener noreferrer\"><img decoding=\"async\" class=\"cFlexImg\" src=\"wp-content\\uploads\\images\\2026\\202608\\Thumbs\\20260826_082724.966.jpg\" alt=\"\"\/><\/a>\n\t\t\t<\/div>\n\t\t\t<p class=\"cFlexCaptiontext\">&nbsp;&nbsp;<a class=\"cFlexAInCaption\" target=\"_blank\" href=\"https:\/\/www.google.com\/maps\/search\/57.070369,10.369429\/@57.070369,10.369429,13z\" rel=\"nobox noopener noreferrer\"><span class=\"tooltip\"><span class=\"myWo\">Wo?<\/span><span class=\"tooltiptext\">Nach Rechtsklick<br>au\u00dferhalb \u00f6ffnen<\/span><\/span><\/a><\/p>\n\t\t<\/div>\n\t\t<div class=\"cFlexColumnProImgAndCaption\">\n\t\t\t<div class=\"cFlexDivProImg\">\n\t\t\t\t<a target=\"_blank\" href=\"wp-content\\uploads\\images\\2026\\202608\\20260826_090345.544.jpg\" class=\"cFlexAInCaption\" rel=\"lightbox noopener noreferrer\"><img decoding=\"async\" class=\"cFlexImg\" src=\"wp-content\\uploads\\images\\2026\\202608\\Thumbs\\20260826_090345.544.jpg\" alt=\"Auf der F\u00e4hre von Hals nach Egense \u00fcber die Einfahrt zum Limfjord\"\/><\/a>\n\t\t\t<\/div>\n\t\t\t<p class=\"cFlexCaptiontext\">Auf der F\u00e4hre von <a target=\"_blank\" href=\"https:\/\/de.wikipedia.org\/wiki\/Hals_%28D%C3%A4nemark%29\" class=\"myAMap01\"><span class=\"mySpanLinkInCaption\">Hals<\/span><\/a> nach Egense \u00fcber die Einfahrt zum Limfjord&nbsp;&nbsp;<a class=\"cFlexAInCaption\" target=\"_blank\" href=\"https:\/\/www.google.com\/maps\/search\/56.990903,10.304619\/@56.990903,10.304619,13z\" rel=\"nobox noopener noreferrer\"><span class=\"tooltip\"><span class=\"myWo\">Wo?<\/span><span class=\"tooltiptext\">Nach Rechtsklick<br>au\u00dferhalb \u00f6ffnen<\/span><\/span><\/a><\/p>\n\t\t<\/div>\n\t\t<div class=\"cFlexColumnProImgAndCaption\">\n\t\t\t<div class=\"cFlexDivProImg\">\n\t\t\t\t<a target=\"_blank\" href=\"wp-content\\uploads\\images\\2026\\202608\\20260826_091053.708.jpg\" class=\"cFlexAInCaption\" rel=\"lightbox noopener noreferrer\"><img decoding=\"async\" class=\"cFlexImg\" src=\"wp-content\\uploads\\images\\2026\\202608\\Thumbs\\20260826_091053.708.jpg\" alt=\"Blick in den Limfjord\"\/><\/a>\n\t\t\t<\/div>\n\t\t\t<p class=\"cFlexCaptiontext\">Blick in den Limfjord&nbsp;&nbsp;<a class=\"cFlexAInCaption\" target=\"_blank\" href=\"https:\/\/www.google.com\/maps\/search\/56.986156,10.302402\/@56.986156,10.302402,13z\" rel=\"nobox noopener noreferrer\"><span class=\"tooltip\"><span class=\"myWo\">Wo?<\/span><span class=\"tooltiptext\">Nach Rechtsklick<br>au\u00dferhalb \u00f6ffnen<\/span><\/span><\/a><\/p>\n\t\t<\/div>\n\t\t<div class=\"cFlexColumnProImgAndCaption\">\n\t\t\t<div class=\"cFlexDivProImg\">\n\t\t\t\t<a target=\"_blank\" href=\"wp-content\\uploads\\images\\2026\\202608\\20260826_102229.305.jpg\" class=\"cFlexAInCaption\" rel=\"lightbox noopener noreferrer\"><img decoding=\"async\" class=\"cFlexImg\" src=\"wp-content\\uploads\\images\\2026\\202608\\Thumbs\\20260826_102229.305.jpg\" alt=\"\"\/><\/a>\n\t\t\t<\/div>\n\t\t\t<p class=\"cFlexCaptiontext\">&nbsp;&nbsp;<a class=\"cFlexAInCaption\" target=\"_blank\" href=\"https:\/\/www.google.com\/maps\/search\/56.890872,10.261385\/@56.890872,10.261385,13z\" rel=\"nobox noopener noreferrer\"><span class=\"tooltip\"><span class=\"myWo\">Wo?<\/span><span class=\"tooltiptext\">Nach Rechtsklick<br>au\u00dferhalb \u00f6ffnen<\/span><\/span><\/a><\/p>\n\t\t<\/div>\n\t\t<div class=\"cFlexColumnProImgAndCaption\">\n\t\t\t<div class=\"cFlexDivProImg\">\n\t\t\t\t<a target=\"_blank\" href=\"wp-content\\uploads\\images\\2026\\202608\\20260826_102842.122.jpg\" class=\"cFlexAInCaption\" rel=\"lightbox noopener noreferrer\"><img decoding=\"async\" class=\"cFlexImg\" src=\"wp-content\\uploads\\images\\2026\\202608\\Thumbs\\20260826_102842.122.jpg\" alt=\"\"\/><\/a>\n\t\t\t<\/div>\n\t\t\t<p class=\"cFlexCaptiontext\">&nbsp;&nbsp;<a class=\"cFlexAInCaption\" target=\"_blank\" href=\"https:\/\/www.google.com\/maps\/search\/56.885431,10.261553\/@56.885431,10.261553,13z\" rel=\"nobox noopener noreferrer\"><span class=\"tooltip\"><span class=\"myWo\">Wo?<\/span><span class=\"tooltiptext\">Nach Rechtsklick<br>au\u00dferhalb \u00f6ffnen<\/span><\/span><\/a><\/p>\n\t\t<\/div>\n\t\t<div class=\"cFlexColumnProImgAndCaption\">\n\t\t\t<div class=\"cFlexDivProImg\">\n\t\t\t\t<a target=\"_blank\" href=\"wp-content\\uploads\\images\\2026\\202608\\20260826_103643.255.jpg\" class=\"cFlexAInCaption\" rel=\"lightbox noopener noreferrer\"><img decoding=\"async\" class=\"cFlexImg\" src=\"wp-content\\uploads\\images\\2026\\202608\\Thumbs\\20260826_103643.255.jpg\" alt=\"Hin und wieder fuhren wir auch durch Waldgebiete\"\/><\/a>\n\t\t\t<\/div>\n\t\t\t<p class=\"cFlexCaptiontext\">Hin und wieder fuhren wir auch durch Waldgebiete&nbsp;&nbsp;<a class=\"cFlexAInCaption\" target=\"_blank\" href=\"https:\/\/www.google.com\/maps\/search\/56.868799,10.261852\/@56.868799,10.261852,13z\" rel=\"nobox noopener noreferrer\"><span class=\"tooltip\"><span class=\"myWo\">Wo?<\/span><span class=\"tooltiptext\">Nach Rechtsklick<br>au\u00dferhalb \u00f6ffnen<\/span><\/span><\/a><\/p>\n\t\t<\/div>\n\t\t<div class=\"cFlexColumnProImgAndCaption\">\n\t\t\t<div class=\"cFlexDivProImg\">\n\t\t\t\t<a target=\"_blank\" href=\"wp-content\\uploads\\images\\2026\\202608\\20260826_105859.547.jpg\" class=\"cFlexAInCaption\" rel=\"lightbox noopener noreferrer\"><img decoding=\"async\" class=\"cFlexImg\" src=\"wp-content\\uploads\\images\\2026\\202608\\Thumbs\\20260826_105859.547.jpg\" alt=\"Heidelandschaften gibt es nicht nur ganz an der Spitze D\u00e4nemarks (hier im s\u00fcdlichen Lille Vildmose)\"\/><\/a>\n\t\t\t<\/div>\n\t\t\t<p class=\"cFlexCaptiontext\">Heidelandschaften gibt es nicht nur ganz an der Spitze D\u00e4nemarks (hier im s\u00fcdlichen <a target=\"_blank\" href=\"https:\/\/lillevildmose.dk\/de\/shop\/\" class=\"myAMap01\"><span class=\"mySpanLinkInCaption\">Lille Vildmose<\/span><\/a>)&nbsp;&nbsp;<a class=\"cFlexAInCaption\" target=\"_blank\" href=\"https:\/\/www.google.com\/maps\/search\/56.829952,10.268094\/@56.829952,10.268094,13z\" rel=\"nobox noopener noreferrer\"><span class=\"tooltip\"><span class=\"myWo\">Wo?<\/span><span class=\"tooltiptext\">Nach Rechtsklick<br>au\u00dferhalb \u00f6ffnen<\/span><\/span><\/a><\/p>\n\t\t<\/div>\n\t\t<div class=\"cFlexColumnProImgAndCaption\">\n\t\t\t<div class=\"cFlexDivProImg\">\n\t\t\t\t<a target=\"_blank\" href=\"wp-content\\uploads\\images\\2026\\202608\\20260826_124657.198.jpg\" class=\"cFlexAInCaption\" rel=\"lightbox noopener noreferrer\"><img decoding=\"async\" class=\"cFlexImg\" src=\"wp-content\\uploads\\images\\2026\\202608\\Thumbs\\20260826_124657.198.jpg\" alt=\"Blick in den Mariager Fjord\"\/><\/a>\n\t\t\t<\/div>\n\t\t\t<p class=\"cFlexCaptiontext\">Blick in den <a target=\"_blank\" href=\"https:\/\/de.wikipedia.org\/wiki\/Mariager_Fjord\" class=\"myAMap01\"><span class=\"mySpanLinkInCaption\">Mariager Fjord<\/span><\/a>&nbsp;&nbsp;<a class=\"cFlexAInCaption\" target=\"_blank\" href=\"https:\/\/www.google.com\/maps\/search\/56.713850,10.117337\/@56.713850,10.117337,13z\" rel=\"nobox noopener noreferrer\"><span class=\"tooltip\"><span class=\"myWo\">Wo?<\/span><span class=\"tooltiptext\">Nach Rechtsklick<br>au\u00dferhalb \u00f6ffnen<\/span><\/span><\/a><\/p>\n\t\t<\/div>\n\t\t<div class=\"cFlexColumnProImgAndCaption\">\n\t\t\t<div class=\"cFlexDivProImg\">\n\t\t\t\t<a target=\"_blank\" href=\"wp-content\\uploads\\images\\2026\\202608\\20260826_150748.168.jpg\" class=\"cFlexAInCaption\" rel=\"lightbox noopener noreferrer\"><img decoding=\"async\" class=\"cFlexImg\" src=\"wp-content\\uploads\\images\\2026\\202608\\Thumbs\\20260826_150748.168.jpg\" alt=\"In Randers, Blick \u00fcber den Guden\u00e5\"\/><\/a>\n\t\t\t<\/div>\n\t\t\t<p class=\"cFlexCaptiontext\">In <a target=\"_blank\" href=\"https:\/\/de.wikipedia.org\/wiki\/Randers\" class=\"myAMap01\"><span class=\"mySpanLinkInCaption\">Randers<\/span><\/a>, Blick \u00fcber den <a target=\"_blank\" href=\"https:\/\/de.wikipedia.org\/wiki\/Guden%C3%A5\" class=\"myAMap01\"><span class=\"mySpanLinkInCaption\">Guden\u00e5<\/span><\/a>&nbsp;&nbsp;<a class=\"cFlexAInCaption\" target=\"_blank\" href=\"https:\/\/www.google.com\/maps\/search\/56.456463,10.041031\/@56.456463,10.041031,13z\" rel=\"nobox noopener noreferrer\"><span class=\"tooltip\"><span class=\"myWo\">Wo?<\/span><span class=\"tooltiptext\">Nach Rechtsklick<br>au\u00dferhalb \u00f6ffnen<\/span><\/span><\/a><\/p>\n\t\t<\/div>\n\t\t<div class=\"cFlexColumnProImgAndCaption\">\n\t\t\t<div class=\"cFlexDivProImg\">\n\t\t\t\t<a target=\"_blank\" href=\"wp-content\\uploads\\images\\2026\\202608\\20260826_164708.089.jpg\" class=\"cFlexAInCaption\" rel=\"lightbox noopener noreferrer\"><img decoding=\"async\" class=\"cFlexImg\" src=\"wp-content\\uploads\\images\\2026\\202608\\Thumbs\\20260826_164708.089.jpg\" alt=\"Unsere Unterkunft s\u00fcdlich von Randers\"\/><\/a>\n\t\t\t<\/div>\n\t\t\t<p class=\"cFlexCaptiontext\">Unsere Unterkunft s\u00fcdlich von Randers&nbsp;&nbsp;<a class=\"cFlexAInCaption\" target=\"_blank\" href=\"https:\/\/www.google.com\/maps\/search\/56.412001,10.075022\/@56.412001,10.075022,13z\" rel=\"nobox noopener noreferrer\"><span class=\"tooltip\"><span class=\"myWo\">Wo?<\/span><span class=\"tooltiptext\">Nach Rechtsklick<br>au\u00dferhalb \u00f6ffnen<\/span><\/span><\/a><\/p>\n\t\t<\/div>\n\t<\/div>\n<br \/>\n<\/section>\n<h3 id=\"2026\/08\/27\">2026\/08\/27,&nbsp;Tag&nbsp;31 (1m),<br \/>Teilstrecke: 72,9&nbsp;km,<br \/>Gesamtstrecke: 1.317,0&nbsp;km<\/h3>\n<p>Wegen des ab morgen angek\u00fcndigten Regens und der unattraktiven Umgebung der letzten Unterkunft verzichteten wir wieder auf einen Ruhetag.<\/p>\n<p>Zum Aufbruch war es, wie schon an den vorangegangenen Tagen, frisch, der Himmel bedeckt und der Wind bereits aufgestanden. Wir durchfuhren eine h\u00fcgelige Landschaft, die uns neben sch\u00f6nen Ausblicken auch einige H\u00f6henmeter bescherte. Erst gegen Mittag zeigte der Himmel etwas Blau. Der Wind blieb uns jedoch erhalten. Das Zentrum von \u00c5rhus umfuhren wir. Der Wind begleitete uns bis ans Ziel.<\/p>\n<p>Wir hatten gehofft, dass wir zu dieser Jahreszeit aus einem gr\u00f6\u00dferen Angebot an Unterk\u00fcnften w\u00e4hlen k\u00f6nnten. Das ist nicht der Fall und wir mussten lange suchen, bis wir innerhalb des mit einer Etappe erreichbaren Umkreises eine akzeptable Behausung fanden. Diesmal wurden wir wieder bei einem Campingplatz f\u00fcndig: Eine komfortable H\u00fctte am <a target=\"_blank\" href=\"https:\/\/de.wikipedia.org\/wiki\/Horsens\" class=\"myAMap01\"><span class=\"mySpanLinkInText\">Horsens<\/span><\/a> Fjord. F\u00fcr sechs Personen ausgelegt zwar etwas \u00fcberdimensioniert jedoch mit Sp\u00fclmaschine und anderen Annehmlichkeiten ausgestattet so komfortabel, dass wir die Zeit bis das Wetter wieder freundlich ist, hier aushalten k\u00f6nnen. Nach dem Einkauf im nahegelegenen Lidl freuen wir uns jetzt auf ein paar Tage Erholung.<\/p>\n<div class=\"leaflet-map WPLeafletMap\" style=\"height:500px; width:100%;\"><\/div><script>\nwindow.WPLeafletMapPlugin = window.WPLeafletMapPlugin || [];\nwindow.WPLeafletMapPlugin.push(function WPLeafletMapShortcode() {\/*<script>*\/\nvar baseUrl = atob('aHR0cHM6Ly97c30udGlsZS5vcGVuc3RyZWV0bWFwLm9yZy97en0ve3h9L3t5fS5wbmc=');\nvar base = (!baseUrl && window.MQ) ?\n    window.MQ.mapLayer() : L.tileLayer(baseUrl,\n        L.Util.extend({}, {\n            detectRetina: 0,\n        },\n        {\"subdomains\":\"abc\",\"noWrap\":false,\"maxZoom\":20}        )\n    );\n    var options = L.Util.extend({}, {\n        layers: [base],\n        attributionControl: false\n    },\n    {\"zoomControl\":false,\"scrollWheelZoom\":true,\"doubleClickZoom\":false,\"fitBounds\":true,\"minZoom\":0,\"maxZoom\":20,\"maxBounds\":null,\"attribution\":\"<a href=\\\"http:\\\/\\\/leafletjs.com\\\" title=\\\"A JS library for interactive maps\\\">Leaflet<\\\/a>; \\u00a9 <a href=\\\"http:\\\/\\\/www.openstreetmap.org\\\/copyright\\\">OpenStreetMap<\\\/a> contributors\"},\n    {});\nwindow.WPLeafletMapPlugin.createMap(options).setView([0,0],12);window.WPLeafletMapPlugin.createScale({});});<\/script>[elevation gpx=https:\/\/radreise.dosiek.de\/wp-content\/uploads\/gpx\/2026-08-26.gpx ]<br \/>\n[layerswitch ]<br \/>\n[fullscreen ]<br \/>\n[zoomhomemap =true ]\n<section class=\"mySection\" data-featherlight-gallery=\"\" data-featherlight-filter=\"a.myAImg01\">\n \t<p class=\"cFlexAufnDatum\" style=\"margin-top: 0px;margin-bottom: 0px;padding-top: 10px;\"><span class=\"cFlexSpanAufnDatum\">Aufnahmedatum 27\/08\/2026<\/span><\/p>\t<div class=\"cFlexDivProFigures\" style=\"margin-top: 0px;margin-left: 0px;margin-bottom: 0px;\">\n\t\t<div class=\"cFlexColumnProImgAndCaption\">\n\t\t\t<div class=\"cFlexDivProImg\">\n\t\t\t\t<a target=\"_blank\" href=\"wp-content\\uploads\\images\\2026\\202608\\20260827_082207.472.jpg\" class=\"cFlexAInCaption\" rel=\"lightbox noopener noreferrer\"><img decoding=\"async\" class=\"cFlexImg\" src=\"wp-content\\uploads\\images\\2026\\202608\\Thumbs\\20260827_082207.472.jpg\" alt=\"Auf der Fahrt durch die h\u00fcgelige Gegend\"\/><\/a>\n\t\t\t<\/div>\n\t\t\t<p class=\"cFlexCaptiontext\">Auf der Fahrt durch die h\u00fcgelige Gegend&nbsp;&nbsp;<a class=\"cFlexAInCaption\" target=\"_blank\" href=\"https:\/\/www.google.com\/maps\/search\/56.364838,10.094750\/@56.364838,10.094750,13z\" rel=\"nobox noopener noreferrer\"><span class=\"tooltip\"><span class=\"myWo\">Wo?<\/span><span class=\"tooltiptext\">Nach Rechtsklick<br>au\u00dferhalb \u00f6ffnen<\/span><\/span><\/a><\/p>\n\t\t<\/div>\n\t\t<div class=\"cFlexColumnProImgAndCaption\">\n\t\t\t<div class=\"cFlexDivProImg\">\n\t\t\t\t<a target=\"_blank\" href=\"wp-content\\uploads\\images\\2026\\202608\\20260827_142829.876.jpg\" class=\"cFlexAInCaption\" rel=\"lightbox noopener noreferrer\"><img decoding=\"async\" class=\"cFlexImg\" src=\"wp-content\\uploads\\images\\2026\\202608\\Thumbs\\20260827_142829.876.jpg\" alt=\"Unsere Unterkunft in der N\u00e4he von Horsens\"\/><\/a>\n\t\t\t<\/div>\n\t\t\t<p class=\"cFlexCaptiontext\">Unsere Unterkunft in der N\u00e4he von <a target=\"_blank\" href=\"https:\/\/de.wikipedia.org\/wiki\/Horsens\" class=\"myAMap01\"><span class=\"mySpanLinkInCaption\">Horsens<\/span><\/a>&nbsp;&nbsp;<a class=\"cFlexAInCaption\" target=\"_blank\" href=\"https:\/\/www.google.com\/maps\/search\/55.859067,9.917576\/@55.859067,9.917576,13z\" rel=\"nobox noopener noreferrer\"><span class=\"tooltip\"><span class=\"myWo\">Wo?<\/span><span class=\"tooltiptext\">Nach Rechtsklick<br>au\u00dferhalb \u00f6ffnen<\/span><\/span><\/a><\/p>\n\t\t<\/div>\n\t<\/div>\n<br \/>\n<\/section>\n","protected":false},"excerpt":{"rendered":"<p>2026\/07\/28 Hiltrup &#8211; Lingen 2026\/07\/30 Lingen &#8211; Leer 2026\/08\/01 Leer &#8211; Ovelg\u00f6nne 2026\/08\/03 Ovelg\u00f6nne &#8211; Hechthausen 2026\/08\/05 Hechthausen &#8211; Hademarschen 2026\/08\/07 Hademarschen &#8211; Ulsnis 2026\/08\/09 Ulsnis &#8211; S\u00fcderl\u00fcgum 2026\/08\/11 S\u00fcderl\u00fcgum &#8211; Store Darum 2026\/08\/13 Store Darum &#8211; Ringk\u00f8bing 2026\/08\/15 Ringk\u00f8bing&hellip; <\/p>\n","protected":false},"author":111,"featured_media":0,"parent":59,"menu_order":0,"comment_status":"closed","ping_status":"closed","template":"","meta":{"footnotes":""},"class_list":["post-12640","page","type-page","status-publish","hentry"],"_links":{"self":[{"href":"https:\/\/radreise.dosiek.de\/index.php?rest_route=\/wp\/v2\/pages\/12640","targetHints":{"allow":["GET"]}}],"collection":[{"href":"https:\/\/radreise.dosiek.de\/index.php?rest_route=\/wp\/v2\/pages"}],"about":[{"href":"https:\/\/radreise.dosiek.de\/index.php?rest_route=\/wp\/v2\/types\/page"}],"author":[{"embeddable":true,"href":"https:\/\/radreise.dosiek.de\/index.php?rest_route=\/wp\/v2\/users\/111"}],"replies":[{"embeddable":true,"href":"https:\/\/radreise.dosiek.de\/index.php?rest_route=%2Fwp%2Fv2%2Fcomments&post=12640"}],"version-history":[{"count":63,"href":"https:\/\/radreise.dosiek.de\/index.php?rest_route=\/wp\/v2\/pages\/12640\/revisions"}],"predecessor-version":[{"id":12714,"href":"https:\/\/radreise.dosiek.de\/index.php?rest_route=\/wp\/v2\/pages\/12640\/revisions\/12714"}],"up":[{"embeddable":true,"href":"https:\/\/radreise.dosiek.de\/index.php?rest_route=\/wp\/v2\/pages\/59"}],"wp:attachment":[{"href":"https:\/\/radreise.dosiek.de\/index.php?rest_route=%2Fwp%2Fv2%2Fmedia&parent=12640"}],"curies":[{"name":"wp","href":"https:\/\/api.w.org\/{rel}","templated":true}]}}